{"id":2,"date":"2009-03-24T10:24:37","date_gmt":"2009-03-24T09:24:37","guid":{"rendered":"http:\/\/unser-niedersaubach.de\/?page_id=2"},"modified":"2018-05-21T15:19:19","modified_gmt":"2018-05-21T14:19:19","slug":"ueber-mich","status":"publish","type":"page","link":"https:\/\/unser-niedersaubach.de\/?page_id=2","title":{"rendered":"Unser Verein"},"content":{"rendered":"<h1><strong>Von den Anf\u00e4ngen<\/strong><\/h1>\n<p style=\"text-align: justify;\"><span style=\"color: #000000;\">Das Internetportal \u201eunser-niedersaubach.de\u201c ist aus einer heimatgeschichtlichen Initiative im Jahre 2008 geboren, die sich durch die Worte des \u00f6sterreichischen Schriftstellers Stefan Zweig (1881 \u2013 1942) erkl\u00e4rt:<\/span><\/p>\n<pre><strong>\u201eWer seine Wurzeln nicht kennt, kennt keinen Halt!\u201c<\/strong><\/pre>\n<p style=\"text-align: justify;\"><span style=\"color: #000000;\">Die Initiatoren Lothar Schmidt, Josef Heinrich, Paul Mattick und Werner Schmidt waren sich einig, der weitgehend geschichts- und gesichtslosen Zeit unseres Dorfes ein Ende zu setzen. Einerseits fasste man das Ziel ins Auge, die Geschichte unserer D\u00f6rfer Niedersaubach und R\u00fcmmelbach soweit wie noch m\u00f6glich f\u00fcr die Nachfahren anhand von Dokumenten, Bildern und m\u00fcndlichen \u00dcberlieferungen aufzusp\u00fcren und zu sichern. Andererseits sollten die Vers\u00e4umnisse der Vergangenheit vermieden und alle relevanten Ereignisse der Gegenwart f\u00fcr die Zukunft auf einem Internetportal dokumentiert werden.<\/span><\/p>\n<p style=\"text-align: justify;\"><span style=\"color: #000000;\">Die Aufgaben hatte man folgenderma\u00dfen verteilt:<\/span><\/p>\n<p style=\"padding-left: 30px; text-align: justify;\"><span style=\"color: #000000;\">Lothar Schmidt:<br \/>\nWebmaster und Designer des Portals, Sammlung und Aufbereitung der Opferschicksale beider Weltkriege, \u2026<\/span><\/p>\n<p style=\"padding-left: 30px; text-align: justify;\"><span style=\"color: #000000;\">Josef Heinrich:<br \/>\nAutor historischer Texte, \u2026<\/span><\/p>\n<p style=\"padding-left: 30px; text-align: justify;\"><span style=\"color: #000000;\">Werner Schmidt:<br \/>\nAutor der Geschichte historischer Vereine, aktueller Ereignisse, ..<\/span><\/p>\n<p style=\"padding-left: 30px; text-align: justify;\"><span style=\"color: #000000;\">Paul Mattick:<br \/>\nSammlung historischer Fotos (Feste, Familien, Dorf,), \u2026<\/span><\/p>\n<p style=\"text-align: justify;\"><span style=\"color: #000000;\">Nach umfangreichen Nachforschungen waren die Rechercheure h\u00f6chst erstaunt, was sich aus dem Nebel der Vergangenheit noch so alles ins Licht heben lie\u00df, wie sich aus den vielf\u00e4ltigen Beitr\u00e4gen jeglicher Art in ihrem Portal nachlesen, bzw. betrachten l\u00e4sst.<\/span><\/p>\n<div id=\"attachment_119\" style=\"width: 440px\" class=\"wp-caption aligncenter\"><img loading=\"lazy\" decoding=\"async\" aria-describedby=\"caption-attachment-119\" class=\"size-large wp-image-119 \" title=\"Seniorennachmittag in Homes im April 1964\" src=\"http:\/\/unser-niedersaubach.de\/wp-content\/uploads\/2009\/03\/1964-april_seniorennachmittag2-fokus2-1024x679.jpg\" alt=\"Seniorennachmittag in Homes im April 1964\" width=\"430\" height=\"285\" srcset=\"https:\/\/unser-niedersaubach.de\/wp-content\/uploads\/2009\/03\/1964-april_seniorennachmittag2-fokus2-1024x679.jpg 1024w, https:\/\/unser-niedersaubach.de\/wp-content\/uploads\/2009\/03\/1964-april_seniorennachmittag2-fokus2-300x199.jpg 300w, https:\/\/unser-niedersaubach.de\/wp-content\/uploads\/2009\/03\/1964-april_seniorennachmittag2-fokus2.jpg 1200w\" sizes=\"auto, (max-width: 430px) 100vw, 430px\" \/><p id=\"caption-attachment-119\" class=\"wp-caption-text\">Seniorennachmittag in Homes im April 1964, Foto: Jakob Britz<\/p><\/div>\n<h1><strong>Entwicklung<\/strong><\/h1>\n<p style=\"text-align: justify;\"><span style=\"color: #000000;\">Im Jahre 2009 zeichnete sich bereits ein Kaleidoskop unterschiedlichster Aktivit\u00e4ten in Niedersaubach\/R\u00fcmmelbach ab, die allesamt ihren bunten Niederschlag in dem neuen Medium fanden.<\/span><\/p>\n<div id=\"attachment_446\" style=\"width: 560px\" class=\"wp-caption aligncenter\"><img loading=\"lazy\" decoding=\"async\" aria-describedby=\"caption-attachment-446\" class=\"size-full wp-image-446 \" title=\"ruemmelbach_dorfbrunnen_einweihung_1895_internet\" src=\"http:\/\/unser-niedersaubach.de\/wp-content\/uploads\/2009\/03\/ruemmelbach_dorfbrunnen_einweihung_1895_internet.jpg\" alt=\"Einweihung des Dorfbrunnens in R\u00fcmmelbach 1895, Foto: Schaidt (hatte erste Kamera in Lebach), Archiv: Egon Gross\" width=\"550\" height=\"347\" srcset=\"https:\/\/unser-niedersaubach.de\/wp-content\/uploads\/2009\/03\/ruemmelbach_dorfbrunnen_einweihung_1895_internet.jpg 550w, https:\/\/unser-niedersaubach.de\/wp-content\/uploads\/2009\/03\/ruemmelbach_dorfbrunnen_einweihung_1895_internet-300x189.jpg 300w\" sizes=\"auto, (max-width: 550px) 100vw, 550px\" \/><p id=\"caption-attachment-446\" class=\"wp-caption-text\">Einweihung des Dorfbrunnens in R\u00fcmmelbach 1895, Foto: Lebacher Hotelier Schaiedt (er hatte die erste Kamera in Lebach), Archiv: Egon Gross<\/p><\/div>\n<p style=\"text-align: justify;\"><span style=\"color: #000000;\">In diesem Jahr gr\u00fcndete man auch unter der Leitung des Ortsvorstehers Werner Schmidt und der Vertreterin der Kirchengemeinde Elli Warken einen Festausschuss, dem die Organisation und die Durchf\u00fchrung des Kapellenjubil\u00e4ums im Jahre 2010 oblag. Dieser Festausschuss firmierte unter dem Begriff \u201e<strong>IG Niedersaubach<\/strong>\u201c. Der Ortsrat beauftragte den Ortsvorsteher, f\u00fcr alle kommenden Veranstaltungen im Einvernehmen mit den jeweils zu bildenden Planungsgremien als IG-Sprecher zu fungieren. Des Weiteren wurde vom Ortsrat die Gr\u00fcndung eines \u201eHeimatvereines\u201c ins Auge gefasst f\u00fcr den Fall, dass das Kulturprogramm von den B\u00fcrgerinnen und B\u00fcrgern angenommen werde.<\/span><\/p>\n<p style=\"text-align: justify;\"><span style=\"color: #ff0000;\">Und wie es angenommen wurde:<\/span><\/p>\n<p style=\"text-align: justify;\"><span style=\"color: #ff0000;\">\u201e<em>Absoluter H\u00f6hepunkt waren 2012 die Feiern anl\u00e4sslich des 800-j\u00e4hrigen Jubil\u00e4ums. Immer wieder tagten Festaussch\u00fcsse, von Fall zu Fall unterst\u00fctzten hochkompetente Berater und K\u00fcnstler unsere Anliegen, unentwegt waren Heerscharen von Helfern bei den unterschiedlichsten Veranstaltungen im Einsatz. Lohn f\u00fcr unser Engagement war ein stetig anschwellender Besucherstrom aus den umliegenden Ortschaften. Besucher, die nicht m\u00fcde wurden, die Einzigartigkeit unseres kleinen Dorfes zu loben.<\/em>\u201c (Aus einem B\u00fcrgerbrief des Ortsvorstehers)<\/span><\/p>\n<p style=\"text-align: justify;\"><span style=\"color: #000000;\">Nachdem eine Vereinssatzung f\u00fcr den gemeinn\u00fctzigen Verein \u201eUnser Niedersaubach\u201c vom Finanzamt genehmigt war, konnte man zu einer abschlie\u00dfenden Versammlung einladen:<\/span><\/p>\n<p style=\"text-align: justify; padding-left: 30px;\"><span style=\"color: #000000;\">Unser Niedersaubach<\/span><\/p>\n<p style=\"text-align: justify; padding-left: 30px;\"><span style=\"color: #ff0000;\"><strong>Einladung zur Mitgliederversammlung<\/strong><\/span><\/p>\n<p style=\"text-align: justify; padding-left: 30px;\"><span style=\"color: #000000;\">am Montag, dem 15. Juli, 19.00 Uhr im Antoniusheim<\/span><\/p>\n<p style=\"text-align: justify; padding-left: 30px;\"><span style=\"color: #000000;\">Wir laden alle Mitglieder herzlich zur abschlie\u00dfenden Versammlung der Vereinsgr\u00fcndung ein. Durch Ihre Teilnahme bekunden Sie, dass die gro\u00dfe Anteilnahme der Bev\u00f6lkerung im Jubil\u00e4umsjahr weiter in die Zukunft getragen werden soll. Wir wollen ein starkes Signal f\u00fcr eine lebendige Dorfgemeinschaft setzen.<\/span><\/p>\n<p style=\"text-align: justify; padding-left: 30px;\"><span style=\"color: #ff0000;\"><strong>Tagesordnung<\/strong><\/span><\/p>\n<p style=\"padding-left: 30px;\"><span style=\"color: #000000;\">Begr\u00fc\u00dfung und Erl\u00e4uterung des Vereinsgr\u00fcndungsprozesses (<strong><span style=\"color: #0000ff;\"><a href=\"http:\/\/unser-niedersaubach.de\/Dokumente\/Unser-Niedersaubach\/Gruendung_Einladung.pdf\" target=\"_blank\" rel=\"noopener\">Einladung<\/a><\/span><\/strong> und <span style=\"color: #0000ff;\"><strong><a href=\"http:\/\/unser-niedersaubach.de\/Dokumente\/Unser-Niedersaubach\/Gruendungsprotokoll.pdf\" target=\"_blank\" rel=\"noopener\">Protokoll<\/a><\/strong><\/span>)<\/span><\/p>\n<p style=\"padding-left: 30px;\"><span style=\"color: #000000;\">Namensgebung<\/span><\/p>\n<p style=\"padding-left: 30px;\"><span style=\"color: #000000;\">Beratung und Beschluss der <strong><span style=\"color: #0000ff;\"><a href=\"http:\/\/unser-niedersaubach.de\/Dokumente\/Unser-Niedersaubach\/Satzung.pdf\" target=\"_blank\" rel=\"noopener\">Vereinssatzung<\/a><\/span><\/strong><\/span><\/p>\n<p style=\"padding-left: 30px;\"><span style=\"color: #000000;\">Antrag auf Gemeinn\u00fctzigkeit<\/span><\/p>\n<p style=\"padding-left: 30px;\"><span style=\"color: #000000;\">Harmonisierung der Vorstands\u00e4mter im Sinne der neuen Satzung<\/span><\/p>\n<p style=\"padding-left: 30px;\"><span style=\"color: #000000;\"><span style=\"color: #0000ff;\"><strong><a href=\"http:\/\/unser-niedersaubach.de\/Dokumente\/Unser-Niedersaubach\/Geschaeftsordnung.pdf\" target=\"_blank\" rel=\"noopener\">Gesch\u00e4ftsordnung <\/a><\/strong><\/span><\/span><\/p>\n<p style=\"padding-left: 30px;\"><span style=\"color: #000000;\">\u00dcbertragung von Funktionen im Vorstand<\/span><\/p>\n<p style=\"padding-left: 30px;\"><span style=\"color: #000000;\">\u00dcbertragung von Funktionen nach Bedarf<\/span><\/p>\n<p style=\"text-align: justify; padding-left: 30px;\"><span style=\"color: #000000;\">bei unterschiedlichen Veranstaltungen und von Fall zu Fall<\/span><\/p>\n<p style=\"padding-left: 30px;\"><span style=\"color: #000000;\">Verschiedenes<\/span><\/p>\n<p style=\"text-align: justify; padding-left: 30px;\"><em><span style=\"color: #000000;\">Der Vorstand<\/span><\/em><\/p>\n<h1><strong> Performance<\/strong><\/h1>\n<p style=\"text-align: justify;\"><span style=\"color: #000000;\">Das Internetportal <a style=\"color: #000000;\" href=\"www.unser-niedersaubach.de\">www.unser-niedersaubach.de<\/a> ist inzwischen zur Hauspostille unseres Vereines avanciert. Dem Webmaster ist es gelungen, in einer auch au\u00dferhalb viel beachteten Gestaltung ein abwechslungsreiches und buntes Bild unseres Dorfes zu zeichnen. Dabei bedient er sich vielf\u00e4ltiger Zugangsm\u00f6glichkeiten wie \u201eFeste Seiten\u201c, \u201eFlie\u00dfende Berichte\u201c, \u201eSchlagwortverzeichnis\u201c, \u201eSuchfenster\u201c, \u2026 Zum gelungenen Gesamteindruck tr\u00e4gt seit einiger Zeit unser Haus- und Hoffotograf Manne Mai bei: Zu fast jedem Bericht erstellt er umfangreiche und sch\u00f6ne Fotoserien.<\/span><\/p>\n<div id=\"attachment_448\" style=\"width: 489px\" class=\"wp-caption aligncenter\"><img loading=\"lazy\" decoding=\"async\" aria-describedby=\"caption-attachment-448\" class=\"size-full wp-image-448 \" title=\"junge-huebsche-damen\" src=\"http:\/\/unser-niedersaubach.de\/wp-content\/uploads\/2009\/03\/junge-huebsche-damen.jpg\" alt=\"Wer sind die jungen h\u00fcbschen M\u00e4dels aus Saubach?\" width=\"479\" height=\"588\" srcset=\"https:\/\/unser-niedersaubach.de\/wp-content\/uploads\/2009\/03\/junge-huebsche-damen.jpg 479w, https:\/\/unser-niedersaubach.de\/wp-content\/uploads\/2009\/03\/junge-huebsche-damen-244x300.jpg 244w\" sizes=\"auto, (max-width: 479px) 100vw, 479px\" \/><p id=\"caption-attachment-448\" class=\"wp-caption-text\">Wer sind die jungen h\u00fcbschen M\u00e4dels aus Saubach? Archiv: Paul Mattick<\/p><\/div>\n<p style=\"text-align: justify;\"><span style=\"color: #000000;\">Man kann folgendes feststellen: W\u00e4hrend die Aufzeichnungen fr\u00fcherer Chronisten in B\u00fcchern niedergelegt und einem relativ kleinen Kreis von Interessenten zug\u00e4nglich waren, k\u00f6nnen wir heute unserem Chronisten gewisserma\u00dfen \u00fcber die Schulter schauen und zu jeder Zeit f\u00fcr jedermann zug\u00e4ngliche Informationen \u00fcber unser Dorf abrufen.<\/span><\/p>\n<p style=\"text-align: justify;\"><em>Werner Schmidt<\/em><\/p>\n<p style=\"text-align: justify;\">P.S.:<\/p>\n<p style=\"text-align: justify;\"><span style=\"color: #000000;\">Anregungen sind stets erw\u00fcnscht! Einfach hier \u00fcber unser Kontaktformular (hier nennt es sich &#8222;Kommentar&#8220;, siehe ganz unten) W\u00fcnsche und Anregungen f\u00fcrs Dorf oder Angebote zur Mitarbeit eintragen! Alle sind herzlich eingeladen mitzumachen! Unser Dorf lebt!<br \/>\n<\/span><\/p>\n<p style=\"text-align: justify;\"><span style=\"color: #000000;\"><strong>\u00a0<\/strong><\/span><\/p>\n<p>&nbsp;<\/p>\n","protected":false},"excerpt":{"rendered":"<p>Von den Anf\u00e4ngen Das Internetportal \u201eunser-niedersaubach.de\u201c ist aus einer heimatgeschichtlichen Initiative im Jahre 2008 geboren, die sich durch die Worte des \u00f6sterreichischen Schriftstellers Stefan Zweig (1881 \u2013 1942) erkl\u00e4rt: \u201eWer seine Wurzeln nicht kennt, kennt keinen Halt!\u201c Die Initiatoren Lothar &hellip; <a href=\"https:\/\/unser-niedersaubach.de\/?page_id=2\">Weiterlesen <span class=\"meta-nav\">&rarr;<\/span><\/a><\/p>\n","protected":false},"author":2,"featured_media":0,"parent":0,"menu_order":1,"comment_status":"closed","ping_status":"closed","template":"","meta":{"ngg_post_thumbnail":0,"footnotes":""},"class_list":["post-2","page","type-page","status-publish","hentry"],"_links":{"self":[{"href":"https:\/\/unser-niedersaubach.de\/index.php?rest_route=\/wp\/v2\/pages\/2","targetHints":{"allow":["GET"]}}],"collection":[{"href":"https:\/\/unser-niedersaubach.de\/index.php?rest_route=\/wp\/v2\/pages"}],"about":[{"href":"https:\/\/unser-niedersaubach.de\/index.php?rest_route=\/wp\/v2\/types\/page"}],"author":[{"embeddable":true,"href":"https:\/\/unser-niedersaubach.de\/index.php?rest_route=\/wp\/v2\/users\/2"}],"replies":[{"embeddable":true,"href":"https:\/\/unser-niedersaubach.de\/index.php?rest_route=%2Fwp%2Fv2%2Fcomments&post=2"}],"version-history":[{"count":82,"href":"https:\/\/unser-niedersaubach.de\/index.php?rest_route=\/wp\/v2\/pages\/2\/revisions"}],"predecessor-version":[{"id":7600,"href":"https:\/\/unser-niedersaubach.de\/index.php?rest_route=\/wp\/v2\/pages\/2\/revisions\/7600"}],"wp:attachment":[{"href":"https:\/\/unser-niedersaubach.de\/index.php?rest_route=%2Fwp%2Fv2%2Fmedia&parent=2"}],"curies":[{"name":"wp","href":"https:\/\/api.w.org\/{rel}","templated":true}]}}