{"id":2598,"date":"2011-05-17T15:10:09","date_gmt":"2011-05-17T14:10:09","guid":{"rendered":"http:\/\/unser-niedersaubach.de\/?page_id=2598"},"modified":"2018-05-21T15:34:44","modified_gmt":"2018-05-21T14:34:44","slug":"bernhard-adam","status":"publish","type":"page","link":"https:\/\/unser-niedersaubach.de\/?page_id=2598","title":{"rendered":"Bernhard Adam"},"content":{"rendered":"<p style=\"text-align: justify;\">Nikolaus Bernhard Adam ist am 25. M\u00e4rz 1911 in Niedersaubach geboren worden.<\/p>\n<div id=\"attachment_3407\" style=\"width: 460px\" class=\"wp-caption aligncenter\"><img loading=\"lazy\" decoding=\"async\" aria-describedby=\"caption-attachment-3407\" class=\"size-full wp-image-3407\" title=\"a-bernh_450\" src=\"http:\/\/unser-niedersaubach.de\/wp-content\/uploads\/2011\/05\/a-bernh_450.jpg\" alt=\"\" width=\"450\" height=\"666\" srcset=\"https:\/\/unser-niedersaubach.de\/wp-content\/uploads\/2011\/05\/a-bernh_450.jpg 450w, https:\/\/unser-niedersaubach.de\/wp-content\/uploads\/2011\/05\/a-bernh_450-202x300.jpg 202w\" sizes=\"auto, (max-width: 450px) 100vw, 450px\" \/><p id=\"caption-attachment-3407\" class=\"wp-caption-text\">Obergefreiter Bernhard Adam an der Ostfront; Fotoarchiv: Peter Adam (Losheim, Enkel unseres Dorfschullehrers Peter Adam)<\/p><\/div>\n<p style=\"text-align: justify;\">Sein Vater ist der legend\u00e4re Niedersaubacher <a title=\"Dorfschullehrer Peter Adam\" href=\"http:\/\/unser-niedersaubach.de\/?p=875\"><strong><span style=\"color: #0000ff;\">Dorfschullehrer Peter Adam<\/span><\/strong><\/a> (* 1866 in Born\/ Luxemburg, + 1943 in Lebach), der seit der Er\u00f6ffnung der Niedersaubacher Volksschule im Jahr 1901 bis ins Jahr 1929 die Jugend des Dorfes p\u00e4dagogisch formte (zum Gro\u00dfteil allein; bis 1920 unterrichtete er ganz allein die 8 Jahrg\u00e4nge der D\u00f6rfer Niedersaubach und R\u00fcmmelbach; das waren 1920 101 Sch\u00fclerinnen und Sch\u00fcler). Seine Mutter war\u00a0Anna B\u00f6ttel (* 1870 in Massholder\/ Bitburg, + 1950 in Lebach).<\/p>\n<p style=\"text-align: justify;\">Bernhard Adam war der zweitj\u00fcngste Sohn der Eheleute Adam-B\u00f6ttel; von den 7 S\u00f6hnen (es gab noch 2 T\u00f6chter) fielen 4 im 2. Weltkrieg: Bernhard, <a title=\"Josef Adam\" href=\"http:\/\/unser-niedersaubach.de\/?page_id=2602\"><strong><span style=\"color: #0000ff;\">Josef<\/span><\/strong><\/a>, <a title=\"Karl Adam\" href=\"http:\/\/unser-niedersaubach.de\/?page_id=2604\"><strong><span style=\"color: #0000ff;\">Karl<\/span><\/strong><\/a> und <a title=\"Matthias Adam\" href=\"http:\/\/unser-niedersaubach.de\/?page_id=2612\"><strong><span style=\"color: #0000ff;\">Matthias<\/span><\/strong><\/a>. Der \u00c4lteste namens Johann war au\u00dferdem schwer kriegsversehrt.<\/p>\n<p style=\"text-align: justify;\">Nikolaus Bernhard Adam ist im Storb&#8217;schen Familienbuch zu finden unter dem Eintrag Nr. 5; als Todesdatum wird dort der 18.08.1943 vermerkt. Bnimitschi (Ostfront) wird bei Storb als Todesort und Motulew als Ort der Grablegung genannt. Der Dienstrang wird mit Obergefreiter angegeben. Die Schreibweise &#8222;Motulew&#8220; kann einfach ein Schreibfehler sein; gemeint sein k\u00f6nnte &#8222;Mogilew&#8220; (wie bei der WASt-Angabe geschrieben). Das Problem hierbei ist, dass es bei der Transkription von russischen, wei\u00dfrussischen und ukrainischen Ortsnamen ins Deutsche sicherlich h\u00e4ufig zu \u00dcbersetzungsschwierigkeiten gekommen sein k\u00f6nnte.<\/p>\n<p style=\"text-align: justify;\">Im Storb&#8217;schen Familienbuch wird noch angegeben, dass Bernhard Adam 1941 Margarethe Falk aus Thalexweiler (Amt Eppelborn) geheiratet hatte. Mit ihr hatte er eine Tochter namens Magrit. Bernhard Adam arbeitete als Kraftfahrer (so sein Neffe Peter Adam, Losheim) im Bierverlag Falk in Thalexweiler; dort lernte er dann auch seine sp\u00e4tere Frau Margarethe Falk kennen.<\/p>\n<p style=\"text-align: justify;\">Die Angaben von Gerhard Storb werden am 3. Mai 2010 durch die WASt i.W. best\u00e4tigt: Der Obergefreite Bernhard Adam sei am 18. August 1943 als Stabssoldat des Sicherungsbataillons 791 in Buinitschi nach einem Eisenbahnunfall verstorben. Sein Grab befinde sich in Mogilew (Einzelgrab 436).<\/p>\n<div id=\"attachment_3814\" style=\"width: 460px\" class=\"wp-caption aligncenter\"><img loading=\"lazy\" decoding=\"async\" aria-describedby=\"caption-attachment-3814\" class=\"size-full wp-image-3814\" title=\"wast\" src=\"http:\/\/unser-niedersaubach.de\/wp-content\/uploads\/2011\/05\/wast5.jpg\" alt=\"\" width=\"450\" height=\"78\" srcset=\"https:\/\/unser-niedersaubach.de\/wp-content\/uploads\/2011\/05\/wast5.jpg 450w, https:\/\/unser-niedersaubach.de\/wp-content\/uploads\/2011\/05\/wast5-300x52.jpg 300w\" sizes=\"auto, (max-width: 450px) 100vw, 450px\" \/><p id=\"caption-attachment-3814\" class=\"wp-caption-text\">Bernhard Adam laut WASt im Schreiben vom 3. Mai 2010<\/p><\/div>\n<p style=\"text-align: justify;\">Allerdings wird hier die Grablage im Ort <a title=\"Mogilew (Mahiljou, Wei\u00dfrussland), Quelle: Wikipedia\" href=\"http:\/\/de.wikipedia.org\/wiki\/Mahiljou\" target=\"_blank\" rel=\"noopener\"><strong><span style=\"color: #0000ff;\">Mogilew<\/span><\/strong><\/a> genannt (was kein Widerspruch sein muss, weil die deutsche Schreibweise &#8211; \u00fcbersetzt aus einer kyrillischen Schreibweise &#8211; unterschiedlich gewesen sein kann).<\/p>\n<p style=\"text-align: justify;\">Schon Storb gab als Todesursache &#8222;Unfall&#8220; an. Bei der WASt ist hier nun pr\u00e4zisiert worden: Eisenbahnunfall.<\/p>\n<p style=\"text-align: justify;\">Das Totenbildchen von Bernhard Adam nennt als Ort der Bestattung ebenso wie Storb: Motulew.<\/p>\n<div id=\"attachment_3408\" style=\"width: 460px\" class=\"wp-caption aligncenter\"><img loading=\"lazy\" decoding=\"async\" aria-describedby=\"caption-attachment-3408\" class=\"size-full wp-image-3408\" title=\"a-bern-tod1_450\" src=\"http:\/\/unser-niedersaubach.de\/wp-content\/uploads\/2011\/05\/a-bern-tod1_450.jpg\" alt=\"\" width=\"450\" height=\"365\" srcset=\"https:\/\/unser-niedersaubach.de\/wp-content\/uploads\/2011\/05\/a-bern-tod1_450.jpg 450w, https:\/\/unser-niedersaubach.de\/wp-content\/uploads\/2011\/05\/a-bern-tod1_450-300x243.jpg 300w\" sizes=\"auto, (max-width: 450px) 100vw, 450px\" \/><p id=\"caption-attachment-3408\" class=\"wp-caption-text\">Totenbildchen; Archiv: Peter Adam (Losheim)<\/p><\/div>\n<div id=\"attachment_3409\" style=\"width: 460px\" class=\"wp-caption aligncenter\"><img loading=\"lazy\" decoding=\"async\" aria-describedby=\"caption-attachment-3409\" class=\"size-full wp-image-3409\" title=\"a-bernh-tod2_450\" src=\"http:\/\/unser-niedersaubach.de\/wp-content\/uploads\/2011\/05\/a-bernh-tod2_450.jpg\" alt=\"\" width=\"450\" height=\"367\" srcset=\"https:\/\/unser-niedersaubach.de\/wp-content\/uploads\/2011\/05\/a-bernh-tod2_450.jpg 450w, https:\/\/unser-niedersaubach.de\/wp-content\/uploads\/2011\/05\/a-bernh-tod2_450-300x244.jpg 300w\" sizes=\"auto, (max-width: 450px) 100vw, 450px\" \/><p id=\"caption-attachment-3409\" class=\"wp-caption-text\">R\u00fcckseite des Totenbildchens; Archiv: Peter Adam (Losheim)<\/p><\/div>\n<p style=\"text-align: justify;\"><a title=\"Sicherungsbataillon 791, Quelle: Lexikon der Wehrmacht\" href=\"http:\/\/www.lexikon-der-wehrmacht.de\/Gliederungen\/SichBat\/SichBat791-R.htm\" target=\"_blank\" rel=\"noopener\"><strong><span style=\"color: #0000ff;\">Das Sicherungsbataillon 791<\/span><\/strong><\/a>\u00a0 war laut Lexikon der Wehrmacht 1943 unter F\u00fchrung der Heeresgruppe Mitte im Raum <a title=\"Ljubetsch (Ukraine, Dnjepr)\" href=\"http:\/\/de.wikipedia.org\/wiki\/Ljubetsch\" target=\"_blank\" rel=\"noopener\"><strong><span style=\"color: #0000ff;\">Ljubetsch<\/span><\/strong><\/a> im Einsatz. Das Bataillon war der <a title=\"221. Sicherungsdivision, Quelle: Lexikon der Wehrmacht\" href=\"http:\/\/www.lexikon-der-wehrmacht.de\/Gliederungen\/SichDiv\/221SichDiv-R.htm\" target=\"_blank\" rel=\"noopener\"><strong><span style=\"color: #0000ff;\">221. Sicherungs-Division<\/span><\/strong><\/a> unterstellt.<\/p>\n<p style=\"text-align: justify;\">Die Todesumst\u00e4nde von Bernhard Adam (Stichwort: Eisenbahnunfall) sind unklar.<\/p>\n<p style=\"text-align: justify;\"><a title=\"Grablage laut Volksbund in Mogilew (Wei\u00dfrussland)\" href=\"http:\/\/www.volksbund.de\/index.php?id=1775&amp;tx_igverlustsuche_pi2[gid]=be1f2478819b0b2de7830148816c509b\" target=\"_blank\" rel=\"noopener\"><strong><span style=\"color: #0000ff;\">Der Volksbund kennt die Grablage von Bernhard Adam in Mogilew (Wei\u00dfrussland).<\/span><\/strong><\/a><\/p>\n<p style=\"text-align: justify;\">Bezug nehmend auf die Verlustmeldung der WASt schreibt der Volksbund am 23.09.2011: <em>&#8222;In Mogilew gab es zwei von der Wehrmacht angelegte Soldatenfriedh\u00f6fe mit ca. 2.500 Gr\u00e4bern. Leider sind diese unseres Wissens \u00fcberbaut bzw. mit Zivilgr\u00e4bern \u00fcberbettet, sodass Umbettungen zum Soldatenfriedhof Schtschatkowo vermutlich nicht mehr m\u00f6glich sind.&#8220;<\/em><\/p>\n<p style=\"text-align: justify;\"><a title=\"Sammelfriedhof des Volksbundes in Schatkowo bei Bobruisk (Wei\u00dfrussland); Quelle: maps.google.de\" href=\"http:\/\/maps.google.de\/maps?saddr=mogilew,+belarus&amp;daddr=Bobruisk,+belarus&amp;hl=de&amp;ll=53.519084,29.874573&amp;spn=0.872026,1.766052&amp;sll=53.15,29.233333&amp;sspn=0.219899,0.441513&amp;geocode=FeByNgMdldnOASlxRYRSHFLQRjG2c7s5QtGFzw%3BFTABKwMdtRC-ASkpBP3DdTHXRjHyHDlgCMS-8w&amp;mra=ls&amp;t=h&amp;z=9\" target=\"_blank\" rel=\"noopener\"><strong><span style=\"color: #0000ff;\">Hier die \u00dcbersichtskarte f\u00fcr Mogilew und Schtschatkowo bei Bobruisk (einfach diesen Link anklicken)!<\/span><\/strong><\/a><br \/>\n<small><\/small><\/p>\n<p style=\"text-align: right;\"><em>Stand der Angaben: 12 2011<\/em><\/p>\n<p style=\"text-align: left;\"><em>Nachtrag vom 12 2016<\/em><\/p>\n<p style=\"text-align: justify;\">Der Volksbund schreibt am 25.11.2016, die sterblichen \u00dcberreste von Bernhard Adam seien auf die Kriegsgr\u00e4berst\u00e4tte in Schtschatkowo \u00fcberf\u00fchrt worden; die pers\u00f6nlichen Daten seien auf einer Granitstele auf diesem Friedhof eingraviert worden.<\/p>\n<p style=\"text-align: justify;\"><small><a style=\"color: #0000ff; text-align: left;\" href=\"http:\/\/maps.google.de\/maps?f=d&amp;source=embed&amp;saddr=mogilew,+belarus&amp;daddr=Bobruisk,+belarus&amp;hl=de&amp;geocode=FeByNgMdldnOASlxRYRSHFLQRjG2c7s5QtGFzw%3BFTABKwMdtRC-ASkpBP3DdTHXRjHyHDlgCMS-8w&amp;mra=ls&amp;sll=53.15,29.233333&amp;sspn=0.219899,0.441513&amp;g=Bobruisk,+belarus&amp;ie=UTF8&amp;ll=53.524775,29.783765&amp;spn=0.75049,1.10055&amp;t=h\">\u00a0<\/a><\/small><\/p>\n","protected":false},"excerpt":{"rendered":"<p>Nikolaus Bernhard Adam ist am 25. M\u00e4rz 1911 in Niedersaubach geboren worden. Sein Vater ist der legend\u00e4re Niedersaubacher Dorfschullehrer Peter Adam (* 1866 in Born\/ Luxemburg, + 1943 in Lebach), der seit der Er\u00f6ffnung der Niedersaubacher Volksschule im Jahr 1901 &hellip; <a href=\"https:\/\/unser-niedersaubach.de\/?page_id=2598\">Weiterlesen <span class=\"meta-nav\">&rarr;<\/span><\/a><\/p>\n","protected":false},"author":2,"featured_media":0,"parent":2593,"menu_order":1,"comment_status":"closed","ping_status":"closed","template":"","meta":{"ngg_post_thumbnail":0,"footnotes":""},"class_list":["post-2598","page","type-page","status-publish","hentry"],"_links":{"self":[{"href":"https:\/\/unser-niedersaubach.de\/index.php?rest_route=\/wp\/v2\/pages\/2598","targetHints":{"allow":["GET"]}}],"collection":[{"href":"https:\/\/unser-niedersaubach.de\/index.php?rest_route=\/wp\/v2\/pages"}],"about":[{"href":"https:\/\/unser-niedersaubach.de\/index.php?rest_route=\/wp\/v2\/types\/page"}],"author":[{"embeddable":true,"href":"https:\/\/unser-niedersaubach.de\/index.php?rest_route=\/wp\/v2\/users\/2"}],"replies":[{"embeddable":true,"href":"https:\/\/unser-niedersaubach.de\/index.php?rest_route=%2Fwp%2Fv2%2Fcomments&post=2598"}],"version-history":[{"count":38,"href":"https:\/\/unser-niedersaubach.de\/index.php?rest_route=\/wp\/v2\/pages\/2598\/revisions"}],"predecessor-version":[{"id":7638,"href":"https:\/\/unser-niedersaubach.de\/index.php?rest_route=\/wp\/v2\/pages\/2598\/revisions\/7638"}],"up":[{"embeddable":true,"href":"https:\/\/unser-niedersaubach.de\/index.php?rest_route=\/wp\/v2\/pages\/2593"}],"wp:attachment":[{"href":"https:\/\/unser-niedersaubach.de\/index.php?rest_route=%2Fwp%2Fv2%2Fmedia&parent=2598"}],"curies":[{"name":"wp","href":"https:\/\/api.w.org\/{rel}","templated":true}]}}