{"id":2612,"date":"2011-05-17T15:18:11","date_gmt":"2011-05-17T14:18:11","guid":{"rendered":"http:\/\/unser-niedersaubach.de\/?page_id=2612"},"modified":"2018-05-21T15:39:28","modified_gmt":"2018-05-21T14:39:28","slug":"mathias-adam","status":"publish","type":"page","link":"https:\/\/unser-niedersaubach.de\/?page_id=2612","title":{"rendered":"Matthias Adam"},"content":{"rendered":"<p style=\"text-align: justify;\"><span style=\"color: #000000;\">Mathias Adam (man achte auf die Schreibweise des Vornamens) ist bei Storb zu finden unter dem Eintrag Nr. 5; als Geburtsdatum wird festgehalten: 9. M\u00e4rz 1906; allerdings schreibt Gerhard Storb, das Todesjahr sei 1936 (Todesort: Dirmingen) gewesen. Das kann so nicht stimmen, weil seine Familie\u00a0 als Todesmeldung ver\u00f6ffentlicht hatte:<\/span><\/p>\n<div id=\"attachment_3513\" style=\"width: 460px\" class=\"wp-caption aligncenter\"><img loading=\"lazy\" decoding=\"async\" aria-describedby=\"caption-attachment-3513\" class=\"size-full wp-image-3513\" title=\"a-matth1_450\" src=\"http:\/\/unser-niedersaubach.de\/wp-content\/uploads\/2011\/05\/a-matth1_450.jpg\" alt=\"\" width=\"450\" height=\"655\" srcset=\"https:\/\/unser-niedersaubach.de\/wp-content\/uploads\/2011\/05\/a-matth1_450.jpg 450w, https:\/\/unser-niedersaubach.de\/wp-content\/uploads\/2011\/05\/a-matth1_450-206x300.jpg 206w\" sizes=\"auto, (max-width: 450px) 100vw, 450px\" \/><p id=\"caption-attachment-3513\" class=\"wp-caption-text\">Totenbildchen von Matthias Adam; Archiv: Peter Adam (Losheim)<\/p><\/div>\n<div id=\"attachment_3514\" style=\"width: 460px\" class=\"wp-caption aligncenter\"><img loading=\"lazy\" decoding=\"async\" aria-describedby=\"caption-attachment-3514\" class=\"size-full wp-image-3514\" title=\"a-matth2_450\" src=\"http:\/\/unser-niedersaubach.de\/wp-content\/uploads\/2011\/05\/a-matth2_450.jpg\" alt=\"\" width=\"450\" height=\"669\" srcset=\"https:\/\/unser-niedersaubach.de\/wp-content\/uploads\/2011\/05\/a-matth2_450.jpg 450w, https:\/\/unser-niedersaubach.de\/wp-content\/uploads\/2011\/05\/a-matth2_450-201x300.jpg 201w\" sizes=\"auto, (max-width: 450px) 100vw, 450px\" \/><p id=\"caption-attachment-3514\" class=\"wp-caption-text\">Vorderseite des Totenbildchens von Matthias Adam; Archiv: Peter Adam (Losheim)<\/p><\/div>\n<p style=\"text-align: justify;\">Und ich meine, man sollte hier eher den Angaben seiner Ehefrau Therese (er war ja wohl in der Tat nach Dirmingen verheiratet und hatte dort auch mit ihr zusammen Kinder) folgen.<\/p>\n<p style=\"text-align: justify;\">Danach war Matthias Adam am 14. Januar 1945 in Rittershofen (<a title=\"Rittershoffen, Nieder-Elsass bei maps.google.de\" href=\"http:\/\/maps.google.de\/maps?q=Rittershoffen,+Bas-Rhin,+Elsass,+Frankreich&amp;hl=de&amp;ll=48.890004,7.945862&amp;spn=0.677212,1.234589&amp;sll=51.151786,10.415039&amp;sspn=20.730891,39.506836&amp;geocode=Fdsz6gIdG1p5AA&amp;z=10\" target=\"_blank\" rel=\"noopener\"><strong><span style=\"color: #0000ff;\">Rittershoffen, Nieder-Elsass, Bas-Rhin, Frankreich<\/span><\/strong><\/a>) gefallen.<\/p>\n<p style=\"text-align: justify;\">Sein Vater ist der legend\u00e4re Niedersaubacher <span style=\"color: #0000ff;\"><a title=\"Dorfschullehrer Peter Adam\" href=\"http:\/\/unser-niedersaubach.de\/?p=875\"><span style=\"color: #0000ff;\"><strong>Dorfschullehrer Peter Adam<\/strong><\/span><\/a><\/span> (* 1866 in Born\/ Luxemburg, + 1943 in Lebach), der seit der Er\u00f6ffnung der Niedersaubacher Volksschule im Jahr 1901 bis ins Jahr 1929 die Jugend des Dorfes p\u00e4dagogisch formte (zum Gro\u00dfteil allein; bis 1920 unterrichtete er ganz allein die 8 Jahrg\u00e4nge der D\u00f6rfer Niedersaubach und R\u00fcmmelbach; das waren 1920 101 Sch\u00fclerinnen und Sch\u00fcler). Seine Mutter war\u00a0Anna B\u00f6ttel (* 1870 in Massholder\/ Bitburg, + 1950 in Lebach).<\/p>\n<p style=\"text-align: justify;\">Matthias Adam war der mittlere Sohn der Eheleute Adam-B\u00f6ttel; von den 7 S\u00f6hnen (es gab noch 2 T\u00f6chter) fielen 4 im 2. Weltkrieg: <span style=\"color: #0000ff;\"><a title=\"Bernhard Adam\" href=\"http:\/\/unser-niedersaubach.de\/?page_id=2598\"><span style=\"color: #0000ff;\"><strong>Bernhard<\/strong><\/span><\/a><\/span>, <a title=\"Josef Adam\" href=\"http:\/\/unser-niedersaubach.de\/?page_id=2602\"><strong><span style=\"color: #0000ff;\">Josef<\/span><\/strong><\/a>,<span style=\"color: #0000ff;\"><a title=\"Karl Adam\" href=\"http:\/\/unser-niedersaubach.de\/?page_id=2604\"><span style=\"color: #0000ff;\"><strong> Karl<\/strong><\/span><\/a><\/span> und Matthias. Der \u00c4lteste namens Johann war au\u00dferdem schwer kriegsversehrt.<\/p>\n<p style=\"text-align: justify;\">Matthias Adam hat laut Angaben seines Sohnes Klaus im Bergwerk gearbeitet; 1936 habe er sich in Dirmingen (Amt Eppelborn) mit Therese Lenz verheiratet. Hier liegt also der Notationsfehler von Gerhard Storb; er wollte wohl die Heirat dokumentieren, hat dabei aber versehentlich den Tod markiert.<\/p>\n<p style=\"text-align: justify;\">Klaus Adam (sein Sohn) berichtet, dass Matthias Adam bei Ausbruch des 2. Weltkriegs als Bergmann nicht eingezogen worden sei; als gl\u00e4ubiger Katholik habe er durch den Dirminger Ortsgruppenleiter der NSDAP Repressalien erfahren, weil er den Besuch des sonnt\u00e4glichen Gottesdienstes irgendwelchen paramilit\u00e4rischen Parteiveranstaltungen (Schie\u00df\u00fcbungen) vorgezogen habe. Obwohl er mehrfach wegen dieses Verhaltens abgemahnt worden sei, habe er seine klare katholische Linie nicht verlassen und sonntags das Hochamt besucht. Deshalb sei er schlie\u00dflich auch im Oktober oder November 1944 als Soldat an die Front eingezogen worden. Am 14. Januar 1945 sei er schlie\u00dflich im Elsass gefallen und bei Lauterbourg beerdigt worden. Sp\u00e4ter sei die Umbettung nach Bad Niederbronn vorgenommen worden.<\/p>\n<p style=\"text-align: justify;\"><a title=\"Grablage laut Volksbund\" href=\"http:\/\/www.volksbund.de\/index.php?id=1775&amp;tx_igverlustsuche_pi2[gid]=74af421a17625ff0119213121aa9433d\" target=\"_blank\" rel=\"noopener\"><strong><span style=\"color: #0000ff;\">Der Volksbund kennt sein Schicksal (hier allerdings wieder &#8222;Mathias&#8220; geschrieben).<\/span><\/strong><\/a> Aber es ist wohl ziemlich eindeutig, dass hier unser Matthias Adam aus Dirmingen gemeint ist. Als Todesort wird jedoch <a title=\"Lauterbach, Unter-Elsass bei maps.google.de\" href=\"http:\/\/maps.google.de\/maps?saddr=Rittershoffen,+Bas-Rhin,+Elsass,+Frankreich&amp;daddr=niederlauterbach,+Frankreich&amp;hl=de&amp;sll=48.930443,8.01473&amp;sspn=0.169166,0.308647&amp;geocode=Fdsz6gIdG1p5ACnzuCeOm--WRzGASjmauV8KBA%3BFctD6wId1pV7ACnlk2AclPuWRzEmDx15q7ADqw&amp;mra=iwd&amp;z=13\" target=\"_blank\" rel=\"noopener\"><strong><span style=\"color: #0000ff;\">Niederlauterbach<\/span><\/strong><\/a> genannt (und nicht Rittershofen). Das w\u00e4re 15 km weiter nord\u00f6stlich an der pf\u00e4lzisch-els\u00e4ssischen Grenze bei Lauterbourg. Als seine Endgrablage nennt der Volksbund den deutschen Soldatenfriedhof in Bad Niederbronn (Unter-Elsass):\u00a0 Block 39, Reihe 12, Grab 404.<\/p>\n<p style=\"text-align: justify;\">Sein Neffe aus Losheim, Peter Adam, macht uns im September 2011 auf die Internetseite &#8222;Weltkriegsopfer&#8220; aufmerksam. <a title=\"Weltkriegsopfer, Soldatenfriedhof in Bad Niederbronn (Unterelsass)\" href=\"http:\/\/www.weltkriegsopfer.de\/Deutscher-Soldatenfriedhof-Niederbronn-les-Bains_Friedhofgaleriebild_10_72_72-02.html\" target=\"_blank\" rel=\"noopener\"><strong><span style=\"color: #0000ff;\">Dort sind Bilder dieses Soldatenfriedhofes in Niederbronn-les-Bains eingestellt.<\/span><\/strong><\/a><\/p>\n<p style=\"text-align: justify;\">In einem Briefkontakt mit der els\u00e4ssischen Gemeinde hat Peter Adam ein Foto des Grabes seines Onkels Matthias bekommen.<\/p>\n<div id=\"attachment_3606\" style=\"width: 460px\" class=\"wp-caption aligncenter\"><img loading=\"lazy\" decoding=\"async\" aria-describedby=\"caption-attachment-3606\" class=\"size-full wp-image-3606\" title=\"Matthias-Adam_450\" src=\"http:\/\/unser-niedersaubach.de\/wp-content\/uploads\/2011\/05\/Matthias-Adam_450.jpg\" alt=\"\" width=\"450\" height=\"600\" srcset=\"https:\/\/unser-niedersaubach.de\/wp-content\/uploads\/2011\/05\/Matthias-Adam_450.jpg 450w, https:\/\/unser-niedersaubach.de\/wp-content\/uploads\/2011\/05\/Matthias-Adam_450-225x300.jpg 225w\" sizes=\"auto, (max-width: 450px) 100vw, 450px\" \/><p id=\"caption-attachment-3606\" class=\"wp-caption-text\">Grablage von Matthias Adam, Foto: Bianca Bota<\/p><\/div>\n<p style=\"text-align: justify;\">Laut Schreiben der WASt vom 3. Mai 2010 ist das Todesdatum 14. Januar 1945 best\u00e4tigt worden. Matthias Adam diente zuletzt als Panzergrenadier in der 8. Kompanie des Panzergrenadierregimentes 125. Als Todesort wurde ebenfalls Rittershofen genannt. Auch die Angabe der endg\u00fcltigen Grablage in Bad Niederbronn ist hierbei genannt worden. Der Tod sei durch ein Infanteriegeschoss verursacht worden.<\/p>\n<div id=\"attachment_3822\" style=\"width: 457px\" class=\"wp-caption aligncenter\"><img loading=\"lazy\" decoding=\"async\" aria-describedby=\"caption-attachment-3822\" class=\"size-full wp-image-3822\" title=\"wast\" src=\"http:\/\/unser-niedersaubach.de\/wp-content\/uploads\/2011\/05\/wast8.jpg\" alt=\"\" width=\"447\" height=\"84\" srcset=\"https:\/\/unser-niedersaubach.de\/wp-content\/uploads\/2011\/05\/wast8.jpg 447w, https:\/\/unser-niedersaubach.de\/wp-content\/uploads\/2011\/05\/wast8-300x56.jpg 300w\" sizes=\"auto, (max-width: 447px) 100vw, 447px\" \/><p id=\"caption-attachment-3822\" class=\"wp-caption-text\">Matthias Adam laut WASt im Schreiben vom 3. Mai 2010<\/p><\/div>\n<p style=\"text-align: justify;\"><a title=\"Panzergrenadierregiment 125, Quelle: Lexikon der Wehrmacht\" href=\"http:\/\/www.lexikon-der-wehrmacht.de\/Gliederungen\/Panzergrenadierregimenter\/PGR125-R.htm\" target=\"_blank\" rel=\"noopener\"><strong><span style=\"color: #0000ff;\">Im Lexikon der Wehrmacht wird ausgef\u00fchrt, dass sein Regiment ab dem 15. Juli 1943 der 21. Panzerdivision unterstellt war.<\/span><\/strong><\/a><\/p>\n<p style=\"text-align: justify;\"><a title=\"21. Panzerdivision; Quelle: Lexikon der Wehrmacht\" href=\"http:\/\/www.lexikon-der-wehrmacht.de\/Gliederungen\/Panzerdivisionen\/21PD-R.htm\" target=\"_blank\" rel=\"noopener\"><strong><span style=\"color: #0000ff;\">Die 21. Panzerdivision, die 1942\/ 1943 in Nordafrika eingesetzt war, befand sich im Januar 1945 &#8211; der 1. Armee unterstellt &#8211; in der Saarpfalz.<\/span><\/strong><\/a><\/p>\n<p style=\"text-align: justify;\"><a title=\"21. Panzerdivision, Quelle: Wikipedia\" href=\"http:\/\/de.wikipedia.org\/wiki\/21._Panzerdivision\" target=\"_blank\" rel=\"noopener\"><strong><span style=\"color: #0000ff;\">Als Matthias Adam Anfang 1945 in diesem Regiment als Grenadier diente, k\u00e4mpfte die befehlshabende Division im Elsass und an der Saar.<\/span><\/strong><\/a> Kurz nachdem Matthias Adam gefallen war, wurde die Division gen Osten an die Nei\u00dfe verlegt, um gegen die immer weiter ins Herz des deutschen Reiches vorr\u00fcckenden sowjetischen Verb\u00e4nde vorzugehen. Dabei wurde sie fast v\u00f6llig aufgerieben. Die wenigen \u00fcberlebenden deutschen Soldaten gerieten in sowjetische Kriegsgefangenschaft, aus der Anfang der 50er Jahre nur noch wenige \u00dcberlebende entlassen wurden.<\/p>\n<div id=\"attachment_3532\" style=\"width: 460px\" class=\"wp-caption aligncenter\"><a title=\"Erwin Rommel bei der 21. PzD im Mai 1944 am Atlantikwall, Quelle: Bundesarchiv (gemeinfrei)\" href=\"http:\/\/de.wikipedia.org\/w\/index.php?title=Datei:Bundesarchiv_Bild_101I-300-1865-08,_Frankreich,_Rommel_bei_21._Pz.Div..jpg&amp;filetimestamp=20081209111435\" target=\"_blank\" rel=\"noopener\"><img loading=\"lazy\" decoding=\"async\" aria-describedby=\"caption-attachment-3532\" class=\"size-full wp-image-3532\" title=\"21-PzD_Erwin-Rommel_1944\" src=\"http:\/\/unser-niedersaubach.de\/wp-content\/uploads\/2011\/05\/21-PzD_Erwin-Rommel_1944.jpg\" alt=\"\" width=\"450\" height=\"307\" srcset=\"https:\/\/unser-niedersaubach.de\/wp-content\/uploads\/2011\/05\/21-PzD_Erwin-Rommel_1944.jpg 450w, https:\/\/unser-niedersaubach.de\/wp-content\/uploads\/2011\/05\/21-PzD_Erwin-Rommel_1944-300x204.jpg 300w\" sizes=\"auto, (max-width: 450px) 100vw, 450px\" \/><\/a><p id=\"caption-attachment-3532\" class=\"wp-caption-text\">Generalfeldmarschall Erwin Rommel besucht im Mai 1944 die 21. Panzerdivision am Atlantikwall, Quelle: Wikipedia (gemeinfrei)<\/p><\/div>\n<p style=\"text-align: justify;\"><span style=\"color: #000000;\">Peter Adam (Losheim) hat noch die folgenden Angaben zur Grablage seines Onkels vom Volksbund erfahren:<\/span> &#8222;Der Pz. Gren.\u00a0 Mathias ADAM\u00a0 * 09.03.1906 Niedersaubach, Erkennungsmarke:\u00a0 -2545- St.Kp.Pz.Gren.E.u.A.B.104, + 14.01.1945 Niederlauterbach\/Bas-Rhin, vom Gemeindefriedhof Niederlauterbach \u00fcberf\u00fchrt zum deutschen Soldatenfriedhof NIEDERBRONN-LES-BAINS\/Bas-Rhin,\u00a0 liegt nun begraben in: Block 39 &#8211; Reihe 12 &#8211; Grab 404.<\/p>\n<p style=\"text-align: justify;\"><span style=\"color: #000000;\">Der Soldatenfriedhof Niederbronn ist aus einer provisorischen Zusammenbettung deutscher Gefallener durch den amerikanischen Gr\u00e4berdienst entstanden. Die Amerikaner beerdigten w\u00e4hrend der schweren K\u00e4mpfe 1944\/45 eigene und deutsche Tote auf der Anh\u00f6he am \u00f6stlichen Ausgang des Ortes in zwei nebeneinander liegenden Gr\u00e4berfeldern. Nach Kriegsende wurden die amerikanischen Toten nach St. Avold umgebettet. In den D\u00e9partements Bas-Rhin und Moselle gab es damals au\u00dferdem ungef\u00e4hr 14.000 deutsche Soldatengr\u00e4ber des Zweiten Weltkrieges auf 774 Gemeinden verteilt. Diese Toten wurden 1961 von dem Umbettungsdienst des Volksbundes auf den Friedhof Niederbronn zur letzten Ruhe gebettet. In den Jahren 1961 &#8211; 1966 legte der Volksbund den Friedhof g\u00e4rtnerisch an und errichtete die Friedhofsbauten. Am 01.10.1966 konnte die feierliche Einweihung dieses Soldatenfriedhofes stattfinden, auf dem heute \u00fcber 15.400 deutsche Gefallene ruhen.&#8220;<\/span><\/p>\n<p style=\"text-align: right;\"><em>Stand der Angaben: 10 2011<\/em><\/p>\n","protected":false},"excerpt":{"rendered":"<p>Mathias Adam (man achte auf die Schreibweise des Vornamens) ist bei Storb zu finden unter dem Eintrag Nr. 5; als Geburtsdatum wird festgehalten: 9. M\u00e4rz 1906; allerdings schreibt Gerhard Storb, das Todesjahr sei 1936 (Todesort: Dirmingen) gewesen. Das kann so &hellip; <a href=\"https:\/\/unser-niedersaubach.de\/?page_id=2612\">Weiterlesen <span class=\"meta-nav\">&rarr;<\/span><\/a><\/p>\n","protected":false},"author":2,"featured_media":0,"parent":2593,"menu_order":4,"comment_status":"closed","ping_status":"closed","template":"","meta":{"ngg_post_thumbnail":0,"footnotes":""},"class_list":["post-2612","page","type-page","status-publish","hentry"],"_links":{"self":[{"href":"https:\/\/unser-niedersaubach.de\/index.php?rest_route=\/wp\/v2\/pages\/2612","targetHints":{"allow":["GET"]}}],"collection":[{"href":"https:\/\/unser-niedersaubach.de\/index.php?rest_route=\/wp\/v2\/pages"}],"about":[{"href":"https:\/\/unser-niedersaubach.de\/index.php?rest_route=\/wp\/v2\/types\/page"}],"author":[{"embeddable":true,"href":"https:\/\/unser-niedersaubach.de\/index.php?rest_route=\/wp\/v2\/users\/2"}],"replies":[{"embeddable":true,"href":"https:\/\/unser-niedersaubach.de\/index.php?rest_route=%2Fwp%2Fv2%2Fcomments&post=2612"}],"version-history":[{"count":35,"href":"https:\/\/unser-niedersaubach.de\/index.php?rest_route=\/wp\/v2\/pages\/2612\/revisions"}],"predecessor-version":[{"id":7644,"href":"https:\/\/unser-niedersaubach.de\/index.php?rest_route=\/wp\/v2\/pages\/2612\/revisions\/7644"}],"up":[{"embeddable":true,"href":"https:\/\/unser-niedersaubach.de\/index.php?rest_route=\/wp\/v2\/pages\/2593"}],"wp:attachment":[{"href":"https:\/\/unser-niedersaubach.de\/index.php?rest_route=%2Fwp%2Fv2%2Fmedia&parent=2612"}],"curies":[{"name":"wp","href":"https:\/\/api.w.org\/{rel}","templated":true}]}}