{"id":2634,"date":"2011-05-17T15:30:58","date_gmt":"2011-05-17T14:30:58","guid":{"rendered":"http:\/\/unser-niedersaubach.de\/?page_id=2634"},"modified":"2021-07-08T14:42:05","modified_gmt":"2021-07-08T13:42:05","slug":"josef-hermann","status":"publish","type":"page","link":"https:\/\/unser-niedersaubach.de\/?page_id=2634","title":{"rendered":"Josef Herrmann"},"content":{"rendered":"<p style=\"text-align: justify;\"><span style=\"color: #000000;\">Josef Herrmann war ein Kreuzwieser; bei Gerhard Storb ist er nicht zu finden. Er ist zwar &#8211; so sagt es seine Schwester Maria Eckert (Kreuzwies) &#8211; in Niedersaubach&nbsp; geboren, aber sowohl sein Vater Peter&nbsp; (* 1896\/ * 1951) als auch seine Mutter Maria, geb. Warken (* 1899\/ + 1977), stammten urspr\u00fcnglich aus Gresaubach. Josef hatte bzw. hat als Geschwister seine Schwester Maria (Kreuzwies, * 1926) und seinen Bruder Antonius (nach ausw\u00e4rts verheiratet, * 1932).<br><\/span><\/p>\n<div id=\"attachment_3204\" style=\"width: 460px\" class=\"wp-caption aligncenter\"><img loading=\"lazy\" decoding=\"async\" aria-describedby=\"caption-attachment-3204\" class=\"size-full wp-image-3204\" title=\"Passbild\" src=\"http:\/\/unser-niedersaubach.de\/wp-content\/uploads\/2011\/05\/Passbild6.jpg\" alt=\"\" width=\"450\" height=\"621\" srcset=\"https:\/\/unser-niedersaubach.de\/wp-content\/uploads\/2011\/05\/Passbild6.jpg 450w, https:\/\/unser-niedersaubach.de\/wp-content\/uploads\/2011\/05\/Passbild6-217x300.jpg 217w\" sizes=\"auto, (max-width: 450px) 100vw, 450px\" \/><p id=\"caption-attachment-3204\" class=\"wp-caption-text\">Josef Herrman, Fotoarchiv: Maria Eckert (Kreuzwies)<\/p><\/div>\n<div id=\"attachment_3302\" style=\"width: 460px\" class=\"wp-caption aligncenter\"><img loading=\"lazy\" decoding=\"async\" aria-describedby=\"caption-attachment-3302\" class=\"size-full wp-image-3302\" title=\"hj-11_Familienbild_450\" src=\"http:\/\/unser-niedersaubach.de\/wp-content\/uploads\/2011\/05\/hj-11_Familienbild_450.jpg\" alt=\"\" width=\"450\" height=\"286\" srcset=\"https:\/\/unser-niedersaubach.de\/wp-content\/uploads\/2011\/05\/hj-11_Familienbild_450.jpg 450w, https:\/\/unser-niedersaubach.de\/wp-content\/uploads\/2011\/05\/hj-11_Familienbild_450-300x190.jpg 300w\" sizes=\"auto, (max-width: 450px) 100vw, 450px\" \/><p id=\"caption-attachment-3302\" class=\"wp-caption-text\">Josef Herrmann (ganz rechts) mit seinen Eltern, seinem Gro\u00dfvater Peter Warken (Dorfschmied, Kreuzwies), seiner Schwester Maria und seinem Bruder Antonius; Fotoarchiv: Maria Eckert (Kreuzwies)<\/p><\/div>\n<div id=\"attachment_3304\" style=\"width: 460px\" class=\"wp-caption aligncenter\"><img loading=\"lazy\" decoding=\"async\" aria-describedby=\"caption-attachment-3304\" class=\"size-full wp-image-3304\" title=\"hj-11_Schwester_450\" src=\"http:\/\/unser-niedersaubach.de\/wp-content\/uploads\/2011\/05\/hj-11_Schwester_450.jpg\" alt=\"\" width=\"450\" height=\"631\" srcset=\"https:\/\/unser-niedersaubach.de\/wp-content\/uploads\/2011\/05\/hj-11_Schwester_450.jpg 450w, https:\/\/unser-niedersaubach.de\/wp-content\/uploads\/2011\/05\/hj-11_Schwester_450-213x300.jpg 213w\" sizes=\"auto, (max-width: 450px) 100vw, 450px\" \/><p id=\"caption-attachment-3304\" class=\"wp-caption-text\">Josef Herrmann mit seiner Schwester Maria vor der alten Volksschule am Kalkofen; Fotoarchiv: Maria Eckert (Kreuzwies)<\/p><\/div>\n<p style=\"text-align: justify;\">Josef Herrmann ist am 30. Januar 1925 geboren worden. Sein Todestag wird von seiner Schwester, Kreuzwieser Maria (Maria Eckert), f\u00fcr den 19. Oktober 1943 bestimmt.<\/p>\n<div id=\"attachment_3306\" style=\"width: 460px\" class=\"wp-caption aligncenter\"><img loading=\"lazy\" decoding=\"async\" aria-describedby=\"caption-attachment-3306\" class=\"size-full wp-image-3306\" title=\"hj-11_alte-Glocke_450\" src=\"http:\/\/unser-niedersaubach.de\/wp-content\/uploads\/2011\/05\/hj-11_alte-Glocke_450.jpg\" alt=\"\" width=\"450\" height=\"303\" srcset=\"https:\/\/unser-niedersaubach.de\/wp-content\/uploads\/2011\/05\/hj-11_alte-Glocke_450.jpg 450w, https:\/\/unser-niedersaubach.de\/wp-content\/uploads\/2011\/05\/hj-11_alte-Glocke_450-300x202.jpg 300w\" sizes=\"auto, (max-width: 450px) 100vw, 450px\" \/><p id=\"caption-attachment-3306\" class=\"wp-caption-text\">Josef Herrmann (2.v.r., vorn) bei der Verbringung der alten Glocke in die Antoniuskapelle; Fotoarchiv: Maria Eckert (Kreuzwies)<\/p><\/div>\n<div id=\"attachment_3219\" style=\"width: 460px\" class=\"wp-caption aligncenter\"><img loading=\"lazy\" decoding=\"async\" aria-describedby=\"caption-attachment-3219\" class=\"size-full wp-image-3219\" title=\"Josef-Herrmann_und\" src=\"http:\/\/unser-niedersaubach.de\/wp-content\/uploads\/2011\/05\/Josef-Herrmann_und.jpg\" alt=\"\" width=\"450\" height=\"681\" srcset=\"https:\/\/unser-niedersaubach.de\/wp-content\/uploads\/2011\/05\/Josef-Herrmann_und.jpg 450w, https:\/\/unser-niedersaubach.de\/wp-content\/uploads\/2011\/05\/Josef-Herrmann_und-198x300.jpg 198w\" sizes=\"auto, (max-width: 450px) 100vw, 450px\" \/><p id=\"caption-attachment-3219\" class=\"wp-caption-text\">Josef Herrman (links)&nbsp; mit seinen Freunden Freisen Peter und Jagersch Ewald (rechts) ; Fotoarchiv: Maria Eckert (Kreuzwies)<\/p><\/div>\n<div id=\"attachment_3300\" style=\"width: 460px\" class=\"wp-caption aligncenter\"><img loading=\"lazy\" decoding=\"async\" aria-describedby=\"caption-attachment-3300\" class=\"size-full wp-image-3300\" title=\"hj-11_Lindenkreuz_450\" src=\"http:\/\/unser-niedersaubach.de\/wp-content\/uploads\/2011\/05\/hj-11_Lindenkreuz_450.jpg\" alt=\"\" width=\"450\" height=\"702\" srcset=\"https:\/\/unser-niedersaubach.de\/wp-content\/uploads\/2011\/05\/hj-11_Lindenkreuz_450.jpg 450w, https:\/\/unser-niedersaubach.de\/wp-content\/uploads\/2011\/05\/hj-11_Lindenkreuz_450-192x300.jpg 192w\" sizes=\"auto, (max-width: 450px) 100vw, 450px\" \/><p id=\"caption-attachment-3300\" class=\"wp-caption-text\">Die 3 Freunde oben am Lindenkreuz unterhalb von Tanneck; Fotoarchiv: Maria Eckert (Kreuzwies)<\/p><\/div>\n<p style=\"text-align: justify;\"><span style=\"color: #000000;\">Diesen Todestag best\u00e4tigt auch die WASt. Der Grenadier Josef Herrmann sei am 19. Oktober 1943 um 5 Uhr (Einheit: 4. Kompanie des Panzergrenadierregimentes 2, benannt nach Hermann G\u00f6ring) \u00f6stlich von Pignatara\/ Italien infolge einer schweren Verwundung verstorben. Er liege nun &#8222;unter den Unbekannten&#8220; auf dem Friedhof Cassino\/ Italien begraben.<\/span><\/p>\n<div id=\"attachment_3838\" style=\"width: 460px\" class=\"wp-caption aligncenter\"><img loading=\"lazy\" decoding=\"async\" aria-describedby=\"caption-attachment-3838\" class=\"size-full wp-image-3838\" title=\"Josef Herrmann\" src=\"http:\/\/unser-niedersaubach.de\/wp-content\/uploads\/2011\/05\/Josef-Herrmann1.jpg\" alt=\"\" width=\"450\" height=\"72\" srcset=\"https:\/\/unser-niedersaubach.de\/wp-content\/uploads\/2011\/05\/Josef-Herrmann1.jpg 450w, https:\/\/unser-niedersaubach.de\/wp-content\/uploads\/2011\/05\/Josef-Herrmann1-300x48.jpg 300w\" sizes=\"auto, (max-width: 450px) 100vw, 450px\" \/><p id=\"caption-attachment-3838\" class=\"wp-caption-text\">Josef Herrmann laut WASt im Schreiben vom 3. Mai 2010<\/p><\/div>\n<p style=\"text-align: justify;\">Damals aber, als die Todesnachricht bei der Familie Herrmann in Niedersaubach eintraf, ging die WASt noch davon aus, dass Josef Herrmann bei einer Bergungsaktion zusammen mit 6 weiteren Kameraden (sie wollten ihren t\u00f6dlich verwundeten Zugf\u00fchrer aus der vordersten Kampflinie evakuieren) in englische Gefangenschaft geraten sein k\u00f6nnte. Die Benachrichtigung der Wehrmachtsauskunftsstelle erreicht seine Familie im M\u00e4rz 1944; das darin enthaltene Schreiben seines Kompaniechefs, Olt Weitzig, stammte vom 26. Oktober 1943.<\/p>\n<div id=\"attachment_3308\" style=\"width: 460px\" class=\"wp-caption aligncenter\"><a title=\"Benachrichtigungsschreiben der WASt zum Tod von Josef Herrmann\" href=\"http:\/\/unser-niedersaubach.de\/Dokumente\/WKII\/Josef-Herrmann\/hj-2_Benachrichtigung.pdf\" target=\"_blank\" rel=\"noopener\"><img loading=\"lazy\" decoding=\"async\" aria-describedby=\"caption-attachment-3308\" class=\"size-full wp-image-3308\" title=\"hj-1_WAST_26-03-1944\" src=\"http:\/\/unser-niedersaubach.de\/wp-content\/uploads\/2011\/05\/hj-1_WAST_26-03-1944.jpg\" alt=\"\" width=\"450\" height=\"324\" srcset=\"https:\/\/unser-niedersaubach.de\/wp-content\/uploads\/2011\/05\/hj-1_WAST_26-03-1944.jpg 450w, https:\/\/unser-niedersaubach.de\/wp-content\/uploads\/2011\/05\/hj-1_WAST_26-03-1944-300x216.jpg 300w\" sizes=\"auto, (max-width: 450px) 100vw, 450px\" \/><\/a><p id=\"caption-attachment-3308\" class=\"wp-caption-text\">WAST benachrichtigt die Familie am 26.03.1944; Archiv: Maria Eckert (Kreuzwies)<\/p><\/div>\n<p style=\"text-align: center;\"><span style=\"color: #ff0000;\">Dieses Startbild anklicken, um zum Benachrichtigungsschreiben seines Komapaniechefs vom 26. Oktober 1943 zu kommen!<\/span><\/p>\n<p style=\"text-align: justify;\">Josef Herrmann wurde laut Kreuzwieser Maria 1942 eingezogen, nachdem er schon beim RAD (Reichsarbeitsdienst) dienstverpflichtet war. Die \u00fcberaus harte Grundausbildung (\u00fcber die er sich wohl in einigen Briefen an die Heimat beschwert hatte) bei seinem Panzergrenadierregiment fand in Holland statt. Er sei danach sofort nach Italien gekommen und habe Niedersaubach nicht wiedergesehen.<\/p>\n<p style=\"text-align: justify;\"><a title=\"Grablage laut Volksbund\" href=\"http:\/\/www.volksbund.de\/index.php?id=1775&amp;tx_igverlustsuche_pi2[gid]=1bdf08f18fe602bc88121c8ab1e4a543\" target=\"_blank\" rel=\"noopener\"><strong><span style=\"color: #0000ff;\">Dem Volksbund ist seine Grablage bekannt.<\/span><\/strong><\/a><\/p>\n<p style=\"text-align: justify;\"><span style=\"color: #000000;\">Josef Herrmann ist laut Auskunft des Volksbundes, best\u00e4tigt durch die WASt in einem Schreiben an seine Familie vom 6. Mai 2003,&nbsp; vermutlich als unbekannter deutscher Soldat auf dem Soldatenfriedhof Cassino (Italien) beerdigt worden.<\/span><\/p>\n<div id=\"attachment_3316\" style=\"width: 460px\" class=\"wp-caption aligncenter\"><img loading=\"lazy\" decoding=\"async\" aria-describedby=\"caption-attachment-3316\" class=\"size-full wp-image-3316\" title=\"hj-9_08-09-1943_Wiedersehen_450\" src=\"http:\/\/unser-niedersaubach.de\/wp-content\/uploads\/2011\/05\/hj-9_08-09-1943_Wiedersehen_450.jpg\" alt=\"\" width=\"450\" height=\"166\" srcset=\"https:\/\/unser-niedersaubach.de\/wp-content\/uploads\/2011\/05\/hj-9_08-09-1943_Wiedersehen_450.jpg 450w, https:\/\/unser-niedersaubach.de\/wp-content\/uploads\/2011\/05\/hj-9_08-09-1943_Wiedersehen_450-300x110.jpg 300w\" sizes=\"auto, (max-width: 450px) 100vw, 450px\" \/><p id=\"caption-attachment-3316\" class=\"wp-caption-text\">Gru\u00df von Josef Herrmann vom 8. September 1943 aus S\u00fcditalien; Archiv: Maria Eckert (Kreuzwies)<\/p><\/div>\n<div id=\"attachment_3208\" style=\"width: 460px\" class=\"wp-caption aligncenter\"><a title=\"Soldatenfriedhof &quot;Cassino&quot;; Fotoarchiv: Wikipedia (gemeinfrei)\" href=\"http:\/\/de.wikipedia.org\/w\/index.php?title=Datei:Cimitero_militare_Germanico_Cassino_2010-by-RaBoe-02.jpg&amp;filetimestamp=20100910220108\" target=\"_blank\" rel=\"noopener\"><img loading=\"lazy\" decoding=\"async\" aria-describedby=\"caption-attachment-3208\" class=\"size-full wp-image-3208\" title=\"Bilder f\u00fcr Wikipedia\" src=\"http:\/\/unser-niedersaubach.de\/wp-content\/uploads\/2011\/05\/Soldatenfriedhof_Cassino.jpg\" alt=\"\" width=\"450\" height=\"299\" srcset=\"https:\/\/unser-niedersaubach.de\/wp-content\/uploads\/2011\/05\/Soldatenfriedhof_Cassino.jpg 450w, https:\/\/unser-niedersaubach.de\/wp-content\/uploads\/2011\/05\/Soldatenfriedhof_Cassino-300x199.jpg 300w\" sizes=\"auto, (max-width: 450px) 100vw, 450px\" \/><\/a><p id=\"caption-attachment-3208\" class=\"wp-caption-text\">Soldatenfriedhof &#8222;Cassino&#8220;; Fotoarchiv: Wikipedia (gemeinfrei)<\/p><\/div>\n<p style=\"text-align: justify;\"><a title=\"Panzergrenadierregiment 2, Quelle: Lexikon der Wehrmacht\" href=\"http:\/\/www.lexikon-der-wehrmacht.de\/Gliederungen\/FallschirmPanzergrenRgt\/FallschPzGrenRgt2-R.htm\" target=\"_blank\" rel=\"noopener\"><strong><span style=\"color: #0000ff;\">Sein Panzergrenadierregiment Nr. 2, benannt nach Hermann G\u00f6ring, wurde laut Lexikon der Wehrmacht im Sommer 1943 in S\u00fcdfrankreich, Holland und S\u00fcditalien als Ersatz f\u00fcr das in Tunis vernichtete Grenadier-Regiment 2 &#8222;Hermann G\u00f6ring&#8220; aufgestellt.<\/span><\/strong><\/a> Es unterstand der <span style=\"color: #0000ff;\"><strong><a title=\"Panzer-Division &quot;Hermann G\u00f6ring&quot;, Quelle: Lexikon der Wehrmacht\" href=\"http:\/\/www.lexikon-der-wehrmacht.de\/Gliederungen\/PanzerdivisionenLw\/1PDL.htm\" target=\"_blank\" rel=\"noopener\"><span style=\"color: #0000ff;\">Fallschirm-Panzer-Division &#8222;Hermann G\u00f6ring&#8220;<\/span><\/a>.<br><\/strong><\/span><\/p>\n<p style=\"text-align: justify;\">Seine 4. Kompanie war eine schwere motorisierte Panzergrenadierkompanie.<\/p>\n<p style=\"text-align: justify;\">Nachdem am 10. Juli 1943 die Amerikaner auf Sizilien gelandet waren, zogen sich die deutschen Verb\u00e4nde auf das italienische Festland zur\u00fcck. Dieser R\u00fcckzug wurde von der Division, zu der auch die Kompanie von Josef Herrman geh\u00f6rte, gedeckt; sie war sozusagen die Nachhut bei der R\u00e4umung Siziliens. <a title=\"Operation &quot;Avalanche&quot; bei Salerno; Quelle: Wikipedia\" href=\"http:\/\/de.wikipedia.org\/wiki\/Operation_Avalanche_%28Zweiter_Weltkrieg%29\" target=\"_blank\" rel=\"noopener\"><strong><span style=\"color: #0000ff;\">Als dann am 9. September 1943 die Amerikaner auch das italienische Festland bei Salerno angriffen, wurde die Panzerdivision 2 mit der Abwehr der Landung beauftragt, was ihr aber misslang.<\/span><\/strong><\/a> Sie musste sich schlie\u00dflich auf eine Kampflinie n\u00f6rdlich von Neapel bei St. Maria, Capua und Caserta zur\u00fcckziehen.<\/p>\n<p style=\"text-align: justify;\">In einigen Briefen an die Familie schilderte der 18-J\u00e4hrige die gespannte Lage an der Front, an der man nach dem Ausstieg Italiens am 25. Juli 1943 (Absetzung Mussolinis durch den Gro\u00dfen Rat der italienischen Faschisten) aus der Kriegskoalition mit Deutschland den Angriff der britischen und amerikanischen Alliierten von S\u00fcden her erwartete. Die Stimmung in diesen Briefen war deshalb nicht sehr italienfreundlich. Interessant ist, dass er beil\u00e4ufig erw\u00e4hnt, dass ein weiterer Niedersaubacher in seiner Kompanie dient, n\u00e4mlich Bambachs Erwin (Hausname &#8222;Bambach&#8220; bezeichnet 1. Haus rechts an der Hauptstra\u00dfe, heute Antoniusstra\u00dfe, von Lebach her kommend).<\/p>\n<div id=\"attachment_3311\" style=\"width: 460px\" class=\"wp-caption aligncenter\"><a title=\"Feldpost vom 23. August 1943\" href=\"http:\/\/unser-niedersaubach.de\/Dokumente\/WKII\/Josef-Herrmann\/hj-5_01-08-1943.pdf\" target=\"_blank\" rel=\"noopener\"><img loading=\"lazy\" decoding=\"async\" aria-describedby=\"caption-attachment-3311\" class=\"size-full wp-image-3311\" title=\"hj-3_23-08-1943\" src=\"http:\/\/unser-niedersaubach.de\/wp-content\/uploads\/2011\/05\/hj-3_23-08-1943.jpg\" alt=\"\" width=\"450\" height=\"529\" srcset=\"https:\/\/unser-niedersaubach.de\/wp-content\/uploads\/2011\/05\/hj-3_23-08-1943.jpg 450w, https:\/\/unser-niedersaubach.de\/wp-content\/uploads\/2011\/05\/hj-3_23-08-1943-255x300.jpg 255w\" sizes=\"auto, (max-width: 450px) 100vw, 450px\" \/><\/a><p id=\"caption-attachment-3311\" class=\"wp-caption-text\">Feldpost, abgestempelt am 23.08.1943, datiert vom 01.08.1943; Archiv: Maria Eckert (Kreuzwies)<\/p><\/div>\n<p style=\"text-align: center;\"><strong><span style=\"color: #0000ff;\"><a title=\"Feldpost vom 8. September 1943\" href=\"http:\/\/unser-niedersaubach.de\/Dokumente\/WKII\/Josef-Herrmann\/hj-9_08-09-1943.pdf\" target=\"_blank\" rel=\"noopener\"><span style=\"color: #0000ff;\">Und hier ein Brief vom 08.09.1943, von dem der Umschlag fehlt (einfach anklicken, um zur PDF-Datei zu kommen)!<\/span><\/a><\/span><\/strong><\/p>\n<div id=\"attachment_3312\" style=\"width: 457px\" class=\"wp-caption aligncenter\"><a title=\"Feldpost vom 18. September 1943\" href=\"http:\/\/unser-niedersaubach.de\/Dokumente\/WKII\/Josef-Herrmann\/hj-8_18-09-1943.pdf\" target=\"_blank\" rel=\"noopener\"><img loading=\"lazy\" decoding=\"async\" aria-describedby=\"caption-attachment-3312\" class=\"size-full wp-image-3312\" title=\"hj-8_25-09-1943\" src=\"http:\/\/unser-niedersaubach.de\/wp-content\/uploads\/2011\/05\/hj-8_25-09-1943.jpg\" alt=\"\" width=\"447\" height=\"305\" srcset=\"https:\/\/unser-niedersaubach.de\/wp-content\/uploads\/2011\/05\/hj-8_25-09-1943.jpg 447w, https:\/\/unser-niedersaubach.de\/wp-content\/uploads\/2011\/05\/hj-8_25-09-1943-300x204.jpg 300w\" sizes=\"auto, (max-width: 447px) 100vw, 447px\" \/><\/a><p id=\"caption-attachment-3312\" class=\"wp-caption-text\">Feldpost, abgestempelt am 25.09.1943, datiert vom 18.09.1943; Archiv: Maria Eckert (Kreuzwies)&nbsp;<\/p><\/div>\n<div id=\"attachment_3314\" style=\"width: 460px\" class=\"wp-caption aligncenter\"><a title=\"Feldpost vom 7. Oktober 1943\" href=\"http:\/\/unser-niedersaubach.de\/Dokumente\/WKII\/Josef-Herrmann\/hj-11_07-10-1943.pdf\" target=\"_blank\" rel=\"noopener\"><img loading=\"lazy\" decoding=\"async\" aria-describedby=\"caption-attachment-3314\" class=\"size-full wp-image-3314 \" title=\"hj-10_09-10-1943\" src=\"http:\/\/unser-niedersaubach.de\/wp-content\/uploads\/2011\/05\/hj-10_09-10-19431.jpg\" alt=\"\" width=\"450\" height=\"360\" srcset=\"https:\/\/unser-niedersaubach.de\/wp-content\/uploads\/2011\/05\/hj-10_09-10-19431.jpg 450w, https:\/\/unser-niedersaubach.de\/wp-content\/uploads\/2011\/05\/hj-10_09-10-19431-300x240.jpg 300w\" sizes=\"auto, (max-width: 450px) 100vw, 450px\" \/><\/a><p id=\"caption-attachment-3314\" class=\"wp-caption-text\">Feldpost, abgestempelt am 09.10.1943, datiert vom 07.10.1943; Archiv: Maria Eckert (Kreuzwies)<\/p><\/div>\n<div id=\"attachment_3315\" style=\"width: 460px\" class=\"wp-caption aligncenter\"><a title=\"letzte Felpost kurz vor seinem Tod vom Oktober 1943\" href=\"http:\/\/unser-niedersaubach.de\/Dokumente\/WKII\/Josef-Herrmann\/hj-7_16-10-1943.pdf\" target=\"_blank\" rel=\"noopener\"><img loading=\"lazy\" decoding=\"async\" aria-describedby=\"caption-attachment-3315\" class=\"size-full wp-image-3315\" title=\"hj-6_16-10-1943\" src=\"http:\/\/unser-niedersaubach.de\/wp-content\/uploads\/2011\/05\/hj-6_16-10-1943.jpg\" alt=\"\" width=\"450\" height=\"376\" srcset=\"https:\/\/unser-niedersaubach.de\/wp-content\/uploads\/2011\/05\/hj-6_16-10-1943.jpg 450w, https:\/\/unser-niedersaubach.de\/wp-content\/uploads\/2011\/05\/hj-6_16-10-1943-300x250.jpg 300w\" sizes=\"auto, (max-width: 450px) 100vw, 450px\" \/><\/a><p id=\"caption-attachment-3315\" class=\"wp-caption-text\">Feldpost, abgestempelt am 16.10.1943, datiert vom (ohne Datum); Archiv: Maria Eckert (Kreuzwies)<\/p><\/div>\n<p style=\"text-align: center;\"><span style=\"color: #ff0000;\">Die Startbilder anklicken, um die Feldpostbriefe zu erhalten!<\/span><\/p>\n<p style=\"text-align: justify;\">Anfang 1944 w\u00fcrde sich dort beim Kloster Monte Cassino einer der verlustreichsten Schlachten des 2. Weltkrieges ereignen. Da war aber Josef Herrmann schon tot; er war vermutlich bei der Bildung der starken deutschen Verteidigungslinie (Gustav-Linie) n\u00f6rdlich von Neapel bei Pignataro gefallen.<\/p>\n<p style=\"text-align: right;\"><em>Stand der Angaben: Juni 2011<\/em><\/p>\n<p>&nbsp;<\/p>\n<div style=\"height: 450px;\">\n<div style=\"position: absolute;\">\n<p><a style=\"font-size: inherit; text-align: justify;\" title=\"Kartenansicht bei maps.google.de\" href=\"http:\/\/maps.google.de\/maps?q=Pignataro+Interamna,+Italien&amp;hl=de&amp;sll=-89.189705,39.375&amp;sspn=0.00468,0.441513&amp;t=h&amp;z=7\" target=\"_blank\" rel=\"noopener\"><strong><span style=\"color: #0000ff;\">Hier die Kartenansicht bei maps.google.de w\u00e4hlen (einfach anklicken)!<\/span><\/strong><\/a><\/p>\n<\/div>\n<\/div>\n\n\n<p><\/p>\n","protected":false},"excerpt":{"rendered":"<p>Josef Herrmann war ein Kreuzwieser; bei Gerhard Storb ist er nicht zu finden. Er ist zwar &#8211; so sagt es seine Schwester Maria Eckert (Kreuzwies) &#8211; in Niedersaubach&nbsp; geboren, aber sowohl sein Vater Peter&nbsp; (* 1896\/ * 1951) als auch &hellip; <a href=\"https:\/\/unser-niedersaubach.de\/?page_id=2634\">Weiterlesen <span class=\"meta-nav\">&rarr;<\/span><\/a><\/p>\n","protected":false},"author":2,"featured_media":0,"parent":2593,"menu_order":13,"comment_status":"closed","ping_status":"closed","template":"","meta":{"ngg_post_thumbnail":0,"footnotes":""},"class_list":["post-2634","page","type-page","status-publish","hentry"],"_links":{"self":[{"href":"https:\/\/unser-niedersaubach.de\/index.php?rest_route=\/wp\/v2\/pages\/2634","targetHints":{"allow":["GET"]}}],"collection":[{"href":"https:\/\/unser-niedersaubach.de\/index.php?rest_route=\/wp\/v2\/pages"}],"about":[{"href":"https:\/\/unser-niedersaubach.de\/index.php?rest_route=\/wp\/v2\/types\/page"}],"author":[{"embeddable":true,"href":"https:\/\/unser-niedersaubach.de\/index.php?rest_route=\/wp\/v2\/users\/2"}],"replies":[{"embeddable":true,"href":"https:\/\/unser-niedersaubach.de\/index.php?rest_route=%2Fwp%2Fv2%2Fcomments&post=2634"}],"version-history":[{"count":53,"href":"https:\/\/unser-niedersaubach.de\/index.php?rest_route=\/wp\/v2\/pages\/2634\/revisions"}],"predecessor-version":[{"id":8731,"href":"https:\/\/unser-niedersaubach.de\/index.php?rest_route=\/wp\/v2\/pages\/2634\/revisions\/8731"}],"up":[{"embeddable":true,"href":"https:\/\/unser-niedersaubach.de\/index.php?rest_route=\/wp\/v2\/pages\/2593"}],"wp:attachment":[{"href":"https:\/\/unser-niedersaubach.de\/index.php?rest_route=%2Fwp%2Fv2%2Fmedia&parent=2634"}],"curies":[{"name":"wp","href":"https:\/\/api.w.org\/{rel}","templated":true}]}}