{"id":2643,"date":"2011-05-17T15:37:27","date_gmt":"2011-05-17T14:37:27","guid":{"rendered":"http:\/\/unser-niedersaubach.de\/?page_id=2643"},"modified":"2018-05-21T15:49:35","modified_gmt":"2018-05-21T14:49:35","slug":"johann-neu","status":"publish","type":"page","link":"https:\/\/unser-niedersaubach.de\/?page_id=2643","title":{"rendered":"Johann Neu"},"content":{"rendered":"<p style=\"text-align: justify;\"><span style=\"color: #000000;\">Johann Neu ist bei Gerhard Storb in den Lebacher Familienb\u00fcchern zu finden unter der Eintrag-Nr.:\u00a02049.6; laut dieses Eintrages ist er geboren am\u00a011.11.1908 und gestorben am\u00a014.11.1943. Sein Vater war\u00a0Aloysius Neu (* 1872\/ + 1945); die Mutter hie\u00df\u00a0Barbara Loew (* 1878\/ + 1956).<\/span><\/p>\n<div id=\"attachment_4119\" style=\"width: 460px\" class=\"wp-caption aligncenter\"><img loading=\"lazy\" decoding=\"async\" aria-describedby=\"caption-attachment-4119\" class=\"size-full wp-image-4119\" title=\"Neu_Johann\" src=\"http:\/\/unser-niedersaubach.de\/wp-content\/uploads\/2011\/05\/Neu_Johann.jpg\" alt=\"\" width=\"450\" height=\"614\" srcset=\"https:\/\/unser-niedersaubach.de\/wp-content\/uploads\/2011\/05\/Neu_Johann.jpg 450w, https:\/\/unser-niedersaubach.de\/wp-content\/uploads\/2011\/05\/Neu_Johann-219x300.jpg 219w\" sizes=\"auto, (max-width: 450px) 100vw, 450px\" \/><p id=\"caption-attachment-4119\" class=\"wp-caption-text\">Johann Neu; Fotoarchiv: Robert Schmidt (Rauen)<\/p><\/div>\n<p style=\"text-align: justify;\">Laut Storb ist unser Gesuchter am 30.01.1957 vom Amtsgericht Lebach f\u00fcr tot erkl\u00e4rt worden.<\/p>\n<div id=\"attachment_4121\" style=\"width: 460px\" class=\"wp-caption aligncenter\"><img loading=\"lazy\" decoding=\"async\" aria-describedby=\"caption-attachment-4121\" class=\"size-full wp-image-4121\" title=\"Neu_Johann_Soldat\" src=\"http:\/\/unser-niedersaubach.de\/wp-content\/uploads\/2011\/05\/Neu_Johann_Soldat.jpg\" alt=\"\" width=\"450\" height=\"723\" srcset=\"https:\/\/unser-niedersaubach.de\/wp-content\/uploads\/2011\/05\/Neu_Johann_Soldat.jpg 450w, https:\/\/unser-niedersaubach.de\/wp-content\/uploads\/2011\/05\/Neu_Johann_Soldat-186x300.jpg 186w\" sizes=\"auto, (max-width: 450px) 100vw, 450px\" \/><p id=\"caption-attachment-4121\" class=\"wp-caption-text\">Johann Neu als Soldat; Fotoarchiv: Robert Schmidt (Rauen)<\/p><\/div>\n<p style=\"text-align: justify;\">Die Wehrmachtsauskunftsstelle schreibt zum Grenadier Johann Neu aus Falscheid:<\/p>\n<div id=\"attachment_4115\" style=\"width: 460px\" class=\"wp-caption aligncenter\"><img loading=\"lazy\" decoding=\"async\" aria-describedby=\"caption-attachment-4115\" class=\"size-full wp-image-4115\" title=\"Neu-Johann_WASt\" src=\"http:\/\/unser-niedersaubach.de\/wp-content\/uploads\/2011\/05\/Neu-Johann_WASt.jpg\" alt=\"\" width=\"450\" height=\"148\" srcset=\"https:\/\/unser-niedersaubach.de\/wp-content\/uploads\/2011\/05\/Neu-Johann_WASt.jpg 450w, https:\/\/unser-niedersaubach.de\/wp-content\/uploads\/2011\/05\/Neu-Johann_WASt-300x98.jpg 300w\" sizes=\"auto, (max-width: 450px) 100vw, 450px\" \/><p id=\"caption-attachment-4115\" class=\"wp-caption-text\">Johann Neu laut WASt-Schreiben vom 3. Mai 2010<\/p><\/div>\n<p style=\"text-align: justify;\"><span style=\"color: #000000;\">Halscheid als Geburtsort soll nat\u00fcrlich Falscheid lauten (ich habe diesen Schreibfehler schon an den Volksbund gemeldet).<\/span><\/p>\n<div id=\"attachment_4129\" style=\"width: 460px\" class=\"wp-caption aligncenter\"><a title=\"Familie Schmidt (Schmitt), Hausname: Rauen, Fotoarchiv: Rauen Robert (Jahrgang 1929), Aufnahme: 1935\" href=\"http:\/\/unser-niedersaubach.de\/Dokumente\/WKII\/Johann-Neu\/Familie_Schmidt_Rauen.pdf\" target=\"_blank\" rel=\"noopener\"><img loading=\"lazy\" decoding=\"async\" aria-describedby=\"caption-attachment-4129\" class=\"size-full wp-image-4129\" title=\"Familie_Schmidt_Rauen_450\" src=\"http:\/\/unser-niedersaubach.de\/wp-content\/uploads\/2011\/05\/Familie_Schmidt_Rauen_450.jpg\" alt=\"\" width=\"450\" height=\"282\" srcset=\"https:\/\/unser-niedersaubach.de\/wp-content\/uploads\/2011\/05\/Familie_Schmidt_Rauen_450.jpg 450w, https:\/\/unser-niedersaubach.de\/wp-content\/uploads\/2011\/05\/Familie_Schmidt_Rauen_450-300x188.jpg 300w\" sizes=\"auto, (max-width: 450px) 100vw, 450px\" \/><\/a><p id=\"caption-attachment-4129\" class=\"wp-caption-text\">Familie Schmidt (Rauen), Fotoarchiv: Robert Schmidt (Rauen); v.l.n.r. (Aufnahme stammt von 1935): Mathilde (Till), (Katharina Riehm, die nicht unmittelbar zur Familie geh\u00f6rte), Maria (sp\u00e4ter: Neu), Hedwig, Anna (die Mutter der Familie; der Vater war nicht zugegen), Anna (die sp\u00e4ter Nonne wurde), Martha und (davor) Robert<\/p><\/div>\n<p style=\"text-align: center;\"><em><span style=\"color: #ff0000;\">Dieses Startbild zur Vergr\u00f6\u00dferung anklicken!<\/span><\/em><\/p>\n<p style=\"text-align: justify;\">Ansonsten best\u00e4tigen sich die Angaben von Gerhard Storb.<\/p>\n<p style=\"text-align: justify;\">Es fragt sich nun, warum ein Falscheider seinen Erinnerungsplatz in unserer Kapelle gefunden hat. Er selber hat n\u00e4mlich nie in Niedersaubach gelebt. Ganz einfach: Er hat eine Frau aus Niedersaubach geheiratet, n\u00e4mlich eine Schwester von Robert Schmidt (Rauen) names Maria Schmidt (Schmitt) am 5. Januar 1937. Mit ihr lebte er in Knorscheid; 2 Kinder stammten aus ihrer Ehe: Gisela und Lothar. Die Angaben stammen von Robert Schmidt (Rauen, Jahrgang 1929), mit dem ich im Dezember 2011 und im Januar 2012 mehrere Gespr\u00e4che hierzu gef\u00fchrt hatte.<\/p>\n<div id=\"attachment_4133\" style=\"width: 460px\" class=\"wp-caption aligncenter\"><a title=\"Maria und Johann Neu bei der der Hochzeit von Maria und Willi Riehm vor Ausbruch des 2. Weltkrieges in Falscheid; Fotoarchiv: Robert Schmidt (Rauen)\" href=\"http:\/\/unser-niedersaubach.de\/Dokumente\/WKII\/Johann-Neu\/Hochzeit_Willi-und-Maria-Riehm.pdf\" target=\"_blank\" rel=\"noopener\"><img loading=\"lazy\" decoding=\"async\" aria-describedby=\"caption-attachment-4133\" class=\"size-full wp-image-4133\" title=\"Hochzeit_Willi-und-Maria-Riehm_450\" src=\"http:\/\/unser-niedersaubach.de\/wp-content\/uploads\/2011\/05\/Hochzeit_Willi-und-Maria-Riehm_450.jpg\" alt=\"\" width=\"450\" height=\"333\" srcset=\"https:\/\/unser-niedersaubach.de\/wp-content\/uploads\/2011\/05\/Hochzeit_Willi-und-Maria-Riehm_450.jpg 450w, https:\/\/unser-niedersaubach.de\/wp-content\/uploads\/2011\/05\/Hochzeit_Willi-und-Maria-Riehm_450-300x222.jpg 300w\" sizes=\"auto, (max-width: 450px) 100vw, 450px\" \/><\/a><p id=\"caption-attachment-4133\" class=\"wp-caption-text\">Maria und Johann Neu bei der Hochzeit von Maria und Willi Riehm (Lebsen) in Falscheid vor Ausbruch des 2. Weltkrieges (links oben); Fotoarchiv: Robert Schmidt (Rauen); Hinweis: Die h\u00fcbsche Dame ganz rechts im wei\u00dfen Kleid ist meine Mutter, Martha Warken (sp\u00e4ter: Schmidt), die mit Maria Riehm befreundet war<\/p><\/div>\n<p style=\"text-align: center;\"><em><span style=\"color: #ff0000;\">Dieses Startbild zur Vergr\u00f6\u00dferung anklicken!<\/span><\/em><\/p>\n<p style=\"text-align: justify;\">Maria Neu starb laut Robert Schmidt (Rauen) bereits 1940, und zwar am 16. Februar.<\/p>\n<div id=\"attachment_4139\" style=\"width: 460px\" class=\"wp-caption aligncenter\"><img loading=\"lazy\" decoding=\"async\" aria-describedby=\"caption-attachment-4139\" class=\"size-full wp-image-4139\" title=\"Maria-Neu_Totenbildchen\" src=\"http:\/\/unser-niedersaubach.de\/wp-content\/uploads\/2011\/05\/Maria-Neu_Totenbildchen.jpg\" alt=\"\" width=\"450\" height=\"784\" srcset=\"https:\/\/unser-niedersaubach.de\/wp-content\/uploads\/2011\/05\/Maria-Neu_Totenbildchen.jpg 450w, https:\/\/unser-niedersaubach.de\/wp-content\/uploads\/2011\/05\/Maria-Neu_Totenbildchen-172x300.jpg 172w\" sizes=\"auto, (max-width: 450px) 100vw, 450px\" \/><p id=\"caption-attachment-4139\" class=\"wp-caption-text\">Totenbildchen von Maria Neu aus 1949; Archiv: Robert Schmidt (Rauen)<\/p><\/div>\n<p style=\"text-align: justify;\">Und als 1943 Johann Neu an der Ostfront vermisst wurde, waren Gisela und Lothar Vollwaisen. Die v\u00e4terlichen Angeh\u00f6rigen nahmen sich des M\u00e4dchens an; sie wuchs in Knorscheid auf. Der Sohn Lothar wurde in Rauen im &#8222;Unnerschden Ecken&#8220; bei den m\u00fctterlichen Angeh\u00f6rigen gro\u00dfgezogen (er heiratete sp\u00e4ter \u00fcbrigens eine Nichte des Religionslehrers <a title=\"Pater Dr. Peter Adams\" href=\"http:\/\/unser-niedersaubach.de\/?page_id=1480\"><strong><span style=\"color: #0000ff;\">Pater Dr. Peter Adams<\/span><\/strong><\/a>, der Niedersaubach nach dem Krieg \u00fcber viele Jahre seelsorgerisch betreute; sie hie\u00df Laura). Gisela wurde auf tragische Weise am 20. August 1959 (damals war sie schon verwitwet, weil ihr Mann t\u00f6dlich mit einem Traktor verungl\u00fcckt war) Opfer eines Kapitalverbrechens auf dem Hoxberg zwischen Zollstock und Knorscheid; die Saarbr\u00fccker Zeitung berichtete am 23. Februar 1961 \u00fcber die Verurteilung des 21-j\u00e4hrigen T\u00e4ters aus Saarwellingen zu einer lebenslangen Zuchthausstrafe.<\/p>\n<div id=\"attachment_4123\" style=\"width: 310px\" class=\"wp-caption aligncenter\"><img loading=\"lazy\" decoding=\"async\" aria-describedby=\"caption-attachment-4123\" class=\"size-full wp-image-4123\" title=\"Gisela-und-Lothar-Neu\" src=\"http:\/\/unser-niedersaubach.de\/wp-content\/uploads\/2011\/05\/Gisela-und-Lothar-Neu.jpg\" alt=\"\" width=\"300\" height=\"315\" srcset=\"https:\/\/unser-niedersaubach.de\/wp-content\/uploads\/2011\/05\/Gisela-und-Lothar-Neu.jpg 300w, https:\/\/unser-niedersaubach.de\/wp-content\/uploads\/2011\/05\/Gisela-und-Lothar-Neu-285x300.jpg 285w\" sizes=\"auto, (max-width: 300px) 100vw, 300px\" \/><p id=\"caption-attachment-4123\" class=\"wp-caption-text\">Gisela und Lothar Neu; Fotoarchiv: Robert Schmidt (Rauen)<\/p><\/div>\n<p style=\"text-align: justify;\">Nun erschlie\u00dft sich auch die Tatsache, dass man dieses Falscheider\/ Knorscheider Gefallenen in der Saubacher Antoniuskapelle gedenkt. Das Dorf wollte damit sicherlich f\u00fcr die Kinder, insbesondere dem in Niedersaubach aufgewachsenen Sohn Lothar Neu, einen Erinnerungsort schaffen.<\/p>\n<div id=\"attachment_4125\" style=\"width: 460px\" class=\"wp-caption aligncenter\"><img loading=\"lazy\" decoding=\"async\" aria-describedby=\"caption-attachment-4125\" class=\"size-full wp-image-4125\" title=\"Lothar-und-Laura-Neu\" src=\"http:\/\/unser-niedersaubach.de\/wp-content\/uploads\/2011\/05\/Lothar-und-Laura-Neu.jpg\" alt=\"\" width=\"450\" height=\"610\" srcset=\"https:\/\/unser-niedersaubach.de\/wp-content\/uploads\/2011\/05\/Lothar-und-Laura-Neu.jpg 450w, https:\/\/unser-niedersaubach.de\/wp-content\/uploads\/2011\/05\/Lothar-und-Laura-Neu-221x300.jpg 221w\" sizes=\"auto, (max-width: 450px) 100vw, 450px\" \/><p id=\"caption-attachment-4125\" class=\"wp-caption-text\">Laura und Lothar Neu als Brautpaar; Fotoarchiv: Robert Schmidt (Rauen)<\/p><\/div>\n<p style=\"text-align: justify;\">Wie war die milit\u00e4rische Lage, als der Grenadier Johann Neu am 14. November 1943 bei\u00a0 Chandozi vermisst wurde?<\/p>\n<p style=\"text-align: justify;\">Johann Neu diente zuletzt im<strong><span style=\"color: #0000ff;\"> <a title=\"Grenadierregiment 30; Quelle: Lexikon der Wehrmacht\" href=\"http:\/\/www.lexikon-der-wehrmacht.de\/Gliederungen\/Grenadieregimenter\/GR30-R.htm\" target=\"_blank\" rel=\"noopener\"><span style=\"color: #0000ff;\">Grenadierregiment 30<\/span><\/a><\/span><\/strong>; dieses Regiment operierte 1943 in Nordrussland und war der <span style=\"color: #0000ff;\"><strong><a title=\"18. (mot.) Inf. Div.; Quelle: Lexikon der Wehrmacht\" href=\"http:\/\/www.lexikon-der-wehrmacht.de\/Gliederungen\/Infanteriedivisionen\/18ID.htm\" target=\"_blank\" rel=\"noopener\"><span style=\"color: #0000ff;\">18. (motorisierten) Infanteriedivision<\/span><\/a><\/strong> <span style=\"color: #000000;\">unterstellt (Quelle: Lexikon der Wehrmacht). <\/span><\/span>Die 18. ID operierte in jenen kalten Tagen am Ilmensee; die 6. Armee war bereits 1.500 km weiter s\u00fcdlich am 2. Februar d.J. in Stalingrad an der Wolga untergegangen. Ob Johann Neu bereits 1940 am Frankreich-Feldzug teilnahm (wo die 18. ID bei der Einschlie\u00dfung der britischen Verb\u00e4nde in D\u00fcnkirchen mitwirkte), ist uns &#8211; noch &#8211; nicht bekannt. Diese Frage lie\u00dfe sich aber sicherlich gezielt \u00fcber die Wehrmachtsauskunftsstelle kl\u00e4ren.<\/p>\n<p style=\"text-align: justify;\">Die 18. ID war am 20. M\u00e4rz 1942 eingebunden in das Unternehmen <a title=\"Kessel von Demjansk; Quelle: Wikipedia\" href=\"http:\/\/de.wikipedia.org\/wiki\/Kesselschlacht_von_Demjansk\" target=\"_blank\" rel=\"noopener\"><strong><span style=\"color: #0000ff;\">&#8222;Br\u00fcckenschlag&#8220;<\/span><\/strong> <\/a>(Quelle: Wikipedia). Die Armeegruppe &#8222;Seydlitz&#8220; (benannt nach dem Oberbefehlshaber, Generalleutnant Walther von Seydlitz-Kurzbach) war erfolgreich angetreten, die im Kessel von Demjansk eingeschlossenen deutschen Verb\u00e4nde zu entsetzen bzw. den Kessel aufzubrechen.<\/p>\n<p style=\"text-align: justify;\">Bis Mitte M\u00e4rz 1943 zogen sich die im Kampfgebiet verbliebenen deutschen Verb\u00e4nde auf die neue Hauptkampflinie am <a title=\"Newel am Redja-Fluss, Quelle: maps.google.de\" href=\"http:\/\/maps.google.de\/maps?q=+%D0%9D%D0%B5%D0%B2%D0%B5%D0%BB%D1%8C&amp;hl=de&amp;ie=UTF8&amp;ll=57.844751,29.421387&amp;spn=5.874397,14.128418&amp;sll=55.85065,30.322266&amp;sspn=12.411604,28.256836&amp;vpsrc=6&amp;hnear=Newel,+Russland&amp;t=m&amp;z=6\" target=\"_blank\" rel=\"noopener\"><strong><span style=\"color: #0000ff;\">Redja-Fluss<\/span><\/strong><\/a> (Grenzgebiet zwischen Russland und Wei\u00dfrussland) zur\u00fcck (Quelle: Wikipedia).<\/p>\n<p style=\"text-align: justify;\">Ich konnte bisher noch nicht die kyrillische Schreibweise f\u00fcr den Ort Chandozi finden, wo Johann Neu laut WASt vermisst worden war. Aber ich vermute, dass Chandozi hier am Redja-Fluss liegt.<\/p>\n<p style=\"text-align: justify;\">Der Volksbund kennt seine Grablage nicht; ebenso ist beim Volksbund ein Soldatenfriedhof bei Chandozi nicht bekannt.<\/p>\n<p style=\"text-align: justify;\">An Heiligabend 1943 (Johann Neu war schon \u00fcber 5 Wochen vermisst) begann die sowjetische Winteroffensive, welche den Krieg weit nach Wei\u00dfrussland hinein trug. Die deutschen Heeresgruppen &#8222;Mitte&#8220; und &#8222;S\u00fcd&#8220; wurden von der Roten Armee getrennt und weit nach Westen zur\u00fcckgeworfen. Der Anfang vom Ende des deutschen Unternehmens &#8222;Barbarossa&#8220; (Deckname f\u00fcr den \u00dcberfall auf die Sowjetunion am 22. Juni 1941) wurde eingel\u00e4utet.<\/p>\n<p style=\"text-align: right;\"><em>Stand: 01.2012<\/em><\/p>\n","protected":false},"excerpt":{"rendered":"<p>Johann Neu ist bei Gerhard Storb in den Lebacher Familienb\u00fcchern zu finden unter der Eintrag-Nr.:\u00a02049.6; laut dieses Eintrages ist er geboren am\u00a011.11.1908 und gestorben am\u00a014.11.1943. Sein Vater war\u00a0Aloysius Neu (* 1872\/ + 1945); die Mutter hie\u00df\u00a0Barbara Loew (* 1878\/ + &hellip; <a href=\"https:\/\/unser-niedersaubach.de\/?page_id=2643\">Weiterlesen <span class=\"meta-nav\">&rarr;<\/span><\/a><\/p>\n","protected":false},"author":2,"featured_media":0,"parent":2593,"menu_order":16,"comment_status":"closed","ping_status":"closed","template":"","meta":{"ngg_post_thumbnail":0,"footnotes":""},"class_list":["post-2643","page","type-page","status-publish","hentry"],"_links":{"self":[{"href":"https:\/\/unser-niedersaubach.de\/index.php?rest_route=\/wp\/v2\/pages\/2643","targetHints":{"allow":["GET"]}}],"collection":[{"href":"https:\/\/unser-niedersaubach.de\/index.php?rest_route=\/wp\/v2\/pages"}],"about":[{"href":"https:\/\/unser-niedersaubach.de\/index.php?rest_route=\/wp\/v2\/types\/page"}],"author":[{"embeddable":true,"href":"https:\/\/unser-niedersaubach.de\/index.php?rest_route=\/wp\/v2\/users\/2"}],"replies":[{"embeddable":true,"href":"https:\/\/unser-niedersaubach.de\/index.php?rest_route=%2Fwp%2Fv2%2Fcomments&post=2643"}],"version-history":[{"count":30,"href":"https:\/\/unser-niedersaubach.de\/index.php?rest_route=\/wp\/v2\/pages\/2643\/revisions"}],"predecessor-version":[{"id":7665,"href":"https:\/\/unser-niedersaubach.de\/index.php?rest_route=\/wp\/v2\/pages\/2643\/revisions\/7665"}],"up":[{"embeddable":true,"href":"https:\/\/unser-niedersaubach.de\/index.php?rest_route=\/wp\/v2\/pages\/2593"}],"wp:attachment":[{"href":"https:\/\/unser-niedersaubach.de\/index.php?rest_route=%2Fwp%2Fv2%2Fmedia&parent=2643"}],"curies":[{"name":"wp","href":"https:\/\/api.w.org\/{rel}","templated":true}]}}