{"id":2649,"date":"2011-05-17T15:42:54","date_gmt":"2011-05-17T14:42:54","guid":{"rendered":"http:\/\/unser-niedersaubach.de\/?page_id=2649"},"modified":"2021-07-08T15:11:47","modified_gmt":"2021-07-08T14:11:47","slug":"joseph-schafer","status":"publish","type":"page","link":"https:\/\/unser-niedersaubach.de\/?page_id=2649","title":{"rendered":"Josef Sch\u00e4fer"},"content":{"rendered":"<p style=\"text-align: justify;\">Peter Josef (Joseph) Sch\u00e4fer wurde geboren am 05.09.1912; er starb am 07.02.1944 (Lebacher Familienb\u00fccher, Eintrag-Nr.: 2434.2).<\/p>\n<p style=\"text-align: justify;\">Die Eltern waren Johann Sch\u00e4fer (*1885 in Lebach\/ + 1951 in Lebach) und Angela Engel (* 29.03.1887 in Landsweiler\/ + 23.04.1974 in Lebach).<\/p>\n<div id=\"attachment_4628\" style=\"width: 460px\" class=\"wp-caption aligncenter\"><img loading=\"lazy\" decoding=\"async\" aria-describedby=\"caption-attachment-4628\" class=\"size-full wp-image-4628\" title=\"Schaefer-Josef_450\" src=\"http:\/\/unser-niedersaubach.de\/wp-content\/uploads\/2011\/05\/Schaefer-Josef_4501.jpg\" alt=\"\" width=\"450\" height=\"675\" srcset=\"https:\/\/unser-niedersaubach.de\/wp-content\/uploads\/2011\/05\/Schaefer-Josef_4501.jpg 450w, https:\/\/unser-niedersaubach.de\/wp-content\/uploads\/2011\/05\/Schaefer-Josef_4501-200x300.jpg 200w\" sizes=\"auto, (max-width: 450px) 100vw, 450px\" \/><p id=\"caption-attachment-4628\" class=\"wp-caption-text\">Josef Sch\u00e4fer, alle Nutzungsrechte (auch der folgenden Bilder) geh\u00f6ren Doris Biesel (geb. Sch\u00e4fer)<\/p><\/div>\n<div id=\"attachment_4629\" style=\"width: 460px\" class=\"wp-caption aligncenter\"><img loading=\"lazy\" decoding=\"async\" aria-describedby=\"caption-attachment-4629\" class=\"size-full wp-image-4629\" title=\"Schaefer-Josef_Uffz-1_450\" src=\"http:\/\/unser-niedersaubach.de\/wp-content\/uploads\/2011\/05\/Schaefer-Josef_Uffz-1_450.jpg\" alt=\"\" width=\"450\" height=\"661\" srcset=\"https:\/\/unser-niedersaubach.de\/wp-content\/uploads\/2011\/05\/Schaefer-Josef_Uffz-1_450.jpg 450w, https:\/\/unser-niedersaubach.de\/wp-content\/uploads\/2011\/05\/Schaefer-Josef_Uffz-1_450-204x300.jpg 204w\" sizes=\"auto, (max-width: 450px) 100vw, 450px\" \/><p id=\"caption-attachment-4629\" class=\"wp-caption-text\">Uffz Josef Sch\u00e4fer<\/p><\/div>\n<div id=\"attachment_4630\" style=\"width: 460px\" class=\"wp-caption aligncenter\"><img loading=\"lazy\" decoding=\"async\" aria-describedby=\"caption-attachment-4630\" class=\"size-full wp-image-4630\" title=\"Schaefer-Josef_Uffz-2_450\" src=\"http:\/\/unser-niedersaubach.de\/wp-content\/uploads\/2011\/05\/Schaefer-Josef_Uffz-2_450.jpg\" alt=\"\" width=\"450\" height=\"623\" srcset=\"https:\/\/unser-niedersaubach.de\/wp-content\/uploads\/2011\/05\/Schaefer-Josef_Uffz-2_450.jpg 450w, https:\/\/unser-niedersaubach.de\/wp-content\/uploads\/2011\/05\/Schaefer-Josef_Uffz-2_450-216x300.jpg 216w\" sizes=\"auto, (max-width: 450px) 100vw, 450px\" \/><p id=\"caption-attachment-4630\" class=\"wp-caption-text\">Uffz Josef Sch\u00e4fer<\/p><\/div>\n<p style=\"text-align: justify;\">Am 11.06.1940 heiratete er in Lebach Maria Luise Michaely (Knorschder Maria). Das ist auch die Verbindung zu Niedersaubach. Josef Sch\u00e4fer lebte selber n\u00e4mlich nicht in Niedersaubach, aber seine Ehefrau Maria verheiratete sich sp\u00e4ter noch einmal nach Niedersaubach. Und dort wuchsen auch ihre gemeinsamen Kinder auf.<\/p>\n<div id=\"attachment_4634\" style=\"width: 460px\" class=\"wp-caption aligncenter\"><a title=\"Brief von Josef Sch\u00e4fer vom 31. Januar 1944 an seine Familie, Archiv: Doris Biesel\" href=\"http:\/\/unser-niedersaubach.de\/Dokumente\/WKII\/Josef-Schaefer\/Schaefer-Josef_Brief_31-01-1944.pdf\" target=\"_blank\" rel=\"noopener\"><img loading=\"lazy\" decoding=\"async\" aria-describedby=\"caption-attachment-4634\" class=\"size-full wp-image-4634\" title=\"Feldpost_450\" src=\"http:\/\/unser-niedersaubach.de\/wp-content\/uploads\/2011\/05\/Feldpost_450.jpg\" alt=\"\" width=\"450\" height=\"307\" srcset=\"https:\/\/unser-niedersaubach.de\/wp-content\/uploads\/2011\/05\/Feldpost_450.jpg 450w, https:\/\/unser-niedersaubach.de\/wp-content\/uploads\/2011\/05\/Feldpost_450-300x204.jpg 300w\" sizes=\"auto, (max-width: 450px) 100vw, 450px\" \/><\/a><p id=\"caption-attachment-4634\" class=\"wp-caption-text\">Feldpost vom 31. Januar 1944 an die Heimat, Archiv: Doris Biesel<\/p><\/div>\n<p style=\"text-align: justify;\">Als Todesort nennt Storb Sparwischtsche.&nbsp;Einen \u00e4hnlich klingenden&nbsp;Ort, n\u00e4mlich Sparischtsche,&nbsp;nennt&nbsp;sein Kompaniechef, Leutnant Franz Breuker, in seinem <strong><span style=\"color: #0000ff;\"><a title=\"Todesnachricht vom 21. Februar 1944, Archiv: Alfons Bauer\" href=\"http:\/\/unser-niedersaubach.de\/Dokumente\/WKII\/Josef-Schaefer\/Schaefer-Josef_Todesnachricht.pdf\" target=\"_blank\" rel=\"noopener\"><span style=\"color: #0000ff;\">Beileidsschreiben<\/span><\/a><\/span><\/strong> (einfach anklicken, um zum PDF-Dokument zu gelangen) vom 21. Februar 1944; darin beschreibt er, dass Sparischtsche ca. 25 km n\u00f6rdlich der Stadt Luga liege.<\/p>\n<p><small><a style=\"color: #0000ff; text-align: left;\" href=\"http:\/\/maps.google.de\/maps?f=q&amp;source=embed&amp;hl=de&amp;geocode=&amp;q=Russland,+Luga&amp;aq=1&amp;oq=luga+russl&amp;sll=51.175806,10.454119&amp;sspn=10.80763,19.753418&amp;ie=UTF8&amp;hq=&amp;hnear=Luga,+Oblast+Leningrad,+Russland&amp;ll=58.733333,29.85&amp;spn=0.034555,0.077162&amp;t=m&amp;z=14\" target=\"_blank&quot;\" rel=\"noopener\">Eine Karte bei google.maps ist hier zu sehen (einfach anklicken)!<\/a><\/small><\/p>\n<p style=\"text-align: justify;\">Selbst eine <strong><span style=\"color: #0000ff;\"><a title=\"Liste der Habseligkeiten des Gefallenen vom 2. Juni 1944, Archiv: Doris Biesel\" href=\"http:\/\/unser-niedersaubach.de\/Dokumente\/WKII\/Josef-Schaefer\/Schaefer-Josef_Eigentum.pdf\" target=\"_blank\" rel=\"noopener\"><span style=\"color: #0000ff;\">Liste der Habseligkeiten<\/span><\/a><\/span><\/strong> des Gefallenen werden seiner Witwe am 2. Juni 1944 \u00fcbersandt.<\/p>\n<p style=\"text-align: justify;\">Die Angaben der WASt&nbsp;vom 3. Mai 2010 nennen wiederum als Todesort: Sparwischtsche. <a title=\"Schreiben der WASt vom 5. M\u00e4rz 1946, Archiv: Doris Biesel\" href=\"http:\/\/unser-niedersaubach.de\/Dokumente\/WKII\/Josef-Schaefer\/Schaefer-Josef_Deutsche-Dienststelle_05-03-1946.pdf\" target=\"_blank\" rel=\"noopener\"><strong><span style=\"color: #0000ff;\">Diese Angabe machte die WASt gegen\u00fcber der Witwe bereits am 5. M\u00e4rz 1946<\/span><\/strong><\/a>.<\/p>\n<div id=\"attachment_4292\" style=\"width: 460px\" class=\"wp-caption aligncenter\"><img loading=\"lazy\" decoding=\"async\" aria-describedby=\"caption-attachment-4292\" class=\" wp-image-4292\" title=\"wast\" src=\"http:\/\/unser-niedersaubach.de\/wp-content\/uploads\/2011\/05\/wast3.png\" alt=\"\" width=\"450\" height=\"81\" srcset=\"https:\/\/unser-niedersaubach.de\/wp-content\/uploads\/2011\/05\/wast3.png 450w, https:\/\/unser-niedersaubach.de\/wp-content\/uploads\/2011\/05\/wast3-300x54.png 300w\" sizes=\"auto, (max-width: 450px) 100vw, 450px\" \/><p id=\"caption-attachment-4292\" class=\"wp-caption-text\">Josef Sch\u00e4fer laut WASt in einem Schreiben vom 3. Mai 2010<\/p><\/div>\n<p>Der Volksbund kennt seine Grablage nicht.<\/p>\n<div id=\"attachment_4632\" style=\"width: 460px\" class=\"wp-caption aligncenter\"><img loading=\"lazy\" decoding=\"async\" aria-describedby=\"caption-attachment-4632\" class=\"size-full wp-image-4632\" title=\"Sterbebildchen-1_450\" src=\"http:\/\/unser-niedersaubach.de\/wp-content\/uploads\/2011\/05\/Sterbebildchen-1_450.jpg\" alt=\"\" width=\"450\" height=\"755\" srcset=\"https:\/\/unser-niedersaubach.de\/wp-content\/uploads\/2011\/05\/Sterbebildchen-1_450.jpg 450w, https:\/\/unser-niedersaubach.de\/wp-content\/uploads\/2011\/05\/Sterbebildchen-1_450-178x300.jpg 178w\" sizes=\"auto, (max-width: 450px) 100vw, 450px\" \/><p id=\"caption-attachment-4632\" class=\"wp-caption-text\">Sterbebildchen, Vorderseite<\/p><\/div>\n<div id=\"attachment_4633\" style=\"width: 460px\" class=\"wp-caption aligncenter\"><img loading=\"lazy\" decoding=\"async\" aria-describedby=\"caption-attachment-4633\" class=\"size-full wp-image-4633\" title=\"Sterbebildchen-2_450\" src=\"http:\/\/unser-niedersaubach.de\/wp-content\/uploads\/2011\/05\/Sterbebildchen-2_450.jpg\" alt=\"\" width=\"450\" height=\"742\"><p id=\"caption-attachment-4633\" class=\"wp-caption-text\">Sterbebildchen, R\u00fcckseite<\/p><\/div>\n<p><strong><span style=\"color: #0000ff;\"><a title=\"11. ID, Quelle: Lexikon der Wehrmacht\" href=\"http:\/\/www.lexikon-der-wehrmacht.de\/Gliederungen\/Infanteriedivisionen\/11ID-R.htm\" target=\"_blank\" rel=\"noopener\"><span style=\"color: #0000ff;\">Sein Regiment war der 11. Infanterie-Division unterstellt<\/span><\/a><\/span><\/strong>. In dieser Division diente und fiel auch <a title=\"Eduard Schmidt\" href=\"http:\/\/unser-niedersaubach.de\/?page_id=2655\"><strong><span style=\"color: #0000ff;\">Eduard Schmidt<\/span><\/strong><\/a> (Holdter).<\/p>\n<p style=\"text-align: justify;\">Die 11. Infanteriedivision war von Anfang an am \u00dcberfall auf die Sowjetunion beteiligt. Ich zitiere das Lexikon der Wehrmacht: \u201cAb dem 22. Juni 1941 nahm die Division am Ru\u00dflandfeldzug teil. \u00dcber Schaulen und Birsen stie\u00df die Division nach Friedrichstadt vor, wo sie die D\u00fcna \u00fcberschritt. Bis Mitte Juli 1941 stie\u00df die Division zwischen Porchow und Dno an die Mschaga vor, wo es zu ersten Abwehrk\u00e4mpfen kam. Anschlie\u00dfend stie\u00df die Division an den Illmensee nach Nowgorod vor, dann entlang des Wolchow bis nach Wolchowstroj und bis zum Jahresende in den Raum westlich von Kirischi. W\u00e4hrend der folgenden 18 Monate k\u00e4mpfte die Division am Wolchow und am Ladoga-See und nahm an allen \u2018Ladogaschlachten\u2019 teil. Ende September 1943 wurde die Division in den Raum Leningrad verlegt, wo sie sich an den dortigen Abwehrk\u00e4mpfen beteiligte. Im Januar 1944 k\u00e4mpfte sie \u00f6stlich von Puschkin und schlo\u00df sich dann dem R\u00fcckzug der 18. Armee bis hinter die Luga an. Von hier aus wurde sie in den Raum Pleskau verlegt, wo ab Februar 1944 schwere Abwehrk\u00e4mpfe um den Peipussee begannen. Bis Juni zog sich die Division in den Raum s\u00fcd\u00f6stlich von Narwa zur\u00fcck. Anschlie\u00dfend folgte der R\u00fcckzug nach Kurland, wo die Division im Rahmen der Heeresgruppe Kurland an allen Kurlandschlachten teilnahm. Bei Kriegsende konnten etwa 2\/3 der Division nach Schleswig-Holstein evakuiert werden, 1\/3 ging in russische Gefangenschaft.\u201d<\/p>\n<p style=\"text-align: justify;\">Ich konnte noch keine russische Schreibweise f\u00fcr den eingedeutschten Ortsnamen Sparwischtsche finden. Die Angabe seines Kompaniechefs, dass &#8222;Sparischtsche&#8220; ca. 25 km n\u00f6rdlich von Luga liege, m\u00fcsste es aber \u00fcber kurz oder lang erm\u00f6glichen, diesen Ort ausfindig zu machen, wo sich die 11. ID in jenen Februar-Tagen verzweifelt und ohne jede Chance gegen die vorr\u00fcckende Rote Armee stellte. Ich werde weiter versuchen, die kyrillische Schreibweise dieses Ortes zu finden, wo Joseph Sch\u00e4fer auch laut WASt beerdigt sein soll.<\/p>\n<p style=\"text-align: justify;\">Laut seinem Wehrpass ist Josef Sch\u00e4fer am 15. Mai 1939 zur 10.\/ Artillerieregiment 33 nach Darmstadt eingezogen worden. In dessen 9. Batterie hat er den Frankreichfeldzug mitgemacht. In der Artillerieabteilung 862, sp\u00e4ter 288 und noch sp\u00e4ter Artillerieersatzabteilung 11 nahm er am Russlandfeldzug teil. Als er fiel, diente er als Uffz in der 7. Batterie des Artillerieregiments 11. Am 1. Dezember 1941 war er zum Unteroffizier bef\u00f6rdert worden.<\/p>\n<p style=\"text-align: justify;\"><a title=\"Wehrpass von Josef Sch\u00e4fer, Archiv: Doris Biesel\" href=\"http:\/\/unser-niedersaubach.de\/Dokumente\/WKII\/Josef-Schaefer\/Schaefer-Josef_Wehrpass.pdf\" target=\"_blank\" rel=\"noopener\"><img loading=\"lazy\" decoding=\"async\" class=\"aligncenter size-full wp-image-4635\" title=\"Wehrpass-1_450\" src=\"http:\/\/unser-niedersaubach.de\/wp-content\/uploads\/2011\/05\/Wehrpass-1_450.jpg\" alt=\"\" width=\"450\" height=\"602\" srcset=\"https:\/\/unser-niedersaubach.de\/wp-content\/uploads\/2011\/05\/Wehrpass-1_450.jpg 450w, https:\/\/unser-niedersaubach.de\/wp-content\/uploads\/2011\/05\/Wehrpass-1_450-224x300.jpg 224w\" sizes=\"auto, (max-width: 450px) 100vw, 450px\" \/><\/a><\/p>\n<p style=\"text-align: center;\"><em><span style=\"color: #ff0000;\">Dieses Startbild anklicken, um zum entsprechenden PDF-Dokument zu gelangen!<\/span><\/em><\/p>\n<p style=\"text-align: right;\"><em><img loading=\"lazy\" decoding=\"async\" class=\"aligncenter size-full wp-image-4636\" title=\"Wehrpass-2_450\" src=\"http:\/\/unser-niedersaubach.de\/wp-content\/uploads\/2011\/05\/Wehrpass-2_450.jpg\" alt=\"\" width=\"450\" height=\"320\" srcset=\"https:\/\/unser-niedersaubach.de\/wp-content\/uploads\/2011\/05\/Wehrpass-2_450.jpg 450w, https:\/\/unser-niedersaubach.de\/wp-content\/uploads\/2011\/05\/Wehrpass-2_450-300x213.jpg 300w\" sizes=\"auto, (max-width: 450px) 100vw, 450px\" \/><\/em><\/p>\n<p style=\"text-align: left;\">Egon Gross (Lebach) war so nett, die Eintr\u00e4ge, welche seine Einsatzorte betreffen, zu transkribieren:<\/p>\n<p style=\"padding-left: 30px;\">07.09. &#8211; 24.10.1939<br \/>\nVorfeldk\u00e4mpfe zwischen Mosel und Rhein<\/p>\n<p style=\"padding-left: 30px;\">ab 26.10.1939<br \/>\nEinsatz im r\u00fcckw\u00e4rtigen Operationsgebiet H. Gru. Kdo C<\/p>\n<p style=\"padding-left: 30px;\">ab 01.11.1939<br \/>\nEinsatz im r\u00fcckw\u00e4rtigen Operationsgebiet. H. Gru. Kdo. A<\/p>\n<p style=\"padding-left: 30px;\">12.05. \u201325.05.1940<br \/>\nVormarsch durch Luxemburg, Belgien und Frankreich<\/p>\n<p style=\"padding-left: 30px;\">26.05. &#8211; 04.06.1940<br \/>\nAbwehrk\u00e4mpfe an der Somme; Br\u00fcckenkopf Peronne<\/p>\n<p style=\"padding-left: 30px;\">05.06. &#8211; 06.06.1940<br \/>\nDurchbruch durch die Weygandlinie bei Peronne<\/p>\n<p style=\"padding-left: 30px;\">07.06. &#8211; 09.06.1940<br \/>\nK\u00e4mpfe an der Avre beiderseits Raye<\/p>\n<p style=\"padding-left: 30px;\">10.06. &#8211; 11.06.1940<br \/>\nVerfolgung \u00fcber die Oise und Omeg<\/p>\n<p style=\"padding-left: 30px;\">12.06.1940<br \/>\nEinbruch in die Pariser Schutzstellung<\/p>\n<p style=\"padding-left: 30px;\">13.06. &#8211; 15.06.1940<br \/>\n\u00dcbergang \u00fcber die Marne und Verfolgung bis zur Seine<\/p>\n<p style=\"padding-left: 30px;\">16.06.1940<br \/>\nEinnahme von Orleons<\/p>\n<p style=\"padding-left: 30px;\">17.06. &#8211; 20.06.1940<br \/>\n\u00dcbergang \u00fcber die Loire und Verfolgung bis an die Scher und Indre<\/p>\n<p style=\"padding-left: 30px;\">21.06. &#8211; 07.09.1940<br \/>\nSicherung an der Demarkationslinie beiderseits Vierzon<\/p>\n<p style=\"padding-left: 60px;\"><em>Bergzabern, den 07.10.1940<\/em><br \/>\n<em> gez. Brill, Leutnant und Batterief\u00fchrer<\/em><\/p>\n<p style=\"padding-left: 30px;\">22.06. &#8211; 10.07.1941<br \/>\nDoppelschlacht von Bialystock und Minsk<\/p>\n<p style=\"padding-left: 30px;\">22.06. -24.06.1941<br \/>\nDurchbruch durch die Grenzstellung<\/p>\n<p style=\"padding-left: 30px;\">23.06. &#8211; 27.06.1941<br \/>\nSchlacht bei Grodno<\/p>\n<p style=\"padding-left: 30px;\">28.06. &#8211; 22.08.1941<br \/>\nSicherung des Operationsgebietes<\/p>\n<p style=\"padding-left: 30px;\">28.03.42 &#8211; 21.04.43<br \/>\nSicherung Norwegens<\/p>\n<p style=\"padding-left: 30px;\">22.04. &#8211; 28.06.43<br \/>\nVerwendung im Heimatkriegsgebiet<\/p>\n<p style=\"padding-left: 30px;\">29.06.43 &#8211; 15.01.44<br \/>\nK\u00e4mpfe zwischen Ilmen und Ladoga-See (7.\/ A.K. 11, 11 I.D.); <em>Anm. des Autors<\/em>: <em>AK bedeutet Armeekorps, ID bedeutet Infanteriedivision<\/em><\/p>\n<p style=\"padding-left: 30px;\">22.07. &#8211; 15.08.43<br \/>\n3. Abwehrschlacht s\u00fcdlich des Ladoga-Sees<\/p>\n<p style=\"padding-left: 30px;\">16.01. &#8211; 07.02.44<br \/>\nK\u00e4mpfe s\u00fcdl. Leningrad (7.\/ A.K. 11, 11. I.D.)<\/p>\n<p style=\"text-align: right;\"><em>Stand: 09.2012<\/em><\/p>\n","protected":false},"excerpt":{"rendered":"<p>Peter Josef (Joseph) Sch\u00e4fer wurde geboren am 05.09.1912; er starb am 07.02.1944 (Lebacher Familienb\u00fccher, Eintrag-Nr.: 2434.2). Die Eltern waren Johann Sch\u00e4fer (*1885 in Lebach\/ + 1951 in Lebach) und Angela Engel (* 29.03.1887 in Landsweiler\/ + 23.04.1974 in Lebach). Am &hellip; <a href=\"https:\/\/unser-niedersaubach.de\/?page_id=2649\">Weiterlesen <span class=\"meta-nav\">&rarr;<\/span><\/a><\/p>\n","protected":false},"author":2,"featured_media":0,"parent":2593,"menu_order":19,"comment_status":"open","ping_status":"open","template":"","meta":{"ngg_post_thumbnail":0,"footnotes":""},"class_list":["post-2649","page","type-page","status-publish","hentry"],"_links":{"self":[{"href":"https:\/\/unser-niedersaubach.de\/index.php?rest_route=\/wp\/v2\/pages\/2649","targetHints":{"allow":["GET"]}}],"collection":[{"href":"https:\/\/unser-niedersaubach.de\/index.php?rest_route=\/wp\/v2\/pages"}],"about":[{"href":"https:\/\/unser-niedersaubach.de\/index.php?rest_route=\/wp\/v2\/types\/page"}],"author":[{"embeddable":true,"href":"https:\/\/unser-niedersaubach.de\/index.php?rest_route=\/wp\/v2\/users\/2"}],"replies":[{"embeddable":true,"href":"https:\/\/unser-niedersaubach.de\/index.php?rest_route=%2Fwp%2Fv2%2Fcomments&post=2649"}],"version-history":[{"count":26,"href":"https:\/\/unser-niedersaubach.de\/index.php?rest_route=\/wp\/v2\/pages\/2649\/revisions"}],"predecessor-version":[{"id":8735,"href":"https:\/\/unser-niedersaubach.de\/index.php?rest_route=\/wp\/v2\/pages\/2649\/revisions\/8735"}],"up":[{"embeddable":true,"href":"https:\/\/unser-niedersaubach.de\/index.php?rest_route=\/wp\/v2\/pages\/2593"}],"wp:attachment":[{"href":"https:\/\/unser-niedersaubach.de\/index.php?rest_route=%2Fwp%2Fv2%2Fmedia&parent=2649"}],"curies":[{"name":"wp","href":"https:\/\/api.w.org\/{rel}","templated":true}]}}