{"id":2662,"date":"2011-05-17T15:49:39","date_gmt":"2011-05-17T14:49:39","guid":{"rendered":"http:\/\/unser-niedersaubach.de\/?page_id=2662"},"modified":"2018-05-21T15:54:00","modified_gmt":"2018-05-21T14:54:00","slug":"wilhelm-schmidt","status":"publish","type":"page","link":"https:\/\/unser-niedersaubach.de\/?page_id=2662","title":{"rendered":"Wilhelm Schmidt"},"content":{"rendered":"<p style=\"text-align: justify;\">Wilhelm Schmidt (Holdter) ist am 27. Januar 1917 in Niedersaubach geboren und am 01. Februar 1942 bei Rudenka gefallen. Das best\u00e4tigen sowohl die Storb&#8217;schen Familienb\u00fccher (Eintrag 2629.8) als auch der Brief des Hauptfeldwebels Fischbach (6.\/ Inf. Reg. 253) vom 8. Februar 1942 an die Eltern; er war sein Spie\u00df. HFw Fischbach schrieb, sein Obergefreiter Wilhelm Schmidt sei an diesem 8. Februar in den fr\u00fchen Morgenstunden 1,5 km s\u00fcdlich Rudenka unweit des Flugplatzes gefallen; bei einem deutschen Gegenangriff sei sein Gruppenf\u00fchrer gefallen; Wilhelm habe sofort die Gruppenf\u00fchrung \u00fcbernommen und sei mit dem Maschinengewehr vorgest\u00fcrmt; dabei sei er auf dem schneebedeckten Schlachtfeld in einen Hinterhalt geraten und habe einen sofort t\u00f6dlichen R\u00fcckenschuss abbekommen; neben Wilhelm seien noch 17 Kameraden seines Bataillons bei diesem Angriff gefallen. Hfw Fischbach w\u00fcrdigte seinen Waffenmeistergehilfen als vorbildlichen Soldaten; er habe ihn neben seinen gefallenen Kameraden in einem Schneegrab ca. 2 km n\u00f6rdlich von Krjukowo neben der Flugzeug-Rollbahn bei Juchnow-Medyn begraben.<\/p>\n<div id=\"attachment_2693\" style=\"width: 460px\" class=\"wp-caption aligncenter\"><img loading=\"lazy\" decoding=\"async\" aria-describedby=\"caption-attachment-2693\" class=\"size-full wp-image-2693\" title=\"Passbild\" src=\"http:\/\/unser-niedersaubach.de\/wp-content\/uploads\/2011\/05\/Passbild1.jpg\" alt=\"\" width=\"450\" height=\"309\" srcset=\"https:\/\/unser-niedersaubach.de\/wp-content\/uploads\/2011\/05\/Passbild1.jpg 450w, https:\/\/unser-niedersaubach.de\/wp-content\/uploads\/2011\/05\/Passbild1-300x206.jpg 300w\" sizes=\"auto, (max-width: 450px) 100vw, 450px\" \/><p id=\"caption-attachment-2693\" class=\"wp-caption-text\">Passbild aus Wehrpass; Archiv: Holdter Cilly<\/p><\/div>\n<p style=\"text-align: justify;\">Die Wehrmachtsauskunftstelle best\u00e4tigt im Wesentlichen die Angaben seines Bataillons. Der Obergefreite Wilhelm Schmidt sei am 1. Februar 1942 (Einheit: 6. Kompanie des Infanterieregiments 253) bei Rudenka gefallen. Ein Infanteriegeschoss habe ihn in der Brust getroffen. Seine Grablage sei nicht bekannt. Auch der Volksbund kennt seine Grablage nicht.<\/p>\n<div id=\"attachment_3847\" style=\"width: 460px\" class=\"wp-caption aligncenter\"><img loading=\"lazy\" decoding=\"async\" aria-describedby=\"caption-attachment-3847\" class=\"size-full wp-image-3847\" title=\"wast\" src=\"http:\/\/unser-niedersaubach.de\/wp-content\/uploads\/2011\/05\/wast15.jpg\" alt=\"\" width=\"450\" height=\"81\" srcset=\"https:\/\/unser-niedersaubach.de\/wp-content\/uploads\/2011\/05\/wast15.jpg 450w, https:\/\/unser-niedersaubach.de\/wp-content\/uploads\/2011\/05\/wast15-300x54.jpg 300w\" sizes=\"auto, (max-width: 450px) 100vw, 450px\" \/><p id=\"caption-attachment-3847\" class=\"wp-caption-text\">Wilhelm Schmidt laut WASt im Schreiben vom 3. Mai 2010<\/p><\/div>\n<p style=\"text-align: justify;\"><span style=\"color: #000000;\">Wilhelm Schmidt war ein Holdter. Sowohl in seinen Briefen an die Heimat als auch in der Storb&#8217;schen Familienb\u00fcchern wird er als Bergsch\u00fcler (Ingenieursausbildung)\u00a0 ausgewiesen. Wilhelm ist ein Bruder von <a title=\"Eduard Schmidt\" href=\"http:\/\/unser-niedersaubach.de\/?page_id=2655\"><strong><span style=\"color: #0000ff;\">Eduard Schmidt<\/span><\/strong><\/a>.<br \/>\n<\/span><\/p>\n<div id=\"attachment_2694\" style=\"width: 460px\" class=\"wp-caption aligncenter\"><img loading=\"lazy\" decoding=\"async\" aria-describedby=\"caption-attachment-2694\" class=\"size-full wp-image-2694\" title=\"Briefumschlag-03-09-1941\" src=\"http:\/\/unser-niedersaubach.de\/wp-content\/uploads\/2011\/05\/Briefumschlag-03-09-1941.jpg\" alt=\"\" width=\"450\" height=\"340\" srcset=\"https:\/\/unser-niedersaubach.de\/wp-content\/uploads\/2011\/05\/Briefumschlag-03-09-1941.jpg 450w, https:\/\/unser-niedersaubach.de\/wp-content\/uploads\/2011\/05\/Briefumschlag-03-09-1941-300x226.jpg 300w\" sizes=\"auto, (max-width: 450px) 100vw, 450px\" \/><p id=\"caption-attachment-2694\" class=\"wp-caption-text\">Briefumschlag vom 03.09.1941; Archiv: Holdter Cilly<\/p><\/div>\n<div id=\"attachment_2695\" style=\"width: 460px\" class=\"wp-caption aligncenter\"><img loading=\"lazy\" decoding=\"async\" aria-describedby=\"caption-attachment-2695\" class=\"size-full wp-image-2695\" title=\"Briefumschlag-21-12-1941\" src=\"http:\/\/unser-niedersaubach.de\/wp-content\/uploads\/2011\/05\/Briefumschlag-21-12-1941.jpg\" alt=\"\" width=\"450\" height=\"316\" srcset=\"https:\/\/unser-niedersaubach.de\/wp-content\/uploads\/2011\/05\/Briefumschlag-21-12-1941.jpg 450w, https:\/\/unser-niedersaubach.de\/wp-content\/uploads\/2011\/05\/Briefumschlag-21-12-1941-300x210.jpg 300w\" sizes=\"auto, (max-width: 450px) 100vw, 450px\" \/><p id=\"caption-attachment-2695\" class=\"wp-caption-text\">Briefumschlag vom 21.12.1941, Archiv: Holdter Cilly<\/p><\/div>\n<p style=\"text-align: justify;\"><span style=\"color: #000000;\">Sein Vater war der Grubenschlosser Johann Schmidt (* 1879\/ + 1942). Die Mutter hie\u00df Maria D\u00f6rr (*1879\/ + 1965). Seine Briefe vom <span style=\"color: #0000ff;\"><strong><a title=\"Brief vom 10. Oktober 1941\" href=\"http:\/\/unser-niedersaubach.de\/Dokumente\/WKII\/Wilhelm-Schmidt\/Brief_10-10-1941.pdf\" target=\"_blank\" rel=\"noopener\"><span style=\"color: #0000ff;\">10.10.1941<\/span><\/a><\/strong><\/span>, vom <span style=\"color: #0000ff;\"><a title=\"Brief vom 31.10.1941\" href=\"http:\/\/unser-niedersaubach.de\/Dokumente\/WKII\/Wilhelm-Schmidt\/Brief_31-10-1941.pdf\" target=\"_blank\" rel=\"noopener\"><span style=\"color: #0000ff;\"><strong>31.10.1941<\/strong><\/span><\/a><\/span>, vom <span style=\"color: #0000ff;\"><a title=\"Brief vom 02.11.1941\" href=\"http:\/\/unser-niedersaubach.de\/Dokumente\/WKII\/Wilhelm-Schmidt\/Brief_02-11-1941.pdf\" target=\"_blank\" rel=\"noopener\"><span style=\"color: #0000ff;\"><strong>02.11.1941<\/strong><\/span><\/a><\/span> und vom <span style=\"color: #0000ff;\"><a title=\"Brief vom 16.11.1941\" href=\"http:\/\/unser-niedersaubach.de\/Dokumente\/WKII\/Wilhelm-Schmidt\/Brief_16-11-1941.pdf\" target=\"_blank\" rel=\"noopener\"><span style=\"color: #0000ff;\"><strong>16.11.1941<\/strong><\/span><\/a><\/span> an die Eltern sind \u00fcberliefert. Darin kommt bewegend zum Ausdruck, wie gro\u00df die Sehnsucht nach einem Wiedersehen in der Heimat, die er nicht mehr zu sehen bekommen sollte, war. <\/span><\/p>\n<div id=\"attachment_2696\" style=\"width: 460px\" class=\"wp-caption aligncenter\"><img loading=\"lazy\" decoding=\"async\" aria-describedby=\"caption-attachment-2696\" class=\"size-full wp-image-2696\" title=\"Totenbildchen_02-02-1942\" src=\"http:\/\/unser-niedersaubach.de\/wp-content\/uploads\/2011\/05\/Totenbildchen_02-02-1942.jpg\" alt=\"\" width=\"450\" height=\"740\" srcset=\"https:\/\/unser-niedersaubach.de\/wp-content\/uploads\/2011\/05\/Totenbildchen_02-02-1942.jpg 450w, https:\/\/unser-niedersaubach.de\/wp-content\/uploads\/2011\/05\/Totenbildchen_02-02-1942-182x300.jpg 182w\" sizes=\"auto, (max-width: 450px) 100vw, 450px\" \/><p id=\"caption-attachment-2696\" class=\"wp-caption-text\">Totenbildchen, Archiv: Holdter Cilly<\/p><\/div>\n<p style=\"text-align: justify;\">Ausweislich seines Wehrpasses geh\u00f6rte Obergefreiter Wilhem Schmidt bei seinem Tod zur <strong><span style=\"color: #0000ff;\">6.\/ <a title=\"IR 253\" href=\"http:\/\/www.lexikon-der-wehrmacht.de\/Gliederungen\/Infanteriedivisionen\/253ID-R.htm\" target=\"_blank\" rel=\"noopener\"><span style=\"color: #0000ff;\">Inf. Reg. 253<\/span><\/a><\/span><\/strong>; urspr\u00fcnglich wurde er am 15. November 1938 zum Grenz-Infanterie-Regiment Nr. 125 nach Trier eingezogen. In diesem Regiment erlebte er auch den Kriegsausbruch am 1. September 1939 und den sich anschlie\u00dfenden Feldzug gegen Frankreich; seine Kompanie bewegte sich dabei im Gro\u00dfraum Lothringen und war beteiligt an der Umgehung der Maginot-Linie in den Nord-Vogesen s\u00fcdlich von Saarbr\u00fccken.<\/p>\n<div id=\"attachment_2727\" style=\"width: 460px\" class=\"wp-caption aligncenter\"><a title=\"Wehrpass von Wilhelm Schmidt\" href=\"http:\/\/unser-niedersaubach.de\/Dokumente\/WKII\/WilhelmSchmidt\/Wehrpass.pdf\" target=\"_blank\" rel=\"noopener\"><img loading=\"lazy\" decoding=\"async\" aria-describedby=\"caption-attachment-2727\" class=\"size-full wp-image-2727\" title=\"Wehrpass_Deckel\" src=\"http:\/\/unser-niedersaubach.de\/wp-content\/uploads\/2011\/05\/Wehrpass_Deckel.jpg\" alt=\"\" width=\"450\" height=\"614\" srcset=\"https:\/\/unser-niedersaubach.de\/wp-content\/uploads\/2011\/05\/Wehrpass_Deckel.jpg 450w, https:\/\/unser-niedersaubach.de\/wp-content\/uploads\/2011\/05\/Wehrpass_Deckel-219x300.jpg 219w\" sizes=\"auto, (max-width: 450px) 100vw, 450px\" \/><\/a><p id=\"caption-attachment-2727\" class=\"wp-caption-text\">Wehrpass von Wilhelm Schmidt, Archiv: Holder Cilly<\/p><\/div>\n<p style=\"text-align: center;\"><span style=\"color: #ff0000;\">Dieses Startbild anklicken, um zum Wehrpass (3,5 MB) zu kommen!<\/span><\/p>\n<p style=\"text-align: justify;\">Am 13. April 1941 wechselte er zur 6.\/ Infanterieregiment 253; sein Regiment geh\u00f6rte zur <span style=\"color: #0000ff;\"><strong><a title=\"34. Infanteriedivision\" href=\"http:\/\/de.wikipedia.org\/wiki\/34._Infanterie-Division_%28Wehrmacht%29\" target=\"_blank\" rel=\"noopener\"><span style=\"color: #0000ff;\">34. Infanterie-Division<\/span><\/a><\/strong><\/span>, die am <span style=\"color: #0000ff;\"><strong><a title=\"\u00dcberfall auf die Sowjetunion\" href=\"http:\/\/www.dhm.de\/lemo\/html\/wk2\/kriegsverlauf\/sowjetunion\/index.html\" target=\"_blank\" rel=\"noopener\"><span style=\"color: #0000ff;\">\u00dcberfall auf die Sowjetunion am 22. Juni 1941<\/span><\/a><\/strong><\/span> (Quelle: Deutsches Historisches Museum, Berlin) teilnahm und an der Ostfront zur Heeresgruppe &#8222;Mitte&#8220; (16. Armee) z\u00e4hlte. Seine Heeresgruppe gelangte bis vor die Tore der Hauptstadt Moskau, bis der Angriff durch den einsetzenden Winter stecken blieb. Am 1. September 1941 zeichnete ihn die 34. Infanterie-Division wegen Tapferkeit aus; er erhielt das Kriegsverdienstkreuz &#8211; 2. Klasse &#8211; mit Schwertern. Am 5. Dezember 1941 begann die sowjetische Gegenoffensive. Diese Winteroffensive warf die deutsche Armee im Norden und in der Mitte weit zur\u00fcck.<\/p>\n<p style=\"text-align: justify;\">Peter Bischof, der im Hunsr\u00fcck lebt, wo das IR 107 (das ebenfalls zur 34. ID geh\u00f6rte und vor dem Krieg in Idar-Oberstein und Bad Kreuznach stationiert war), hat sich intensiv mit\u00a0der Geschichte\u00a0des 34. ID besch\u00e4ftigt. Er schrieb uns im Juli 2012:<\/p>\n<p style=\"text-align: justify;\"><em>&#8222;Die 34. ID war nie an der Wolga. Heiligabend &#8217;41 musste sich die Division zur\u00fcckziehen. Sie lag damals um Tarutino an der Nara \u2013 ca. 60 km vor Moskau. Der R\u00fcckzug ging \u00fcber Malojaro\u00dflawetz paralell zur Rollbahn Ro\u00dflawl \u2013 Juchnow. Dort war die Division das ganze Jahr 42 eingesetzt. Ich habe privat ein Archiv der 34.\u00a0ID. Der HFw Fischbach war der Spie\u00df der 6.\/253 und mir pers\u00f6nlich bekannt.&#8220;<\/em><\/p>\n<p style=\"text-align: justify;\"><span style=\"color: #000000;\"><a title=\"Kartenansicht bei maps.google.de\" href=\"http:\/\/maps.google.de\/maps?f=q&amp;source=embed&amp;hl=de&amp;geocode=&amp;q=Russland,+Oblast+Twer,+Rzhev&amp;aq=0&amp;sll=54.940084,37.246441&amp;sspn=4.393532,9.876709&amp;gl=de&amp;ie=UTF8&amp;hq=&amp;hnear=Rschew,+Rzhevskiy+rayon,+Oblast+Twer,+Russland&amp;t=h&amp;ll=56.265569,34.327641&amp;spn=0.052432,0.077076&amp;z=13&amp;iwloc=A\" target=\"_blank\" rel=\"noopener\"><strong><span style=\"color: #0000ff;\">Hier noch ein Blick auf die Lage von Rshew westlich (West-Nordwest) von Moskau bei maps.google.de!<\/span><\/strong><\/a><\/span><\/p>\n<p style=\"text-align: right;\"><span style=\"color: #000000;\"><br \/>\n<em>Stand der Angaben: 07 2012 <\/em><\/span><\/p>\n","protected":false},"excerpt":{"rendered":"<p>Wilhelm Schmidt (Holdter) ist am 27. Januar 1917 in Niedersaubach geboren und am 01. Februar 1942 bei Rudenka gefallen. Das best\u00e4tigen sowohl die Storb&#8217;schen Familienb\u00fccher (Eintrag 2629.8) als auch der Brief des Hauptfeldwebels Fischbach (6.\/ Inf. Reg. 253) vom 8. &hellip; <a href=\"https:\/\/unser-niedersaubach.de\/?page_id=2662\">Weiterlesen <span class=\"meta-nav\">&rarr;<\/span><\/a><\/p>\n","protected":false},"author":2,"featured_media":0,"parent":2593,"menu_order":23,"comment_status":"closed","ping_status":"closed","template":"","meta":{"ngg_post_thumbnail":0,"footnotes":""},"class_list":["post-2662","page","type-page","status-publish","hentry"],"_links":{"self":[{"href":"https:\/\/unser-niedersaubach.de\/index.php?rest_route=\/wp\/v2\/pages\/2662","targetHints":{"allow":["GET"]}}],"collection":[{"href":"https:\/\/unser-niedersaubach.de\/index.php?rest_route=\/wp\/v2\/pages"}],"about":[{"href":"https:\/\/unser-niedersaubach.de\/index.php?rest_route=\/wp\/v2\/types\/page"}],"author":[{"embeddable":true,"href":"https:\/\/unser-niedersaubach.de\/index.php?rest_route=\/wp\/v2\/users\/2"}],"replies":[{"embeddable":true,"href":"https:\/\/unser-niedersaubach.de\/index.php?rest_route=%2Fwp%2Fv2%2Fcomments&post=2662"}],"version-history":[{"count":96,"href":"https:\/\/unser-niedersaubach.de\/index.php?rest_route=\/wp\/v2\/pages\/2662\/revisions"}],"predecessor-version":[{"id":7674,"href":"https:\/\/unser-niedersaubach.de\/index.php?rest_route=\/wp\/v2\/pages\/2662\/revisions\/7674"}],"up":[{"embeddable":true,"href":"https:\/\/unser-niedersaubach.de\/index.php?rest_route=\/wp\/v2\/pages\/2593"}],"wp:attachment":[{"href":"https:\/\/unser-niedersaubach.de\/index.php?rest_route=%2Fwp%2Fv2%2Fmedia&parent=2662"}],"curies":[{"name":"wp","href":"https:\/\/api.w.org\/{rel}","templated":true}]}}