{"id":2668,"date":"2011-05-17T15:52:18","date_gmt":"2011-05-17T14:52:18","guid":{"rendered":"http:\/\/unser-niedersaubach.de\/?page_id=2668"},"modified":"2023-10-01T11:55:38","modified_gmt":"2023-10-01T10:55:38","slug":"jakob-thewes","status":"publish","type":"page","link":"https:\/\/unser-niedersaubach.de\/?page_id=2668","title":{"rendered":"Jakob Thewes"},"content":{"rendered":"<p style=\"text-align: justify;\"><span style=\"color: #000000;\">Jakob Thewes stammt aus Schmitz-Haus (in der vorderen Lach neben dem Hachen-Haus). Laut Gerhard Storb ist er am&nbsp;27.12.1913 geboren und am 13.07.1944 bei Opolschka gefallen (Eintrag Nr. 3012 in seinen Lebacher Familienb\u00fcchern, Band II).<\/span><\/p>\n<div id=\"attachment_3779\" style=\"width: 460px\" class=\"wp-caption aligncenter\"><img loading=\"lazy\" decoding=\"async\" aria-describedby=\"caption-attachment-3779\" class=\"size-full wp-image-3779\" title=\"Brustbild_450\" src=\"http:\/\/unser-niedersaubach.de\/wp-content\/uploads\/2011\/05\/Brustbild_450.jpg\" alt=\"\" width=\"450\" height=\"620\" srcset=\"https:\/\/unser-niedersaubach.de\/wp-content\/uploads\/2011\/05\/Brustbild_450.jpg 450w, https:\/\/unser-niedersaubach.de\/wp-content\/uploads\/2011\/05\/Brustbild_450-217x300.jpg 217w\" sizes=\"auto, (max-width: 450px) 100vw, 450px\" \/><p id=\"caption-attachment-3779\" class=\"wp-caption-text\">Obergefreiter Jakob Thewes, Fotoarchiv: Michael Thewes (Schmitz)<\/p><\/div>\n<p style=\"text-align: justify;\">Die Eltern, Nikolaus Thewes, Ackerer (* 1882\/ + 1963), und&nbsp;Maria Sch\u00e4fer (+ 1885\/ + 1963), lie\u00dfen bereits 1941 f\u00fcr ihn ausgangs Niedersaubach Richtung R\u00fcmmelbach ein Kreuz errichten, das die Jahre \u00fcberdauert hat; es sollte der Hoffnung auf eine gesunde Heimkehr aus dem Krieg Ausdruck verleihen. Und dieser Wunsch galt nicht nur seiner gesunden Heimkehr; noch 2 Br\u00fcder &#8211; Franz zun\u00e4chst in Frankreich und dann an der S\u00fcdfront sowie Toni bei der Kriegsmarine &#8211; waren laut ihres Neffen Michael Thewes (Schmitz) eingezogen worden.<\/p>\n<div id=\"attachment_3780\" style=\"width: 460px\" class=\"wp-caption aligncenter\"><img loading=\"lazy\" decoding=\"async\" aria-describedby=\"caption-attachment-3780\" class=\"size-full wp-image-3780\" title=\"Ostergrusz_08-04-1941_450\" src=\"http:\/\/unser-niedersaubach.de\/wp-content\/uploads\/2011\/05\/Ostergrusz_08-04-1941_450.jpg\" alt=\"\" width=\"450\" height=\"304\" srcset=\"https:\/\/unser-niedersaubach.de\/wp-content\/uploads\/2011\/05\/Ostergrusz_08-04-1941_450.jpg 450w, https:\/\/unser-niedersaubach.de\/wp-content\/uploads\/2011\/05\/Ostergrusz_08-04-1941_450-300x202.jpg 300w\" sizes=\"auto, (max-width: 450px) 100vw, 450px\" \/><p id=\"caption-attachment-3780\" class=\"wp-caption-text\">Ostergru\u00df vom 8. April 1941 aus Frankfurt\/ M., Fotoarchiv: Michael Thewes (Schmitz)<\/p><\/div>\n<p style=\"text-align: justify;\">Urspr\u00fcnglich soll es, wie Richard Wagner in seinem Buch &#8222;<span style=\"color: #0000ff;\"><span style=\"color: #0000ff;\">Lebacher Wegekreuze<\/span><\/span>&#8220; berichtet, ein Holzkreuz gewesen sein, das sp\u00e4ter, als klar war, dass der junge Sohn nicht heimkehren w\u00fcrde, durch ein Steinkreuz ersetzt wurde.<\/p>\n<p style=\"text-align: justify;\">Eine Ostergru\u00dfkarte vom 8. April 1941 aus Frankfurt\/ M. belegt, dass er in den Tagen vor dem \u00dcberfall auf die Sowjetunion bei der <span style=\"color: #0000ff;\">Flak-Ersatzabteilung 95<\/span> war. Wann er an die Ostfront versetzt wurde, ist uns nicht bekannt.<\/p>\n<div id=\"attachment_3767\" style=\"width: 460px\" class=\"wp-caption aligncenter\"><img loading=\"lazy\" decoding=\"async\" aria-describedby=\"caption-attachment-3767\" class=\"size-full wp-image-3767\" title=\"Thewes-Kreuz_450\" src=\"http:\/\/unser-niedersaubach.de\/wp-content\/uploads\/2011\/05\/Thewes-Kreuz_450.jpg\" alt=\"\" width=\"450\" height=\"600\" srcset=\"https:\/\/unser-niedersaubach.de\/wp-content\/uploads\/2011\/05\/Thewes-Kreuz_450.jpg 450w, https:\/\/unser-niedersaubach.de\/wp-content\/uploads\/2011\/05\/Thewes-Kreuz_450-225x300.jpg 225w\" sizes=\"auto, (max-width: 450px) 100vw, 450px\" \/><p id=\"caption-attachment-3767\" class=\"wp-caption-text\">Thewes Kreuz ausgangs der Lach links Richtung R\u00fcmmelbach im Geb\u00fcsch; Foto: Lothar Schmidt (2011)<\/p><\/div>\n<p style=\"text-align: justify;\">Auch die WASt nennt in einem Schreiben vom 3. Mai 2010 das Datum Jui 1944 als Zeitpunkt seines letzten Lebenszeichens.<\/p>\n<div id=\"attachment_3750\" style=\"width: 460px\" class=\"wp-caption aligncenter\"><img loading=\"lazy\" decoding=\"async\" aria-describedby=\"caption-attachment-3750\" class=\"size-full wp-image-3750\" title=\"wast\" src=\"http:\/\/unser-niedersaubach.de\/wp-content\/uploads\/2011\/05\/wast4.jpg\" alt=\"\" width=\"450\" height=\"82\" srcset=\"https:\/\/unser-niedersaubach.de\/wp-content\/uploads\/2011\/05\/wast4.jpg 450w, https:\/\/unser-niedersaubach.de\/wp-content\/uploads\/2011\/05\/wast4-300x54.jpg 300w\" sizes=\"auto, (max-width: 450px) 100vw, 450px\" \/><p id=\"caption-attachment-3750\" class=\"wp-caption-text\">Jakob Thewes&nbsp; in einem Schreiben der WASt vom 03.05.2010<\/p><\/div>\n<p style=\"text-align: justify;\"><a title=\"Grenadierregiment 273 im Lexikon der Wehrmacht\" href=\"http:\/\/www.lexikon-der-wehrmacht.de\/Personenregister\/SchuetzH-R.htm\" target=\"_blank\" rel=\"noopener\"><strong><span style=\"color: #0000ff;\">Im Lexikon der Wehrmacht ist \u00fcber das Grenadier-Regiment 273 Folgendes zu finden: <\/span><\/strong><\/a><span style=\"color: #000000;\">&#8222;Aufgestellt am 22. September 1943 in Nordru\u00dfland als drittes Regiment der 93. Infanterie-Division. Bei Kriegsende stand das Regiment im Samland.<\/span><strong>&#8222;<\/strong><\/p>\n<div id=\"attachment_3781\" style=\"width: 460px\" class=\"wp-caption aligncenter\"><img loading=\"lazy\" decoding=\"async\" aria-describedby=\"caption-attachment-3781\" class=\"size-full wp-image-3781\" title=\"Standbild_450\" src=\"http:\/\/unser-niedersaubach.de\/wp-content\/uploads\/2011\/05\/Standbild_450.jpg\" alt=\"\" width=\"450\" height=\"709\" srcset=\"https:\/\/unser-niedersaubach.de\/wp-content\/uploads\/2011\/05\/Standbild_450.jpg 450w, https:\/\/unser-niedersaubach.de\/wp-content\/uploads\/2011\/05\/Standbild_450-190x300.jpg 190w\" sizes=\"auto, (max-width: 450px) 100vw, 450px\" \/><p id=\"caption-attachment-3781\" class=\"wp-caption-text\">Obergefreiter Jakob Thewes, Fotoarchiv: Michael Thewes (Schmitz)<\/p><\/div>\n<p style=\"text-align: justify;\"><strong><a title=\"93. Infanterie-Division laut Lexikon der Wehrmacht\" href=\"http:\/\/www.lexikon-der-wehrmacht.de\/Gliederungen\/Grenadieregimenter\/GR273.htm\" target=\"_blank\" rel=\"noopener\"><span style=\"color: #0000ff;\">Das Regiment war der laut Lexikon der Wehrmacht der 93. Infanterie-Division unterstellt.<\/span><\/a>&nbsp; <\/strong>Die 16. Armee, zu der die 93. Infanterie-Division im Mai 1944 geh\u00f6rte, war im Raum Opotschka (und nicht: Opolschka, wie Storb schreibt) stationiert.<\/p>\n<p style=\"text-align: justify;\">Jakob Thewes wurde mit dem Kriegsverdienstkreuz 2. Klasse ausgezeichnet.<\/p>\n<div id=\"attachment_3792\" style=\"width: 460px\" class=\"wp-caption aligncenter\"><img loading=\"lazy\" decoding=\"async\" aria-describedby=\"caption-attachment-3792\" class=\"size-full wp-image-3792\" title=\"Kriegsverdienstkreuz_Urkunde_450\" src=\"http:\/\/unser-niedersaubach.de\/wp-content\/uploads\/2011\/05\/Kriegsverdienstkreuz_Urkunde_450.jpg\" alt=\"\" width=\"450\" height=\"642\" srcset=\"https:\/\/unser-niedersaubach.de\/wp-content\/uploads\/2011\/05\/Kriegsverdienstkreuz_Urkunde_450.jpg 450w, https:\/\/unser-niedersaubach.de\/wp-content\/uploads\/2011\/05\/Kriegsverdienstkreuz_Urkunde_450-210x300.jpg 210w\" sizes=\"auto, (max-width: 450px) 100vw, 450px\" \/><p id=\"caption-attachment-3792\" class=\"wp-caption-text\">Verleihung des Kriegsverdienstkreuzes an Jakob Thewes; Archiv: Michael Thewes (Schmitz)<\/p><\/div>\n<div id=\"attachment_3789\" style=\"width: 334px\" class=\"wp-caption aligncenter\"><a title=\"Kriegsverdienstkreuz 2. Klasse\" href=\"http:\/\/de.wikipedia.org\/wiki\/Kriegsverdienstkreuz_%281939%29\" target=\"_blank\" rel=\"noopener\"><img loading=\"lazy\" decoding=\"async\" aria-describedby=\"caption-attachment-3789\" class=\"size-full wp-image-3789\" title=\"Kriegsverdienstkreuz\" src=\"http:\/\/unser-niedersaubach.de\/wp-content\/uploads\/2011\/05\/Kriegsverdienstkreuz.jpg\" alt=\"\" width=\"324\" height=\"599\" srcset=\"https:\/\/unser-niedersaubach.de\/wp-content\/uploads\/2011\/05\/Kriegsverdienstkreuz.jpg 324w, https:\/\/unser-niedersaubach.de\/wp-content\/uploads\/2011\/05\/Kriegsverdienstkreuz-162x300.jpg 162w\" sizes=\"auto, (max-width: 324px) 100vw, 324px\" \/><\/a><p id=\"caption-attachment-3789\" class=\"wp-caption-text\">Kriegsverdienstkreuz 2. Klasse, Foto: gemeinfrei laut Wikipedia<\/p><\/div>\n<p style=\"text-align: center;\"><span style=\"color: #ff0000;\">Zur Erkl\u00e4rung der Auszeichnungen im 2. Weltkrieg Bild oben einfach anklicken!<\/span><\/p>\n<p style=\"text-align: justify;\">Stabsgefreiter Nikolaus Sellig, der mit Jakob Thewes wohl in Frankfurt\/ M. zusammen war und sp\u00e4ter mit ihm an der Ostfront im gleichen Bataillon diente, berichtet in einem Brief vom 7. November 1944 \u00fcber die Todesumst\u00e4nde seines guten Freundes. Er sei zwar &#8211; obwohl seit 1941 im gleichen Bataillon unterwegs &#8211; nicht mehr sehr oft mit Jakob zusammen gewesen, habe aber den guten Freund hin und wieder noch getroffen. Als er die Kameraden von Jakob beim R\u00fcckzug an die Ostsee (er spricht von &#8222;Absetzbewegung&#8220;) getroffen habe, habe er nat\u00fcrlich sofort nach Jakob gefragt. Man berichetete ihm, dass Jakob, der Pferde und Fahrzeuge mit sich gef\u00fchrt habe, bei einem Fliegerangriff &#8211; als er versuchte, mit seinem Pferd dem Beschuss auszuweichen &#8211; ums Leben gekommen sei. \u00dcber eine m\u00f6gliche Bergung des Leichnams habe er nichts in Erfahrung bringen k\u00f6nnen.<\/p>\n<div id=\"attachment_3783\" style=\"width: 460px\" class=\"wp-caption aligncenter\"><a title=\"Todesnachricht eines Freundes vom 7. November 1944, Archiv: Michael Thewes (Schmitz)\" href=\"http:\/\/unser-niedersaubach.de\/Dokumente\/WKII\/Jakob-Thewes\/Todesnachricht_07-11-1944.pdf\" target=\"_blank\" rel=\"noopener\"><img loading=\"lazy\" decoding=\"async\" aria-describedby=\"caption-attachment-3783\" class=\"size-full wp-image-3783\" title=\"Todesnachricht_07-11-1944\" src=\"http:\/\/unser-niedersaubach.de\/wp-content\/uploads\/2011\/05\/Todesnachricht_07-11-1944.jpg\" alt=\"\" width=\"450\" height=\"541\" srcset=\"https:\/\/unser-niedersaubach.de\/wp-content\/uploads\/2011\/05\/Todesnachricht_07-11-1944.jpg 450w, https:\/\/unser-niedersaubach.de\/wp-content\/uploads\/2011\/05\/Todesnachricht_07-11-1944-249x300.jpg 249w\" sizes=\"auto, (max-width: 450px) 100vw, 450px\" \/><\/a><p id=\"caption-attachment-3783\" class=\"wp-caption-text\">Stabsgefreiter Nikolaus Sellig schreibt am 7. November 1944 von der Ostfront an die Eltern von Jakob in Niedersaubach; Archiv: Michael Thewes (Schmitz)<\/p><\/div>\n<p style=\"text-align: center;\"><em><span style=\"color: #ff0000;\">Dieses Bild anklicken, um zum PDF-Dokument zu kommen!<\/span><\/em><\/p>\n<p style=\"text-align: justify;\"><span style=\"color: #0000ff;\"><a title=\"Opotschka, vorgestellt bei Wikipedia\" href=\"http:\/\/de.wikipedia.org\/wiki\/Opotschka\" target=\"_blank\" rel=\"noopener\"><span style=\"color: #0000ff;\"><strong>Opotschka<\/strong><\/span><\/a><\/span>, das heute an der <strong><span style=\"color: #0000ff;\"><a title=\"Opotschka bei maps.google.de\" href=\"http:\/\/maps.google.de\/maps?q=%D0%9E%D0%BF%D0%BE%D1%87%D0%BA%D0%B0&amp;hl=de&amp;ie=UTF8&amp;ll=56.776808,28.87207&amp;spn=12.379331,27.905273&amp;sll=51.151786,10.415039&amp;sspn=14.155599,27.905273&amp;vpsrc=6&amp;hnear=Opotschka,+Opochetskiy+rayon,+Pskovskaya+Oblast,+Russland&amp;t=p&amp;z=5\" target=\"_blank\" rel=\"noopener\"><span style=\"color: #0000ff;\">russisch-estischen Grenze<\/span><\/a><\/span><\/strong> liegt, wurde von der Wehrmacht bereits am 8. Juli 1941 besetzt und am 15. Juli 1944 von der Roten Armee zur\u00fcckerobert. Die Rote Armee schloss die 93. Infanterie-Division danach im Samland (Nord-Ostpreu\u00dfen) v\u00f6llig ein und vernichtete sie g\u00e4nzlich.<\/p>\n<div id=\"attachment_3751\" style=\"width: 460px\" class=\"wp-caption aligncenter\"><a title=\"Ostfront 1943 - 1944\" href=\"http:\/\/upload.wikimedia.org\/wikipedia\/commons\/3\/31\/Eastern_Front_1943-08_to_1944-12_de.png\" target=\"_blank\" rel=\"noopener\"><img loading=\"lazy\" decoding=\"async\" aria-describedby=\"caption-attachment-3751\" class=\"size-full wp-image-3751\" title=\"Ostfront\" src=\"http:\/\/unser-niedersaubach.de\/wp-content\/uploads\/2011\/05\/Ostfront.jpg\" alt=\"Verlauf der Ostfront 1943 - 1944 laut Wikipedia; Grafik: gemeinfrei laut Wikipedia\" width=\"450\" height=\"345\" srcset=\"https:\/\/unser-niedersaubach.de\/wp-content\/uploads\/2011\/05\/Ostfront.jpg 450w, https:\/\/unser-niedersaubach.de\/wp-content\/uploads\/2011\/05\/Ostfront-300x230.jpg 300w\" sizes=\"auto, (max-width: 450px) 100vw, 450px\" \/><\/a><p id=\"caption-attachment-3751\" class=\"wp-caption-text\">Verlauf der Ostfront 1943 &#8211; 1944 laut Wikipedia; Grafik: gemeinfrei laut Wikipedia<\/p><\/div>\n<p style=\"text-align: justify;\"><span style=\"color: #0000ff;\"><span style=\"color: #0000ff;\">Der Volksbund Deutsche Kriegsgr\u00e4berf\u00fcrsorge versucht, die gefallenen Deutschen aus diesen Juli-Tagen im Raum Pleskau (Russland) &#8211; wozu auch&nbsp;Opotschka geh\u00f6rt &#8211; auf einen Sammelfriedhof in Sebesch (Russland) umzubetten.<\/span><\/span> Ob nun auch Jakob Thewes schon gefunden und umgebettet werden konnte, ist anhand der Gr\u00e4berdatenbank des Volksbundes noch nicht zu beantworten. Hier m\u00fcsste man aber weiter suchen.<\/p>\n<p style=\"text-align: justify;\">Seine Familie ver\u00f6ffentlichte folgende Todesanzeige:<\/p>\n<div id=\"attachment_3868\" style=\"width: 460px\" class=\"wp-caption aligncenter\"><img loading=\"lazy\" decoding=\"async\" aria-describedby=\"caption-attachment-3868\" class=\"size-full wp-image-3868\" title=\"Thewes_Jacob_1944_1_450\" src=\"http:\/\/unser-niedersaubach.de\/wp-content\/uploads\/2011\/05\/Thewes_Jacob_1944_1_450.jpg\" alt=\"\" width=\"450\" height=\"688\" srcset=\"https:\/\/unser-niedersaubach.de\/wp-content\/uploads\/2011\/05\/Thewes_Jacob_1944_1_450.jpg 450w, https:\/\/unser-niedersaubach.de\/wp-content\/uploads\/2011\/05\/Thewes_Jacob_1944_1_450-196x300.jpg 196w\" sizes=\"auto, (max-width: 450px) 100vw, 450px\" \/><p id=\"caption-attachment-3868\" class=\"wp-caption-text\">Totenbildchen von Jacob Thewes, Archiv: Axel Alt (Bejtzer)<\/p><\/div>\n<div id=\"attachment_3869\" style=\"width: 460px\" class=\"wp-caption aligncenter\"><img loading=\"lazy\" decoding=\"async\" aria-describedby=\"caption-attachment-3869\" class=\"size-full wp-image-3869\" title=\"Thewes_Jacob_1944_2_450\" src=\"http:\/\/unser-niedersaubach.de\/wp-content\/uploads\/2011\/05\/Thewes_Jacob_1944_2_450.jpg\" alt=\"\" width=\"450\" height=\"697\" srcset=\"https:\/\/unser-niedersaubach.de\/wp-content\/uploads\/2011\/05\/Thewes_Jacob_1944_2_450.jpg 450w, https:\/\/unser-niedersaubach.de\/wp-content\/uploads\/2011\/05\/Thewes_Jacob_1944_2_450-193x300.jpg 193w\" sizes=\"auto, (max-width: 450px) 100vw, 450px\" \/><p id=\"caption-attachment-3869\" class=\"wp-caption-text\">Totenbildchen von Jacob Thewes, Archiv: Axel Alt (Bejtzer)<\/p><\/div>\n<p>&nbsp;<\/p>\n<p style=\"text-align: right;\"><em>Stand: November 2011<\/em><\/p>\n","protected":false},"excerpt":{"rendered":"<p>Jakob Thewes stammt aus Schmitz-Haus (in der vorderen Lach neben dem Hachen-Haus). Laut Gerhard Storb ist er am&nbsp;27.12.1913 geboren und am 13.07.1944 bei Opolschka gefallen (Eintrag Nr. 3012 in seinen Lebacher Familienb\u00fcchern, Band II). Die Eltern, Nikolaus Thewes, Ackerer (* &hellip; <a href=\"https:\/\/unser-niedersaubach.de\/?page_id=2668\">Weiterlesen <span class=\"meta-nav\">&rarr;<\/span><\/a><\/p>\n","protected":false},"author":2,"featured_media":0,"parent":2593,"menu_order":26,"comment_status":"closed","ping_status":"closed","template":"","meta":{"ngg_post_thumbnail":0,"footnotes":""},"class_list":["post-2668","page","type-page","status-publish","hentry"],"_links":{"self":[{"href":"https:\/\/unser-niedersaubach.de\/index.php?rest_route=\/wp\/v2\/pages\/2668","targetHints":{"allow":["GET"]}}],"collection":[{"href":"https:\/\/unser-niedersaubach.de\/index.php?rest_route=\/wp\/v2\/pages"}],"about":[{"href":"https:\/\/unser-niedersaubach.de\/index.php?rest_route=\/wp\/v2\/types\/page"}],"author":[{"embeddable":true,"href":"https:\/\/unser-niedersaubach.de\/index.php?rest_route=\/wp\/v2\/users\/2"}],"replies":[{"embeddable":true,"href":"https:\/\/unser-niedersaubach.de\/index.php?rest_route=%2Fwp%2Fv2%2Fcomments&post=2668"}],"version-history":[{"count":35,"href":"https:\/\/unser-niedersaubach.de\/index.php?rest_route=\/wp\/v2\/pages\/2668\/revisions"}],"predecessor-version":[{"id":9143,"href":"https:\/\/unser-niedersaubach.de\/index.php?rest_route=\/wp\/v2\/pages\/2668\/revisions\/9143"}],"up":[{"embeddable":true,"href":"https:\/\/unser-niedersaubach.de\/index.php?rest_route=\/wp\/v2\/pages\/2593"}],"wp:attachment":[{"href":"https:\/\/unser-niedersaubach.de\/index.php?rest_route=%2Fwp%2Fv2%2Fmedia&parent=2668"}],"curies":[{"name":"wp","href":"https:\/\/api.w.org\/{rel}","templated":true}]}}