{"id":35,"date":"2009-03-24T17:28:51","date_gmt":"2009-03-24T16:28:51","guid":{"rendered":"http:\/\/unser-niedersaubach.de\/?page_id=35"},"modified":"2018-05-21T16:10:17","modified_gmt":"2018-05-21T15:10:17","slug":"die-priester","status":"publish","type":"page","link":"https:\/\/unser-niedersaubach.de\/?page_id=35","title":{"rendered":"Unsere Priester"},"content":{"rendered":"<p style=\"text-align: justify;\"><span style=\"color: #000000;\">Eine zentrale Rolle hat in unserem Dorfleben immer unsere wundersch\u00f6ne Antonius-Kapelle gespielt. Wir haben bei unseren Recherchen (Dorf- und Schulchronik konnten wir wiederfinden) heraus gefunden, dass unsere Kapelle am 21. November 1910 eingeweiht worden war. Sie wird also 2010 100 Jahre alt werden.<\/span><\/p>\n<p style=\"text-align: justify;\"><span style=\"color: #000000;\">Unser Dorf hat sich bei ihrer Errichtung und Unterhaltung \u00fcber die Jahrzehnte &#8222;viel gefallen&#8220; lassen. Unsere Antonius-Kapelle haben sich unsere Vorfahren, wie man in den historischen Unterlagen nachlesen kann, sozusagen vom Munde abgespart und mit eigenen H\u00e4nden unter gro\u00dfen M\u00fchen errichtet. Aber in allen Schriftst\u00fccken wird deutlich, wie stolz unser durch und durch katholisches Dorf immer gewesen ist, eine eigene lebendige Kirche zu haben, die nicht nur f\u00fcr den Glauben, sondern auch f\u00fcr das Selbstbewusstsein des Ortes Niedersaubach gemeinschaftsstiftend wurde.<\/span><\/p>\n<p style=\"text-align: justify;\"><span style=\"color: #000000;\">Richtig Fahrt aufgenommen hat unsere kirchliche Filialgemeinde Niedersaubach-R\u00fcmmelbach allerdings erst, als nach Fertigstellung des Pfarrhauses im Jahr 1954 die Religionslehrer des Lebacher Lehrerseminars bzw. sp\u00e4ter des Lebacher Gymnasiums in Niedersaubach wohnten und pastoral wirkten. Leider ist mit dem Weggang von Pastor Hermann Ludwig Meiser nach Bitburg die Betreuung vor Ort abgerissen.<\/span><\/p>\n<p><a href=\"http:\/\/unser-niedersaubach.de\/wp-content\/uploads\/2009\/03\/Kapellenaufgang_1959.jpg\"><img loading=\"lazy\" decoding=\"async\" class=\"size-full wp-image-1560 \" title=\"Kapellenaufgang_1959\" src=\"http:\/\/unser-niedersaubach.de\/wp-content\/uploads\/2009\/03\/Kapellenaufgang_1959.jpg\" alt=\"\" width=\"450\" height=\"312\" srcset=\"https:\/\/unser-niedersaubach.de\/wp-content\/uploads\/2009\/03\/Kapellenaufgang_1959.jpg 450w, https:\/\/unser-niedersaubach.de\/wp-content\/uploads\/2009\/03\/Kapellenaufgang_1959-300x208.jpg 300w\" sizes=\"auto, (max-width: 450px) 100vw, 450px\" \/><\/a><\/p>\n<p style=\"text-align: justify;\"><span style=\"color: #000000;\">Am 1. November 1957 bezog Pater Dr. Adams das Pfarrhaus; er residierte dort bis 1964, als er nach Aufl\u00f6sung des Lebacher Lehrerseminars nach Kruchten versetzt wurde. Erst mit dem Einzug von Pater Dr. Adams gab es in der Antoniuskapelle wieder eine feste Sonntagsmesse, die zwischen 1946 und 1950 Dr. Alfons Martz bereits eingerichtet hatte. Ostern 1964\u00a0 wurde er abgel\u00f6st durch Pastor Dr. Niewalda (ein Fl\u00fcchtling aus dem Sudetenland, der in Niedersaubach nur \u00fcbergangsweise bis 1965 bleiben wollte). Ihm folgte zwischen 1965 und 1966 Pastor Hermann M\u00fcnzel, der sich nach seinem Weggang nach Saarbr\u00fccken einen Namen als Kirchenrebell gemacht hatte. Die Nachfolger, deren Biografie wir hier noch aufschreiben werden, waren Pastor Schneiders (1966 &#8211; 1968), Pastor Birringer (1968 &#8211; 1971) und Pastor Hermann Ludwig Meiser (1972 &#8211; 1988).<\/span><\/p>\n<p style=\"text-align: justify;\"><span style=\"color: #000000;\">Auf der Seite: &#8222;Unsere Priester&#8220; werden wir die Biografien unserer Past\u00f6re, auch im R\u00fcckgang auf die Zeit vor der Fertigstellung des Pfarrhauses am Beispiel von Pastor Dr. Martz, festhalten.<\/span><\/p>\n<p style=\"text-align: justify;\"><span style=\"color: #000000;\">Die folgenden Priester-Seiten sind angelegt: <a class=\"wpGallery\" title=\"Pastor Hermann M\u00fcnzel\" href=\"http:\/\/unser-niedersaubach.de\/?page_id=556\" target=\"_self\">Pastor Hermann M\u00fcnzel<\/a>,\u00a0 <a class=\"wpGallery\" title=\"Pastor Hermann Ludwig Meiser\" href=\"http:\/\/unser-niedersaubach.de\/?page_id=672\" target=\"_self\">Pastor Hermann Ludwig Meiser<\/a>, <a class=\"wpGallery\" title=\"Pastor Rudolf Schneiders\" href=\"http:\/\/unser-niedersaubach.de\/?page_id=920\" target=\"_self\">Pastor Rudolf Schneiders<\/a>, <a class=\"wpGallery\" title=\"Pastor Hans J\u00fcrgen Birringer\" href=\"http:\/\/unser-niedersaubach.de\/?page_id=1327\" target=\"_self\">Pastor Hans J\u00fcrgen Birringer<\/a>, <a class=\"wpGallery\" title=\"Dr. Alfons Martz\" href=\"http:\/\/unser-niedersaubach.de\/?page_id=1356\" target=\"_self\">Dr. Alfons Martz<\/a> und <a class=\"wp-oembed\" title=\"Pater Dr. Peter Adams\" href=\"http:\/\/unser-niedersaubach.de\/?page_id=1480\" target=\"_self\">Pater Dr. Peter Adams<\/a>. \u00dcber Pastor Dr. Niewalda lie\u00df sich nichts mehr finden.<\/span><\/p>\n<p style=\"text-align: justify;\"><span style=\"color: #000000;\">Lothar Schmidt<\/span><\/p>\n","protected":false},"excerpt":{"rendered":"<p>Eine zentrale Rolle hat in unserem Dorfleben immer unsere wundersch\u00f6ne Antonius-Kapelle gespielt. Wir haben bei unseren Recherchen (Dorf- und Schulchronik konnten wir wiederfinden) heraus gefunden, dass unsere Kapelle am 21. November 1910 eingeweiht worden war. Sie wird also 2010 100 &hellip; <a href=\"https:\/\/unser-niedersaubach.de\/?page_id=35\">Weiterlesen <span class=\"meta-nav\">&rarr;<\/span><\/a><\/p>\n","protected":false},"author":2,"featured_media":0,"parent":32,"menu_order":0,"comment_status":"closed","ping_status":"closed","template":"","meta":{"ngg_post_thumbnail":0,"footnotes":""},"class_list":["post-35","page","type-page","status-publish","hentry"],"_links":{"self":[{"href":"https:\/\/unser-niedersaubach.de\/index.php?rest_route=\/wp\/v2\/pages\/35","targetHints":{"allow":["GET"]}}],"collection":[{"href":"https:\/\/unser-niedersaubach.de\/index.php?rest_route=\/wp\/v2\/pages"}],"about":[{"href":"https:\/\/unser-niedersaubach.de\/index.php?rest_route=\/wp\/v2\/types\/page"}],"author":[{"embeddable":true,"href":"https:\/\/unser-niedersaubach.de\/index.php?rest_route=\/wp\/v2\/users\/2"}],"replies":[{"embeddable":true,"href":"https:\/\/unser-niedersaubach.de\/index.php?rest_route=%2Fwp%2Fv2%2Fcomments&post=35"}],"version-history":[{"count":21,"href":"https:\/\/unser-niedersaubach.de\/index.php?rest_route=\/wp\/v2\/pages\/35\/revisions"}],"predecessor-version":[{"id":7704,"href":"https:\/\/unser-niedersaubach.de\/index.php?rest_route=\/wp\/v2\/pages\/35\/revisions\/7704"}],"up":[{"embeddable":true,"href":"https:\/\/unser-niedersaubach.de\/index.php?rest_route=\/wp\/v2\/pages\/32"}],"wp:attachment":[{"href":"https:\/\/unser-niedersaubach.de\/index.php?rest_route=%2Fwp%2Fv2%2Fmedia&parent=35"}],"curies":[{"name":"wp","href":"https:\/\/api.w.org\/{rel}","templated":true}]}}