{"id":730,"date":"2009-08-10T22:47:59","date_gmt":"2009-08-10T21:47:59","guid":{"rendered":"http:\/\/unser-niedersaubach.de\/?page_id=730"},"modified":"2018-05-21T16:07:03","modified_gmt":"2018-05-21T15:07:03","slug":"test","status":"publish","type":"page","link":"https:\/\/unser-niedersaubach.de\/?page_id=730","title":{"rendered":"Gesangverein"},"content":{"rendered":"<h2><span style=\"color: #0000ff;\">Der M\u00e4nnergesangverein<br \/>\n<\/span><\/h2>\n<p style=\"text-align: left;\"><span style=\"color: #000000;\">In Niedersaubach hat der Chorgesang eine \u00fcber 100-j\u00e4hrige Tradition.<\/span><\/p>\n<p style=\"text-align: left;\"><span style=\"color: #000000;\">Aus der Festschrift zum 60-j\u00e4hrigen Jubil\u00e4um 1962:<\/span><\/p>\n<p style=\"text-align: justify;\"><span style=\"color: #000000;\"><em>Es war im Jahre 1902, als Herr Lehrer Eberschweiler in Vertretung von Herrn Adam in Niedersaubach den Schuldienst versah. Herr Eberschweiler war ein sehr gesangs- und musikfreudiger Herr, der besonders gern Lieder zur Geige sang. Da er sehr beliebt und kontaktfreudig war, blieb es nicht aus, dass er f\u00fcr die M\u00e4nner aus unserem Ort, die in dem Kirchenchor Lebach sangen, Interesse zeigte und sie zu gemeinsamen Gesang in seine Wohnung einlud.\u00a0 Dieser Einladung waren zun\u00e4chst drei M\u00e4nner gefolgt, die nun gemeinsam mit Herrn Eberschweiler sangen. Nach einiger Zeit kam ein vierter hinzu. Diese vier M\u00e4nner k\u00f6nnen als Gr\u00fcnder unseres Vereines gelten. Das erste Lied, das Herr Eberschweiler mit diesen M\u00e4nnern einstudierte, wird noch heute in unserem Verein gesungen: Stumm schl\u00e4ft der Barde (S\u00e4nger). Dank des guten Erinnerungsverm\u00f6gens des einzigen noch lebenden Mitbegr\u00fcnders, Herrn Johann Thewes, ist uns die Stimmbesetzung noch bekannt:<\/em><\/span><\/p>\n<p style=\"text-align: left; padding-left: 30px;\"><span style=\"color: #000000;\"><em>Fritz Biesel (Schommersch Fritz) 1. Tenor<br \/>\nJohann Thewes (Lauersch Johann) 2. Tenor<br \/>\nJohann Buchheit (Schommersch H\u00e4ns) 1. Ba\u00df<br \/>\nPeter Warken (Kreitzwisser Pitt) 2. Ba\u00df<\/em><\/span><\/p>\n<p style=\"text-align: justify;\"><span style=\"color: #000000;\">Herr Thewes wei\u00df zu berichten, dass diese vier Sangesbegeisterten dieses Lied eines Sonntagsabends in Geigenbegleitung von Herrn Eberschweiler in der Gastwirtschaft Sch\u00e4fer (jetzt Heinrich) sangen. Der Erfolg war so gro\u00df, dass spontan eine weitere Anzahl M\u00e4nner den Wunsch \u00e4u\u00dferten, an den Gesangstunden von Herrn Eberschweiler teilnehmen zu d\u00fcrfen.<br \/>\n<\/span><\/p>\n<p style=\"text-align: justify;\"><span style=\"color: #000000;\">Daraufhin schlug Herr Peter Warken vor, einen richtigen Gesangverein zu gr\u00fcnden und die Gesangstunden von der Lehrerwohnung in die Gastwirtschaft zu verlegen. Erster Vorsitzender des Vereins wurde Herr Peter Warken, der erst vor einigen Jahren im Alter von 97 Jahren gestorben ist.<\/span><\/p>\n<div id=\"attachment_739\" style=\"width: 474px\" class=\"wp-caption aligncenter\"><img loading=\"lazy\" decoding=\"async\" aria-describedby=\"caption-attachment-739\" class=\"size-full wp-image-739 \" title=\"peter-warken\" src=\"http:\/\/unser-niedersaubach.de\/wp-content\/uploads\/2009\/08\/peter-warken.jpg\" alt=\"Peter Warken, erster Vorsitzender des MGV Niedersaubach\" width=\"464\" height=\"554\" srcset=\"https:\/\/unser-niedersaubach.de\/wp-content\/uploads\/2009\/08\/peter-warken.jpg 580w, https:\/\/unser-niedersaubach.de\/wp-content\/uploads\/2009\/08\/peter-warken-251x300.jpg 251w\" sizes=\"auto, (max-width: 464px) 100vw, 464px\" \/><p id=\"caption-attachment-739\" class=\"wp-caption-text\"><\/span> <span style=\"color: #000000;\">Peter Warken, erster Vorsitzender des MGV Niedersaubach<\/span><\/p><\/div>\n<p style=\"text-align: justify;\"><span style=\"color: #000000;\">Nachdem die Amtst\u00e4tigkeit von Herrn Eberschweiler in Niedersaubach beendet war, \u00fcbernahm Herr Kiefer, Organist in Lebach, die Leitung des jungen Chores.<\/span><\/p>\n<p style=\"text-align: justify;\"><span style=\"color: #000000;\">Im Jahre 1906 z\u00e4hlte der Verein bereits 20 aktive S\u00e4nger und hatte ein Niveau erreicht, dass er die Gestaltung eines S\u00e4ngerfestes wagen konnte.<br \/>\n\u00dcber dieses S\u00e4ngerfest k\u00f6nnen wir in der Schulchronik Folgendes lesen: <em>In Anwesenheit von sieben Vereinen beging der hiesige M\u00e4nnergesangverein sein Stiftungsfest. Unter Vorantritt einer Musikkapelle zog gegen 4 h der stattliche Zug durch den sch\u00f6ngeschm\u00fcckten Ort zum Festplatz, woselbst unter den heiteren Kl\u00e4ngen der Musik und dem Gesang der einzelnen Vereine sich ein reges Leben und Treiben entfaltete. Ein \u00e4hnliches Fest hat Niedersaubach noch nicht gesehen.<\/em><br \/>\nIm Jahre 1909 \u00fcbernahm der um Musik und Gesang hochverdiente Organist aus Gresaubach, Herr Matthias Altmeyer, die Leitung des Chores. Unter seiner Leitung sang der Chor bei der Einweihung der Kapelle 1910 eine vierstimmige Messe.Herr Altmeyer leitete den Chor bis zum Jahre 1915, als die Chorstunden kriegsbedingt eingestellt werden mussten.<br \/>\n<\/span><\/p>\n<p><img loading=\"lazy\" decoding=\"async\" class=\"size-full wp-image-741 \" title=\"mgv_1920_580\" src=\"http:\/\/unser-niedersaubach.de\/wp-content\/uploads\/2009\/08\/mgv_1920_580.jpg\" alt=\"mgv_1920_580\" width=\"464\" height=\"239\" srcset=\"https:\/\/unser-niedersaubach.de\/wp-content\/uploads\/2009\/08\/mgv_1920_580.jpg 580w, https:\/\/unser-niedersaubach.de\/wp-content\/uploads\/2009\/08\/mgv_1920_580-300x154.jpg 300w\" sizes=\"auto, (max-width: 464px) 100vw, 464px\" \/><\/p>\n<p style=\"text-align: justify;\"><span style=\"color: #000000;\">Leider sind durch die Wirren des letzten Weltkrieges die Vereinsakten verlorengegangen, sodass der Chronist \u00fcber die Entwicklung und einzelnen Veranstaltungen des Vereins nichts Erw\u00e4hnenswertes zu berichten wei\u00df.<br \/>\nNach dem zweiten Weltkrieg bem\u00fchte sich vor allem Herr Jakob Bastuck um die Wiederbelebung der Vereinst\u00e4tigkeit. Der Verein nahm denn auch bald unter der Bezeichnung \u201eKulturverein&#8220; seine T\u00e4tigkeit wieder auf. Der Verein umfasste damals eine Sparte Gesang und eine Sparte Theater.<br \/>\nIm Jahre 1953 trennten sich die beiden Sparten in zwei selbst\u00e4ndige Vereine (<span style=\"color: #0000ff;\"><strong><a class=\"wpGallery\" title=\"Vereinsstatuten 1953\" href=\"http:\/\/unser-niedersaubach.de\/Dokumente\/Gesangverein\/Vereinsstatuten-1953.pdf\" target=\"_blank\" rel=\"noopener\">Vereinsstatuten1953<\/a><\/strong><\/span>).<br \/>\n1952 feierte der Verein sein 50-j\u00e4hriges Bestehen, und im Jahre 1955 das 53. Stiftungsfest. Beide Feste brachten dem Verein sehr gro\u00dfe Erfolge.<\/span><\/p>\n<p style=\"text-align: justify;\"><span style=\"color: #000000;\">In den Jahren nach dem zweiten Weltkrieg nahm der Verein auch an allen S\u00e4ngerfesten der Umgebung teil. In der Nachkriegszeit stand der Verein unter der gesanglichen Leitung folgender Herren: Josef Kreutzer, Jakob Kreutzer und Peter M\u00fcller (derzeitiger Dirigent). Der Chronist w\u00fcnscht, dass dem M\u00e4nnergesangverein Niedersaubach noch viele Jahre des Gedeihens beschieden sein m\u00f6gen, auf dass er zur Freude der Dorfgemeinschaft und auch der S\u00e4nger selbst wirken m\u00f6ge.<\/span><\/p>\n<p style=\"text-align: justify;\"><span style=\"color: #000000;\">Deshalb ein herzliches <strong>VIVAT, FLOREAT, CRESCAT<\/strong>!<\/span><\/p>\n<div id=\"attachment_743\" style=\"width: 474px\" class=\"wp-caption aligncenter\"><img loading=\"lazy\" decoding=\"async\" aria-describedby=\"caption-attachment-743\" class=\"size-full wp-image-743 \" title=\"mgv-1962_580\" src=\"http:\/\/unser-niedersaubach.de\/wp-content\/uploads\/2009\/08\/mgv-1962_580.jpg\" alt=\"Der M\u00e4nnergesang-verein im Jahre 1962\" width=\"464\" height=\"458\" srcset=\"https:\/\/unser-niedersaubach.de\/wp-content\/uploads\/2009\/08\/mgv-1962_580.jpg 580w, https:\/\/unser-niedersaubach.de\/wp-content\/uploads\/2009\/08\/mgv-1962_580-300x296.jpg 300w\" sizes=\"auto, (max-width: 464px) 100vw, 464px\" \/><p id=\"caption-attachment-743\" class=\"wp-caption-text\"><\/span> <span style=\"color: #000000;\">Der M\u00e4nnergesangverein im Jahre 1962<\/span><\/p><\/div>\n<p style=\"text-align: left; padding-left: 30px;\"><span style=\"color: #000000;\"><em>vordere Reihe, hockend, von links: &#8230; <\/em><\/span><\/p>\n<p style=\"text-align: left; padding-left: 30px;\"><span style=\"color: #000000;\"><em>vordere Reihe, stehend, von links: <\/em><\/span><\/p>\n<p style=\"text-align: left; padding-left: 60px;\"><span style=\"color: #000000;\"><em>Jakob Eckert (Diwwer J\u00e4b), Paul J\u00e4ckel, Peter Bastuck (Freisen Pitt), Johannes Werth (Hirten H\u00e4ns), Peter M\u00fcller (Dirigent), Jakob Britz (Schmitz Jakob), Peter Willems (Matzen Pitt), Alois D\u00f6rr<\/em><\/span><\/p>\n<p style=\"text-align: left; padding-left: 30px;\"><span style=\"color: #000000;\"><em>hintere Reihe, stehend, von links: <\/em><\/span><\/p>\n<p style=\"text-align: left; padding-left: 60px;\"><span style=\"color: #000000;\"><em>Theodor Fritz (Heckmanns Theo), Alois Scherer (Mario Wisi), Paul Schwarz, Reinhold Engel (Millersch Reihold), Norbert Bauer (Kl\u00e4sen Norbert),\u00a0 Karl Lauermann (Matzen Karl)<\/em><\/span><\/p>\n<p style=\"text-align: left; padding-left: 30px;\"><span style=\"color: #000000;\"><em>Frage: Wer kennt die Fehlenden? <\/em><\/span><\/p>\n<p style=\"text-align: justify;\"><span style=\"color: #000000;\">Der MGV, der in den Jahren von 1953 bis 1971 das kulturelle Leben in Niedersaubach entscheidend mitgestaltete, z\u00e4hlte in seiner Bl\u00fctezeit mehr als 30 aktive S\u00e4nger. Ma\u00dfgeblichen Anteil am Gedeihen des Vereines hatte Josef Scherer, der diesen 10 Jahre als Vorsitzender f\u00fchrte und auch in anderen Vorstands\u00e4mtern immer wieder seinen Gemeinsinn und seine Integrationsf\u00e4higkeit unter Beweis stellte.<\/span><\/p>\n<div id=\"attachment_747\" style=\"width: 474px\" class=\"wp-caption aligncenter\"><img loading=\"lazy\" decoding=\"async\" aria-describedby=\"caption-attachment-747\" class=\"size-full wp-image-747 \" title=\"mgv_1964_580\" src=\"http:\/\/unser-niedersaubach.de\/wp-content\/uploads\/2009\/08\/mgv_1964_580.jpg\" alt=\"MGV bringt Pastor Dr. Adams 1964 in Kruchten zur Verabschiedung ein St\u00e4ndchen\" width=\"464\" height=\"282\" srcset=\"https:\/\/unser-niedersaubach.de\/wp-content\/uploads\/2009\/08\/mgv_1964_580.jpg 580w, https:\/\/unser-niedersaubach.de\/wp-content\/uploads\/2009\/08\/mgv_1964_580-300x182.jpg 300w\" sizes=\"auto, (max-width: 464px) 100vw, 464px\" \/><p id=\"caption-attachment-747\" class=\"wp-caption-text\"><\/span> <span style=\"color: #000000;\">MGV bringt Pastor Dr. Adams 1964 in Kruchten zur Verabschiedung ein St\u00e4ndchen<\/span><\/p><\/div>\n<p style=\"text-align: justify;\"><span style=\"color: #000000;\">Dr. Adams war Religionslehrer am Kath. Lehrerseminar und wohnte bis 1964 im Pfarrhaus neben der Antoniuskapelle. Er betreute als Priester die Filialgemeinde Niedersaubach. Zum 60j\u00e4hrigen Jubi\u00e4um 1962 schrieb er ein <a class=\"wpGallery\" title=\"Gru\u00dfwort Dr. Adams 1962\" href=\"http:\/\/unser-niedersaubach.de\/Dokumente\/Gesangverein\/Grussworte-1962.pdf\" target=\"_blank\" rel=\"noopener\">Gru\u00dfwort<\/a> f\u00fcr die Festschrift.<\/span><\/p>\n<p style=\"text-align: justify;\"><span style=\"color: #000000;\">Aus der Festschrift zum Jubil\u00e4um 1962:<br \/>\n<\/span><\/p>\n<p style=\"text-align: justify;\"><strong><span style=\"color: #000000;\"><a class=\"wpGallery\" title=\"Gru\u00dfwort Dr. Adams 1962\" href=\"http:\/\/unser-niedersaubach.de\/Dokumente\/Gesangverein\/Grussworte-1962.pdf\" target=\"_blank\" rel=\"noopener\">Gru\u00dfworte<\/a><br \/>\n<a class=\"wpGallery\" title=\"Festprogramm 1962\" href=\"http:\/\/unser-niedersaubach.de\/Dokumente\/Gesangverein\/Festprogramm-1962.pdf\" target=\"_blank\" rel=\"noopener\">Festprogramm<\/a><br \/>\n<a class=\"wpGallery\" title=\"Ehrenausschuss 1962\" href=\"http:\/\/unser-niedersaubach.de\/Dokumente\/Gesangverein\/Ehrenausschuss-1962.pdf\" target=\"_blank\" rel=\"noopener\">Ehrenausschuss<\/a><br \/>\n<a class=\"wpGallery\" title=\"Aktive 1962\" href=\"http:\/\/unser-niedersaubach.de\/Dokumente\/Gesangverein\/Aktive-1962.pdf\" target=\"_blank\" rel=\"noopener\">Aktive S\u00e4nger<\/a><\/span><\/strong><\/p>\n<p>&nbsp;<\/p>\n<p>&nbsp;<\/p>\n<h2><span style=\"color: #0000ff;\">Der Gemischte Chor<\/span><\/h2>\n<h3><\/h3>\n<p style=\"text-align: justify;\"><span style=\"color: #000000;\">In der Festschrift zum 80j\u00e4hrigen Jubil\u00e4um im Juli 1982 erinnert der Chronist:<\/span><\/p>\n<p style=\"text-align: justify;\"><span style=\"color: #000000;\"><em>Im Jahre 1971 sollte der wohl tiefgreifendste Einschnitt in der Vereinsgeschichte vorgenommen werden: die Gr\u00fcndung des Gemischten Chores. Vor seiner Wahl zum Vorsitzenden im April 1971 erl\u00e4uterte Werner Schmidt der Generalversammlung seine Zielvorstellungen hinsichtlich der Gr\u00fcndung des Gemischten Chores. Dieser Chor sollte als Sparte des Vereins gef\u00fchrt werden, was zun\u00e4chst aus zweierlei Gr\u00fcnden unbedingt erforderlich war: Einmal war da der verst\u00e4ndliche Wunsch der meisten S\u00e4nger, den traditionellen M\u00e4nnerchor nicht aufzugeben; zum anderen sollte den M\u00e4nnern, die nicht \u201egemischt&#8220; singen wollten, weiterhin Gelegenheit geboten werden, aktiv zu singen. Die \u00fcberwiegende Mehrzahl der S\u00e4nger schloss sich schlie\u00dflich der Auffassung an, dass der M\u00e4nnerchor in unserem kleinen Dorf zahlen- und leistungsm\u00e4\u00dfig kaum noch Perspektiven er\u00f6ffnete und die voraussichtlich gro\u00dfe Zahl von Aspirantinnen die Chance f\u00fcr einen Neubeginn b\u00f6te. Tats\u00e4chlich traten dann zur ersten Probe 22 M\u00e4dchen und Frauen unserem Verein bei. In dieser nun sehr stattlichen S\u00e4ngerschar war in den folgenden Monaten eine gro\u00dfe Aufbruchstimmung zu versp\u00fcren. Mit Begeisterung und in Kameradschaft wurden die ersten H\u00fcrden genommen. Dem Chorleiter August K\u00fchn gelang es, aus den vielen unerfahrenen Stimmen einen wohlt\u00f6nenden Klangk\u00f6rper zu formen.<\/em><\/span><\/p>\n<p style=\"text-align: justify;\"><span style=\"color: #000000;\">Das gro\u00dfe S\u00e4ngerfest, das im Juli 1977 anl\u00e4sslich des 75j\u00e4hrigen Jubil\u00e4ums gefeiert wurde, stand unter dem Motto: \u201eT\u00f6net ihr Lieder&#8220;. Im festlich geschm\u00fcckten Zelt, das die G\u00e4ste in gem\u00fctlicher Atmosph\u00e4re einte, er\u00f6ffneten freitags die Ch\u00f6re der damaligen Einheitsgemeinde Lebach das S\u00e4ngerfest mit einem gemeinsamen Liederabend zum ersten Mal in dieser Formation. Dieser Abend wurde, wie auch samstags der Kommersabend, eine Demonstration f\u00fcr den Chorgesang. Treffliche Ch\u00f6re rissen die and\u00e4chtig lauschenden Zuh\u00f6rer immer wieder zu begeistertem Applaus hin. W\u00e4hrend aller Festtage wurde den G\u00e4sten ein breit gef\u00e4chertes Programm geboten; seien es die ausgezeichneten musischen Darbietungen, sei es zum Beispiel die gro\u00dfe Tombola oder das ausgelassene Kinderfest gewesen. Der harmonische Ablauf, die festliche Grundstimmung, der kameradschaftliche Geist setzten Akzente f\u00fcr kommende Zeltveranstaltungen. Und so konnte es nicht ausbleiben, da auch Petrus dem Chor gn\u00e4dig gestimmt war, dass das Fest in jeder Hinsicht von Erfolg gekr\u00f6nt war.<br \/>\nMit dem ideellen Gewinn, der sich aus dem Gemeinschaftserlebnis des Festes ergab, und nat\u00fcrlich auch dem finanziellen Erfolg konnte sich der Chor wohlausgestattet an die Bew\u00e4ltigung der Zukunftsaufgaben wagen. Die vornehmste Aufgabe wurde von allen darin erkannt, eine weitere musikalische Steigerung anzustreben, die nur gelingen konnte, wenn die Stimmen ausgeglichener besetzt werden k\u00f6nnten. W\u00e4hrend bei den weiblichen Stimmen nie ernsthafte Nachwuchssorgen bestanden &#8211; im Jahr 1981 verf\u00fcgte der Chor gar \u00fcber 8 S\u00e4ngerinnen unter 25 Jahren &#8211; gestaltete sich die Werbung jugendlicher Nachwuchss\u00e4nger m\u00fchsam und war immer wieder von R\u00fcckschl\u00e4gen gekennzeichnet. Es gelang zwar immer wieder, junge M\u00e4nner f\u00fcr den Chor zu gewinnen; diese schieden aber meist nach kurzer Zeit wieder aus. So hegt der Chor bis heute die Hoffnung, dass die jungen M\u00e4nner des Ortes m\u00f6glichst in naher Zukunft ihre Aufmerksamkeit dem deutschen Lied und dem Chorgesang zuwenden m\u00f6chten. Vielleicht sollte es auch gelingen, die ehemaligen Mitglieder des Kinderchores zu gewinnen. Ein f\u00fcr die W\u00fcnsche und Belange der Jugend offener Verein, eine ansprechende Liedauswahl, eine leistungsorientierte Probenarbeit und eine kameradschaftliche Vereinsatmosph\u00e4re sollten eigentlich bald zum erhofften Durchbruch f\u00fchren.<br \/>\nIm Jahr 1977 legte der Chorleiter August K\u00fchn, der bereits seit 1963 den M\u00e4nnerchor mit gro\u00dfem Engagement leitete und den Gemischten Chor aufgebaut und entscheidend gepr\u00e4gt hatte, sein Amt aus pers\u00f6nlichen und vom Chor respektierten Gr\u00fcnden nieder. F\u00fcr seine Verdienste um den Aufbau des Gemischten Chores wurde er im November 1981 vom Vorstand zum Ehrenchorleiter ernannt.<br \/>\nF\u00fcr seine Nachfolge konnte Walter Nimmesgern gewonnen werden, der mit viel Sachverstand, mit p\u00e4dagogischem Einf\u00fchlungsverm\u00f6gen und mit gro\u00dfer Geduld das Leistungsniveau weiter steigern konnte. Erm\u00f6glicht wurde der Aufschwung aber auch dadurch, dass etliche neue S\u00e4ngerinnen und S\u00e4nger gewonnen werden konnten, die frischen Mut und neuen Schwung mit einbrachten.<\/span><\/p>\n<p style=\"text-align: justify;\"><span style=\"color: #000000;\">Die erste gro\u00dfe Pr\u00fcfung bestand der Chor <strong><a class=\"wpGallery\" title=\"S\u00e4ngerfest 1972\" href=\"http:\/\/unser-niedersaubach.de\/Dokumente\/Gesangverein\/Rueckblende.pdf\" target=\"_blank\" rel=\"noopener\">am Kommersabend des S\u00e4ngerfestes 1972<\/a><\/strong>,\u00a0als er mit Bravour das \u201eLied der Freude&#8220; vortrug. Das erste Lied, das der Chor \u00fcberhaupt einstudierte, wird auch heute noch gern gesungen: \u201eVespergesang&#8220; von Bortniansky. In diesem ersten Jahr seines Bestehens konnte sich der Chor ein beachtliches Repertoire erarbeiten.<br \/>\nAber auch in kameradschaftlicher Hinsicht wuchs der Chor in den folgenden Jahren zu einer Einheit zusammen. Dies war nicht zuletzt das Ergebnis einer intensiven Gemeinschaftsarbeit von Seiten der Vorst\u00e4nde, die durch ein buntes Angebot von vereinsinternen Veranstaltungen &#8211; wie z.B. Sommerfeste, Fahrten, Kameradschaftsabende, Theaterbesuche, Silvesterpartys, Wanderungen, Fastnachtsveranstaltungen, Weihnachtsfeiern &#8211; die Voraussetzungen hierzu schufen. Hieraus ergab sich eine F\u00fclle von M\u00f6glichkeiten, miteinander ins Gespr\u00e4ch zu kommen, gemeinsam f\u00fcr eine gute Sache zu arbeiten; hieraus ergaben sich Themenangebote und die M\u00f6glichkeit, sich besser verstehen zu lernen.<br \/>\nIm Oktober 1975 schlie\u00dflich stellte sich der Gemischte Chor anl\u00e4sslich eines Wertungssingens des S\u00e4ngerkreises Saarlouis &#8211; Gruppe Schmelz &#8211; in H\u00fcttersdorf einem sachverst\u00e4ndigen Publikum und dem kritischen Urteil der Chorsachverst\u00e4ndigen mit \u201eIm Dorf da geht die Glocke schon&#8220; von Bernhard Weber und \u201eVon Gott will ich nicht lassen&#8220; von Sch\u00fctz. Aus der schriftlichen Beurteilung: &#8230; erfreuliche Leistungssteigerung, &#8230; sichere Intonation, &#8230; lobenswert die Aussprache, &#8230; angenehmer, homogener Klang&#8220;. <\/span><\/p>\n<p style=\"text-align: justify;\"><span style=\"color: #000000;\">Unter diesen g\u00fcnstigen Voraussetzungen nahm der Chor 1978 in Schmelz mit einem Chorzyklus von Cesar Bresgen an einem \u201eKreiskonzert mit Wertung&#8220; teil. Die Wertungsrichter bescheinigten dem Chor die eben erw\u00e4hnte Steigerung des gesanglichen Niveaus, nicht ohne ihm f\u00fcr die kommende Probenarbeit konstruktive Ratschl\u00e4ge mit auf den Weg zu geben.<br \/>\nWenngleich in jedem Verein Zeiten der Ruhe wechseln mit solchen der st\u00fcrmischen Bewegung, wenngleich Krisen auftreten und gemeistert werden m\u00fcssen, wenngleich um den S\u00e4ngerstamm ein Kommen und Gehen ist, so ist zu berichten, dass die Entwicklung eigentlich recht kontinuierlich verlief. Dazu folgende Zahlen aus der Mitgliederbewegung: 1971: 38 aktive S\u00e4ngerinnen und S\u00e4nger; 1973: 35; 1975: 35; 1977: 32; 1981: 40 und 1982: 42.<br \/>\nZum Abschluss darf nicht unerw\u00e4hnt bleiben, dass der Chor sich den guten Gemeinschaftssinn &#8211; der sich wie ein roter Faden durch die Geschichte des Vereines zieht &#8211; erhalten konnte. Die umfangreichen und vielf\u00e4ltigen Vorbereitungen zu diesem Fest konnten nur gelingen, weil viele Helfer den Beweis erbrachten, dass auch heute noch Menschen bereit sind, Freizeit und Geld f\u00fcr die Erhaltung eines wertvollen Kulturgutes zu opfern. Und so wollen wir hoffnungsvoll in die Zukunft schauen in der Erwartung, dass den S\u00e4ngerinnen und S\u00e4ngern noch manches gemeinsame Jahr in Frieden beschieden sei.<\/span><\/p>\n<p style=\"text-align: justify;\"><span style=\"color: #000000;\">Aus der Festschrift zum Jubil\u00e4um 1982:<br \/>\n<\/span><\/p>\n<p style=\"text-align: justify;\"><strong><span style=\"color: #0000ff;\"><a class=\"wpGallery\" title=\"Festprogramm 1982\" href=\"http:\/\/unser-niedersaubach.de\/Dokumente\/Gesangverein\/Festprogramm-1982.pdf\" target=\"_blank\" rel=\"noopener\">Festprogramm<\/a><br \/>\n<a class=\"wpGallery\" title=\"Ehreng\u00e4ste 1982\" href=\"http:\/\/unser-niedersaubach.de\/Dokumente\/Gesangverein\/Ehrengaeste-1982.pdf\" target=\"_blank\" rel=\"noopener\">Gru\u00dfworte<\/a><br \/>\n<a class=\"wpGallery\" title=\"Aktive 1982\" href=\"http:\/\/unser-niedersaubach.de\/Dokumente\/Gesangverein\/Aktive-1982.pdf\" target=\"_blank\" rel=\"noopener\">Aktive S\u00e4nger<\/a><br \/>\n<a class=\"wpGallery\" title=\"Ehreng\u00e4ste 1982\" href=\"http:\/\/unser-niedersaubach.de\/Dokumente\/Gesangverein\/Ehrengaeste-1982.pdf\" target=\"_blank\" rel=\"noopener\">Ehreng\u00e4ste<\/a><br \/>\n<a class=\"wpGallery\" title=\"Heimatlied Karl Leder 1982\" href=\"http:\/\/unser-niedersaubach.de\/Dokumente\/Gesangverein\/Heimatlied_Karl-Leder_1982.pdf\" target=\"_blank\" rel=\"noopener\">Heimatlied von Karl Leder<\/a><\/span><\/strong><\/p>\n<p><img loading=\"lazy\" decoding=\"async\" class=\"size-full wp-image-820 \" title=\"gc_1982\" src=\"http:\/\/unser-niedersaubach.de\/wp-content\/uploads\/2009\/08\/gc_1982.jpg\" alt=\"Gemischter Chor im Jubil\u00e4umsjahr 1982, Artikel und Foto: SZ 1982\" width=\"464\" height=\"299\" srcset=\"https:\/\/unser-niedersaubach.de\/wp-content\/uploads\/2009\/08\/gc_1982.jpg 580w, https:\/\/unser-niedersaubach.de\/wp-content\/uploads\/2009\/08\/gc_1982-300x193.jpg 300w\" sizes=\"auto, (max-width: 464px) 100vw, 464px\" \/><\/p>\n<p style=\"padding-left: 30px;\"><span style=\"color: #000000;\"><em>1. Reihe: Anne Klauck, Astrid Hassel, Lucia Buchheit, Sabine Engel, Monika Alt, Marion Bohlen, Ulrike Gro\u00df<\/em><\/span><\/p>\n<p style=\"padding-left: 30px;\"><span style=\"color: #000000;\"><em>2. Reihe: Walter Nimmesgern, Ursel Klauck, Beate Hassel, Elisabeth Heinrich, Hildegard Buchheit, Marianne Schmidt, Maria Eckert, Cilli Gro\u00df, Christa Schneider<\/em><\/span><\/p>\n<p style=\"padding-left: 30px;\"><span style=\"color: #000000;\"><em>3. Reihe: Werner Schmidt, Johanna Sch\u00e4fer, Elisabeth Scherer, Uschi Birtel, Jakob Britz, Mia Schaefer, Elfriede George<\/em><\/span><\/p>\n<p style=\"padding-left: 30px;\"><span style=\"color: #000000;\"><em>4. Reihe: Hedi Schmidt, Aldino Wild, Alois Scherer, Werner Schneider, Josef Heinrich, Maria Werth, Irmgard Reichert, Josef\u00a0 Schmidt<\/em><\/span><\/p>\n<p style=\"padding-left: 30px;\"><span style=\"color: #000000;\"><em>5. Reihe: Karl Leder, Karl Heinrich, Berthold Nimmesgern, Annemarie Klauck, Albert Heinrich, Rudolf Meiser<\/em><\/span><\/p>\n<p style=\"text-align: justify;\"><span style=\"color: #000000;\">\u00a0<\/span><\/p>\n<h2><span style=\"color: #0000ff;\">Kulturtage am 18. und 19. Oktober 1986 in Niedersaubach<\/span><\/h2>\n<p style=\"text-align: justify;\"><span style=\"color: #000000;\">Der bekannte Fernsehjournalist Georg Lauran und die am Staatstheater Saarbr\u00fccken wirkende S\u00e4ngerin und Schauspielerin Ingrid Fleming hatten sich in Niedersaubach ein altes Bauernhaus erworben und aufwendig renoviert. Nun planten beide einen Verlag zu begr\u00fcnden.<\/span><\/p>\n<p style=\"text-align: justify;\"><span style=\"color: #000000;\">Aus diesem Anlass traten beide an unseren Chor und an den Vereinsring heran, um die Verlagsgr\u00fcndung in einem festlichen Rahmen zu begehen, an dem das ganze Dorf teilnehmen sollte. Es wurde schlie\u00dflich ein Fest \u00fcber zwei Tage, das wegen seiner Einzigartigkeit noch lange in der Erinnerung aller bleiben sollte, die daran teilnahmen und mitwirkten. Unser Dorf r\u00fcckte \u00fcber zwei Tage in den Focus der Regionalpresse und einer gro\u00dfen Schar von G\u00e4sten, die zu einem Event des ausklingenden saarl\u00e4ndischen Kultursommers anr\u00fcckten.<\/span><\/p>\n<p>&nbsp;<\/p>\n<p><img loading=\"lazy\" decoding=\"async\" class=\"size-full wp-image-822 \" title=\"haus-der-harlekine\" src=\"http:\/\/unser-niedersaubach.de\/wp-content\/uploads\/2009\/08\/haus-der-harlekine.jpg\" alt=\"Haus der Harlekine\" width=\"464\" height=\"558\" srcset=\"https:\/\/unser-niedersaubach.de\/wp-content\/uploads\/2009\/08\/haus-der-harlekine.jpg 580w, https:\/\/unser-niedersaubach.de\/wp-content\/uploads\/2009\/08\/haus-der-harlekine-249x300.jpg 249w\" sizes=\"auto, (max-width: 464px) 100vw, 464px\" \/><\/p>\n<p style=\"text-align: left;\"><span style=\"color: #000000;\">Dokumente zum Fest:<\/span><\/p>\n<p style=\"text-align: left;\"><strong><span style=\"color: #0000ff;\"><a class=\"wpGallery\" title=\"SZ-Artikel: Haus der Harlekine\" href=\"http:\/\/unser-niedersaubach.de\/Dokumente\/Gesangverein\/Haus-der-Harlekine.pdf\" target=\"_blank\" rel=\"noopener\">SZ-Artikel vom Oktober 1986 zu: Haus der Harlekine<\/a><br \/>\n<a class=\"wpGallery\" title=\"V\u00f6lker singen\" href=\"http:\/\/unser-niedersaubach.de\/Dokumente\/Gesangverein\/Programm-Voelker-singen.pdf\" target=\"_blank\" rel=\"noopener\">Programm zur Er\u00f6ffnung EUROP\u00c4ISCHE VOLKLORE <\/a><br \/>\n<a class=\"wpGallery\" title=\"Einladung zur Verlagsgr\u00fcndung durch Georg Mutz-Lauran\" href=\"http:\/\/unser-niedersaubach.de\/Dokumente\/Gesangverein\/Einladung-zur-Verlagsbegruendung_Lauran.pdf\" target=\"_blank\" rel=\"noopener\">Einladung zur Verlagsbegr\u00fcndung <\/a><\/span><\/strong><\/p>\n<p class=\"mceTemp mceIEcenter\" style=\"text-align: justify;\"><span style=\"color: #000000;\">\u00a0<\/span><\/p>\n<h2><span style=\"color: #0000ff;\">Freundschaft \u00fcber die Grenze<\/span><\/h2>\n<p class=\"mceTemp mceIEcenter\" style=\"text-align: justify;\"><span style=\"color: #000000;\">Am Er\u00f6ffnungstag trat zum ersten Mal ein franz\u00f6sischer Chor, der \u201eChoeur Slov\u00e8ne de l\u2018 A T S O d&#8217;Aumetz&#8220;, in Niedersaubach auf. Mit diesem Chor aus Lothringen entwickelte sich eine Freundschaft \u00fcber die Grenze, die viele Jahre andauerte. Es folgten <strong><a class=\"wpGallery\" title=\"Besuch in Frankreich\" href=\"http:\/\/unser-niedersaubach.de\/Dokumente\/Gesangverein\/Pressemitteilung-Besuch-in-Frankreich.pdf\" target=\"_blank\" rel=\"noopener\"><span style=\"color: #0000ff;\">gegenseitige Besuche<\/span><\/a><\/strong>, die allen noch lange in Erinnerung blieben. Was uns tief beeindruckte, war die \u00e4u\u00dferst herzliche Gastfreundschaft, die man uns bei unseren Besuchen entgegenbrachte.<br \/>\n<strong><a class=\"wpGallery\" title=\"Briefwechsel Aumetz-Niedersaubach\" href=\"http:\/\/unser-niedersaubach.de\/Dokumente\/Gesangverein\/Briefe.pdf\" target=\"_blank\" rel=\"noopener\"><span style=\"color: #0000ff;\">Einige der Briefe<\/span><\/a><\/strong>, die ausgetauscht wurden, wecken noch mal Erinnerungen an die damalige Zeit.<\/span><\/p>\n<p>&nbsp;<\/p>\n<p><img loading=\"lazy\" decoding=\"async\" class=\"size-full wp-image-825 \" title=\"chor-aumetz\" src=\"http:\/\/unser-niedersaubach.de\/wp-content\/uploads\/2009\/08\/chor-aumetz.jpg\" alt=\"choeur slov\u00e8ne d'Aumetz, Artikel und Foto: SZ 1986\" width=\"464\" height=\"354\" srcset=\"https:\/\/unser-niedersaubach.de\/wp-content\/uploads\/2009\/08\/chor-aumetz.jpg 580w, https:\/\/unser-niedersaubach.de\/wp-content\/uploads\/2009\/08\/chor-aumetz-300x229.jpg 300w\" sizes=\"auto, (max-width: 464px) 100vw, 464px\" \/><\/p>\n<p style=\"text-align: justify;\"><span style=\"color: #000000;\">Es gibt noch viel zu berichten aus der Bl\u00fctezeit des Gemischten Chores Niedersaubach. Der Chor hat unter Walter Nimmesgern in Konzerten musikalische Erfolge erzielt, die unvergesslich bleiben: Genannt sei die Matth\u00e4us-Passion, die allerh\u00f6chste Anspr\u00fcche an den Chor stellten.<br \/>\nUnvergesslich f\u00fcr alle, die dabei waren, unsere Feste, unsere <strong><a class=\"wpGallery\" title=\"Fahrt ins Allg\u00e4u 1990\" href=\"http:\/\/unser-niedersaubach.de\/Dokumente\/Gesangverein\/Fahrt-1990-ins-Allgaeu.pdf\" target=\"_blank\" rel=\"noopener\"><span style=\"color: #0000ff;\">Fahrten<\/span><\/a><\/strong>, unsere <strong><a class=\"wpGallery\" title=\"Anatevka\" href=\"http:\/\/unser-niedersaubach.de\/Dokumente\/Gesangverein\/Anatevka.pdf\" target=\"_blank\" rel=\"noopener\"><span style=\"color: #0000ff;\">Theaterbesuche<\/span><\/a><\/strong>.<br \/>\nDiese H\u00f6hepunkte gilt es noch weiter zu dokumentieren, um deutlich zu machen, wie schade es w\u00e4re, wenn die traditonsreiche Chormusik g\u00e4nzlich aus unserem Dorf verschwinden w\u00fcrde. <\/span><\/p>\n<p style=\"text-align: left;\"><span style=\"color: #000000;\">Werner Schmidt<\/span><\/p>\n","protected":false},"excerpt":{"rendered":"<p>Der M\u00e4nnergesangverein In Niedersaubach hat der Chorgesang eine \u00fcber 100-j\u00e4hrige Tradition. Aus der Festschrift zum 60-j\u00e4hrigen Jubil\u00e4um 1962: Es war im Jahre 1902, als Herr Lehrer Eberschweiler in Vertretung von Herrn Adam in Niedersaubach den Schuldienst versah. Herr Eberschweiler war &hellip; <a href=\"https:\/\/unser-niedersaubach.de\/?page_id=730\">Weiterlesen <span class=\"meta-nav\">&rarr;<\/span><\/a><\/p>\n","protected":false},"author":2,"featured_media":0,"parent":50,"menu_order":4,"comment_status":"closed","ping_status":"closed","template":"","meta":{"ngg_post_thumbnail":0,"footnotes":""},"class_list":["post-730","page","type-page","status-publish","hentry"],"_links":{"self":[{"href":"https:\/\/unser-niedersaubach.de\/index.php?rest_route=\/wp\/v2\/pages\/730","targetHints":{"allow":["GET"]}}],"collection":[{"href":"https:\/\/unser-niedersaubach.de\/index.php?rest_route=\/wp\/v2\/pages"}],"about":[{"href":"https:\/\/unser-niedersaubach.de\/index.php?rest_route=\/wp\/v2\/types\/page"}],"author":[{"embeddable":true,"href":"https:\/\/unser-niedersaubach.de\/index.php?rest_route=\/wp\/v2\/users\/2"}],"replies":[{"embeddable":true,"href":"https:\/\/unser-niedersaubach.de\/index.php?rest_route=%2Fwp%2Fv2%2Fcomments&post=730"}],"version-history":[{"count":99,"href":"https:\/\/unser-niedersaubach.de\/index.php?rest_route=\/wp\/v2\/pages\/730\/revisions"}],"predecessor-version":[{"id":7696,"href":"https:\/\/unser-niedersaubach.de\/index.php?rest_route=\/wp\/v2\/pages\/730\/revisions\/7696"}],"up":[{"embeddable":true,"href":"https:\/\/unser-niedersaubach.de\/index.php?rest_route=\/wp\/v2\/pages\/50"}],"wp:attachment":[{"href":"https:\/\/unser-niedersaubach.de\/index.php?rest_route=%2Fwp%2Fv2%2Fmedia&parent=730"}],"curies":[{"name":"wp","href":"https:\/\/api.w.org\/{rel}","templated":true}]}}